{"id":72674,"date":"2022-01-20T10:47:23","date_gmt":"2022-01-20T09:47:23","guid":{"rendered":"https:\/\/www.sardegnasummer.it\/residence-case-affitto-a-san-teodoro-sardegna\/"},"modified":"2026-01-30T15:43:50","modified_gmt":"2026-01-30T14:43:50","slug":"residence-case-affitto-a-san-teodoro-sardegna","status":"publish","type":"page","link":"https:\/\/www.sardegnasummer.it\/es\/residence-case-affitto-a-san-teodoro-sardegna\/","title":{"rendered":"LI CUPPULATI San Teodoro"},"content":{"rendered":"\t\t<div data-elementor-type=\"wp-post\" data-elementor-id=\"72674\" class=\"elementor elementor-72674 elementor-3472\" data-elementor-settings=\"[]\">\n\t\t\t\t\t\t\t<div class=\"elementor-section-wrap\">\n\t\t\t\t\t\t\t<section class=\"elementor-section elementor-top-section elementor-element elementor-element-3cb7466 elementor-section-full_width elementor-section-height-min-height elementor-section-stretched elementor-section-height-default elementor-section-items-middle wpr-particle-no wpr-jarallax-no wpr-parallax-no wpr-sticky-section-no\" data-id=\"3cb7466\" data-element_type=\"section\" data-settings=\"{&quot;stretch_section&quot;:&quot;section-stretched&quot;,&quot;background_background&quot;:&quot;video&quot;,&quot;background_video_link&quot;:&quot;https:\\\/\\\/www.youtube.com\\\/watch?v=KpF81xCJijQ&quot;,&quot;background_play_on_mobile&quot;:&quot;yes&quot;,&quot;background_privacy_mode&quot;:&quot;yes&quot;}\">\n\t\t\t\t\t\t\t\t<div class=\"elementor-background-video-container\">\n\t\t\t\t\t\t\t\t\t\t\t\t\t<div class=\"elementor-background-video-embed\"><\/div>\n\t\t\t\t\t\t\t\t\t\t\t\t<\/div>\n\t\t\t\t\t\t\t\t\t<div class=\"elementor-background-overlay\"><\/div>\n\t\t\t\t\t\t\t<div class=\"elementor-container elementor-column-gap-default\">\n\t\t\t\t\t<div class=\"elementor-column elementor-col-100 elementor-top-column elementor-element elementor-element-a134f8c\" data-id=\"a134f8c\" data-element_type=\"column\">\n\t\t\t<div class=\"elementor-widget-wrap elementor-element-populated\">\n\t\t\t\t\t\t\t\t<div class=\"elementor-element elementor-element-8c844f3 elementor-heading-tablet__align-center animated-fast elementor-heading__align-center elementor-invisible elementor-widget elementor-widget-heading\" data-id=\"8c844f3\" data-element_type=\"widget\" data-settings=\"{&quot;_animation&quot;:&quot;opal-move-up&quot;}\" data-widget_type=\"heading.default\">\n\t\t\t\t<div class=\"elementor-widget-container\">\n\t\t\t<style>\/*! elementor - v3.5.3 - 28-12-2021 *\/\n.elementor-heading-title{padding:0;margin:0;line-height:1}.elementor-widget-heading .elementor-heading-title[class*=elementor-size-]>a{color:inherit;font-size:inherit;line-height:inherit}.elementor-widget-heading .elementor-heading-title.elementor-size-small{font-size:15px}.elementor-widget-heading .elementor-heading-title.elementor-size-medium{font-size:19px}.elementor-widget-heading .elementor-heading-title.elementor-size-large{font-size:29px}.elementor-widget-heading .elementor-heading-title.elementor-size-xl{font-size:39px}.elementor-widget-heading .elementor-heading-title.elementor-size-xxl{font-size:59px}<\/style><h2 class=\"elementor-heading-title elementor-size-default\">RESIDENCIA<\/h2>\t\t<\/div>\n\t\t\t\t<\/div>\n\t\t\t\t<div class=\"elementor-element elementor-element-4004471d elementor-heading-tablet__align-center animated-fast elementor-heading__align-center elementor-invisible elementor-widget elementor-widget-heading\" data-id=\"4004471d\" data-element_type=\"widget\" data-settings=\"{&quot;_animation&quot;:&quot;opal-move-up&quot;}\" data-widget_type=\"heading.default\">\n\t\t\t\t<div class=\"elementor-widget-container\">\n\t\t\t<h2 class=\"elementor-heading-title elementor-size-default\">LI CUPPULATI<\/h2>\t\t<\/div>\n\t\t\t\t<\/div>\n\t\t\t\t<div class=\"elementor-element elementor-element-1f7204e elementor-heading-tablet__align-center animated-fast elementor-heading__align-center elementor-invisible elementor-widget elementor-widget-heading\" data-id=\"1f7204e\" data-element_type=\"widget\" data-settings=\"{&quot;_animation&quot;:&quot;opal-move-up&quot;}\" data-widget_type=\"heading.default\">\n\t\t\t\t<div class=\"elementor-widget-container\">\n\t\t\t<h2 class=\"elementor-heading-title elementor-size-default\">SAN TEODORO<\/h2>\t\t<\/div>\n\t\t\t\t<\/div>\n\t\t\t\t<div class=\"elementor-element elementor-element-ac42f2d elementor-align-center elementor-button-primary elementor-widget elementor-widget-button\" data-id=\"ac42f2d\" data-element_type=\"widget\" data-widget_type=\"button.default\">\n\t\t\t\t<div class=\"elementor-widget-container\">\n\t\t\t        <div class=\"elementor-button-wrapper\">\n            <a href=\"https:\/\/reservations.verticalbooking.com\/premium\/index.html?id_albergo=16450&amp;dc=3384&amp;lingua_int=ita&amp;id_stile=17895\" class=\"elementor-button-link elementor-button elementor-size-lg\" target=\"_blank\" role=\"button\">\n                        <span class=\"elementor-button-content-wrapper\">\n\t\t\t            <span class=\"elementor-button-text\">Reservar ahora<\/span>\n\t\t<\/span>\n                    <\/a>\n        <\/div>\n        \t\t<\/div>\n\t\t\t\t<\/div>\n\t\t\t\t\t<\/div>\n\t\t<\/div>\n\t\t\t\t\t\t\t<\/div>\n\t\t<\/section>\n\t\t\t\t<div class=\"elementor-section elementor-top-section elementor-element elementor-element-4a22b9f elementor-section-stretched elementor-section-content-middle elementor-reverse-mobile elementor-reverse-tablet elementor-section-boxed elementor-section-height-default elementor-section-height-default wpr-particle-no wpr-jarallax-no wpr-parallax-no wpr-sticky-section-no\" data-id=\"4a22b9f\" data-element_type=\"section\" data-settings=\"{&quot;stretch_section&quot;:&quot;section-stretched&quot;}\">\n\t\t\t\t\t\t<div class=\"elementor-container elementor-column-gap-no\">\n\t\t\t\t\t<div class=\"elementor-column elementor-col-50 elementor-top-column elementor-element elementor-element-14db9518\" data-id=\"14db9518\" data-element_type=\"column\">\n\t\t\t<div class=\"elementor-widget-wrap elementor-element-populated\">\n\t\t\t\t\t\t\t\t<div class=\"elementor-element elementor-element-441ce7a elementor-arrows-position-inside elementor-widget elementor-widget-image-carousel\" data-id=\"441ce7a\" data-element_type=\"widget\" data-settings=\"{&quot;slides_to_show&quot;:&quot;1&quot;,&quot;navigation&quot;:&quot;arrows&quot;,&quot;autoplay&quot;:&quot;yes&quot;,&quot;pause_on_hover&quot;:&quot;yes&quot;,&quot;pause_on_interaction&quot;:&quot;yes&quot;,&quot;autoplay_speed&quot;:5000,&quot;infinite&quot;:&quot;yes&quot;,&quot;effect&quot;:&quot;slide&quot;,&quot;speed&quot;:500}\" data-widget_type=\"image-carousel.default\">\n\t\t\t\t<div class=\"elementor-widget-container\">\n\t\t\t<style>\/*! elementor - v3.5.3 - 28-12-2021 *\/\n.elementor-widget-image-carousel .swiper-container{position:static}.elementor-widget-image-carousel .swiper-container .swiper-slide figure{line-height:inherit}.elementor-widget-image-carousel .swiper-slide{text-align:center}.elementor-image-carousel-wrapper:not(.swiper-container-initialized) .swiper-slide{max-width:calc(100% \/ var(--e-image-carousel-slides-to-show, 3))}<\/style>\t\t<div class=\"elementor-image-carousel-wrapper swiper-container\" dir=\"ltr\">\n\t\t\t<div class=\"elementor-image-carousel swiper-wrapper swiper-image-stretch\">\n\t\t\t\t\t\t\t\t<div class=\"swiper-slide\"><a data-elementor-open-lightbox=\"yes\" data-elementor-lightbox-slideshow=\"441ce7a\" data-elementor-lightbox-title=\"CUPP TESTA\" href=\"https:\/\/www.sardegnasummer.it\/wp-content\/uploads\/2022\/02\/CUPP-TESTA-scaled.jpg\"><figure class=\"swiper-slide-inner\"><img decoding=\"async\" class=\"swiper-slide-image\" src=\"https:\/\/www.sardegnasummer.it\/wp-content\/uploads\/elementor\/thumbs\/CUPP-TESTA-scaled-pjzclf7jqxsgf0ip23rj3t8zs7upn9qe49wcb1gfcg.jpg\" alt=\"CUPP TESTA\" \/><\/figure><\/a><\/div><div class=\"swiper-slide\"><a data-elementor-open-lightbox=\"yes\" data-elementor-lightbox-slideshow=\"441ce7a\" href=\"https:\/\/www.sardegnasummer.it\/wp-content\/uploads\/2022\/01\/DSC_9019-scaled.jpg\"><figure class=\"swiper-slide-inner\"><img decoding=\"async\" class=\"swiper-slide-image\" src=\"https:\/\/www.sardegnasummer.it\/wp-content\/uploads\/elementor\/thumbs\/DSC_9019-scaled-pjkv2ef37i7882aazzxgl4gk69jodl73sjla4td9kg.jpg\" alt=\"Residence LI CUPPULATI San Teodoro\" \/><\/figure><\/a><\/div><div class=\"swiper-slide\"><a data-elementor-open-lightbox=\"yes\" data-elementor-lightbox-slideshow=\"441ce7a\" data-elementor-lightbox-title=\"SARDEGNASUMMER SAN TEODORO 2022-10\" href=\"https:\/\/www.sardegnasummer.it\/wp-content\/uploads\/2022\/04\/SARDEGNASUMMER-SAN-TEODORO-2022-10-scaled.jpg\"><figure class=\"swiper-slide-inner\"><img decoding=\"async\" class=\"swiper-slide-image\" src=\"https:\/\/www.sardegnasummer.it\/wp-content\/uploads\/elementor\/thumbs\/SARDEGNASUMMER-SAN-TEODORO-2022-10-scaled-po2iy8ehbbkx1aukovaud173muoa85j3vmv7s85kfk.jpg\" alt=\"SARDEGNASUMMER SAN TEODORO 2022-10\" \/><\/figure><\/a><\/div><div class=\"swiper-slide\"><a data-elementor-open-lightbox=\"yes\" data-elementor-lightbox-slideshow=\"441ce7a\" data-elementor-lightbox-title=\"SARDEGNASUMMER SAN TEODORO 2022-5\" href=\"https:\/\/www.sardegnasummer.it\/wp-content\/uploads\/2022\/04\/SARDEGNASUMMER-SAN-TEODORO-2022-5-scaled.jpg\"><figure class=\"swiper-slide-inner\"><img decoding=\"async\" class=\"swiper-slide-image\" src=\"https:\/\/www.sardegnasummer.it\/wp-content\/uploads\/elementor\/thumbs\/SARDEGNASUMMER-SAN-TEODORO-2022-5-scaled-po2iwul193opxyuxrrrm6vro5fhtw71c0sahck7flc.jpg\" alt=\"SARDEGNASUMMER SAN TEODORO 2022-5\" \/><\/figure><\/a><\/div><div class=\"swiper-slide\"><a data-elementor-open-lightbox=\"yes\" data-elementor-lightbox-slideshow=\"441ce7a\" data-elementor-lightbox-title=\"SARDEGNASUMMER SAN TEODORO 2022-2\" href=\"https:\/\/www.sardegnasummer.it\/wp-content\/uploads\/2022\/06\/SARDEGNASUMMER-SAN-TEODORO-2022-2-scaled.jpg\"><figure class=\"swiper-slide-inner\"><img decoding=\"async\" class=\"swiper-slide-image\" src=\"https:\/\/www.sardegnasummer.it\/wp-content\/uploads\/elementor\/thumbs\/SARDEGNASUMMER-SAN-TEODORO-2022-2-scaled-pr2in6icka39z7kof12vkdv21wp0siws67ieawldbk.jpg\" alt=\"SARDEGNASUMMER SAN TEODORO 2022-2\" \/><\/figure><\/a><\/div><div class=\"swiper-slide\"><a data-elementor-open-lightbox=\"yes\" data-elementor-lightbox-slideshow=\"441ce7a\" data-elementor-lightbox-title=\"Residence LI CUPPULATI San Teodoro\" href=\"https:\/\/www.sardegnasummer.it\/wp-content\/uploads\/2022\/01\/DSC_9001-scaled.jpg\"><figure class=\"swiper-slide-inner\"><img decoding=\"async\" class=\"swiper-slide-image\" src=\"https:\/\/www.sardegnasummer.it\/wp-content\/uploads\/elementor\/thumbs\/DSC_9001-scaled-qisgb10a2axqc0iyivmc247v722m6zxmowvnpeflww.jpg\" alt=\"Residence LI CUPPULATI San Teodoro\" \/><\/figure><\/a><\/div><div class=\"swiper-slide\"><a data-elementor-open-lightbox=\"yes\" data-elementor-lightbox-slideshow=\"441ce7a\" data-elementor-lightbox-title=\"SARDEGNASUMMER SAN TEODORO 2022-14\" href=\"https:\/\/www.sardegnasummer.it\/wp-content\/uploads\/2022\/04\/SARDEGNASUMMER-SAN-TEODORO-2022-14-scaled.jpg\"><figure class=\"swiper-slide-inner\"><img decoding=\"async\" class=\"swiper-slide-image\" src=\"https:\/\/www.sardegnasummer.it\/wp-content\/uploads\/elementor\/thumbs\/SARDEGNASUMMER-SAN-TEODORO-2022-14-scaled-po2izruyijou2am0p19ty57aol2xuan9r9cv3jvc8g.jpg\" alt=\"SARDEGNASUMMER SAN TEODORO 2022-14\" \/><\/figure><\/a><\/div><div class=\"swiper-slide\"><a data-elementor-open-lightbox=\"yes\" data-elementor-lightbox-slideshow=\"441ce7a\" data-elementor-lightbox-title=\"LI CUPPULATI SANT TEODORO boutique deluxe\" href=\"https:\/\/www.sardegnasummer.it\/wp-content\/uploads\/2022\/02\/cuppulati-boutique-deluxe-scaled.jpg\"><figure class=\"swiper-slide-inner\"><img decoding=\"async\" class=\"swiper-slide-image\" src=\"https:\/\/www.sardegnasummer.it\/wp-content\/uploads\/elementor\/thumbs\/cuppulati-boutique-deluxe-scaled-pl6q904yek5q38fv6tsyuhw2peoxn4knxd7vzu4ey8.jpg\" alt=\"LI CUPPULATI SANT TEODORO boutique deluxe\" \/><\/figure><\/a><\/div><div class=\"swiper-slide\"><a data-elementor-open-lightbox=\"yes\" data-elementor-lightbox-slideshow=\"441ce7a\" data-elementor-lightbox-title=\"SARDEGNASUMMER SAN TEODORO 2022-12\" href=\"https:\/\/www.sardegnasummer.it\/wp-content\/uploads\/2022\/04\/SARDEGNASUMMER-SAN-TEODORO-2022-12-scaled.jpg\"><figure class=\"swiper-slide-inner\"><img decoding=\"async\" class=\"swiper-slide-image\" src=\"https:\/\/www.sardegnasummer.it\/wp-content\/uploads\/elementor\/thumbs\/SARDEGNASUMMER-SAN-TEODORO-2022-12-scaled-po2jnia92y6h7u4x3slpenlanu3l75va0qd8c2oh4g.jpg\" alt=\"SARDEGNASUMMER SAN TEODORO 2022-12\" \/><\/figure><\/a><\/div><div class=\"swiper-slide\"><a data-elementor-open-lightbox=\"yes\" data-elementor-lightbox-slideshow=\"441ce7a\" data-elementor-lightbox-title=\"SARDEGNASUMMER SAN TEODORO 2022-1\" href=\"https:\/\/www.sardegnasummer.it\/wp-content\/uploads\/2022\/04\/SARDEGNASUMMER-SAN-TEODORO-2022-1-scaled.jpg\"><figure class=\"swiper-slide-inner\"><img decoding=\"async\" class=\"swiper-slide-image\" src=\"https:\/\/www.sardegnasummer.it\/wp-content\/uploads\/elementor\/thumbs\/SARDEGNASUMMER-SAN-TEODORO-2022-1-scaled-po2jgfjzmuhrtiexf8ht4xvdoez496s0ppkna365yo.jpg\" alt=\"SARDEGNASUMMER SAN TEODORO 2022-1\" \/><\/figure><\/a><\/div><div class=\"swiper-slide\"><a data-elementor-open-lightbox=\"yes\" data-elementor-lightbox-slideshow=\"441ce7a\" data-elementor-lightbox-title=\"LI CUPPULATI SANT TEODORO\" href=\"https:\/\/www.sardegnasummer.it\/wp-content\/uploads\/2022\/02\/SAN-TEODORO-CAROSELLO-scaled.jpg\"><figure class=\"swiper-slide-inner\"><img decoding=\"async\" class=\"swiper-slide-image\" src=\"https:\/\/www.sardegnasummer.it\/wp-content\/uploads\/elementor\/thumbs\/SAN-TEODORO-CAROSELLO-scaled-pl6qznu68enhd3puiun229pp7taoy3elxbamzclghc.jpg\" alt=\"LI CUPPULATI SANT TEODORO\" \/><\/figure><\/a><\/div><div class=\"swiper-slide\"><a data-elementor-open-lightbox=\"yes\" data-elementor-lightbox-slideshow=\"441ce7a\" data-elementor-lightbox-title=\"LI CUPPULATI SANT TEODORO boutique superior\" href=\"https:\/\/www.sardegnasummer.it\/wp-content\/uploads\/2022\/02\/cuppulatio-boutiqu-superio-scaled.jpg\"><figure class=\"swiper-slide-inner\"><img decoding=\"async\" class=\"swiper-slide-image\" src=\"https:\/\/www.sardegnasummer.it\/wp-content\/uploads\/elementor\/thumbs\/cuppulatio-boutiqu-superio-scaled-pl6px6c2elytzvmd97qyyzc9luzns8m9atoxlhnr8w.jpg\" alt=\"LI CUPPULATI SANT TEODORO boutique superior\" \/><\/figure><\/a><\/div><div class=\"swiper-slide\"><a data-elementor-open-lightbox=\"yes\" data-elementor-lightbox-slideshow=\"441ce7a\" data-elementor-lightbox-title=\"RESIDENCE LI MORI romantico\" href=\"https:\/\/www.sardegnasummer.it\/wp-content\/uploads\/2022\/02\/BOUTIQUE8-1-scaled.jpg\"><figure class=\"swiper-slide-inner\"><img decoding=\"async\" class=\"swiper-slide-image\" src=\"https:\/\/www.sardegnasummer.it\/wp-content\/uploads\/elementor\/thumbs\/BOUTIQUE8-1-scaled-pkla18ay64d5h55uc8113o82jc8hvdegh9jtud4fxs.jpg\" alt=\"RESIDENCE LI MORI romantico\" \/><\/figure><\/a><\/div>\t\t\t<\/div>\n\t\t\t\t\t\t\t\t\t\t\t\t\t\t\t\t<div class=\"elementor-swiper-button elementor-swiper-button-prev\">\n\t\t\t\t\t\t<i aria-hidden=\"true\" class=\"eicon-chevron-left\"><\/i>\t\t\t\t\t\t<span class=\"elementor-screen-only\">Anterior<\/span>\n\t\t\t\t\t<\/div>\n\t\t\t\t\t<div class=\"elementor-swiper-button elementor-swiper-button-next\">\n\t\t\t\t\t\t<i aria-hidden=\"true\" class=\"eicon-chevron-right\"><\/i>\t\t\t\t\t\t<span class=\"elementor-screen-only\">Siguiente<\/span>\n\t\t\t\t\t<\/div>\n\t\t\t\t\t\t\t\t\t<\/div>\n\t\t\t\t<\/div>\n\t\t\t\t<\/div>\n\t\t\t\t\t<\/div>\n\t\t<\/div>\n\t\t\t\t<div class=\"elementor-column elementor-col-50 elementor-top-column elementor-element elementor-element-290dc75\" data-id=\"290dc75\" data-element_type=\"column\">\n\t\t\t<div class=\"elementor-widget-wrap elementor-element-populated\">\n\t\t\t\t\t\t\t\t<div class=\"elementor-element elementor-element-a365cf6 elementor-widget elementor-widget-text-editor\" data-id=\"a365cf6\" data-element_type=\"widget\" data-widget_type=\"text-editor.default\">\n\t\t\t\t<div class=\"elementor-widget-container\">\n\t\t\t<style>\/*! elementor - v3.5.3 - 28-12-2021 *\/\n.elementor-widget-text-editor.elementor-drop-cap-view-stacked .elementor-drop-cap{background-color:#818a91;color:#fff}.elementor-widget-text-editor.elementor-drop-cap-view-framed .elementor-drop-cap{color:#818a91;border:3px solid;background-color:transparent}.elementor-widget-text-editor:not(.elementor-drop-cap-view-default) .elementor-drop-cap{margin-top:8px}.elementor-widget-text-editor:not(.elementor-drop-cap-view-default) .elementor-drop-cap-letter{width:1em;height:1em}.elementor-widget-text-editor .elementor-drop-cap{float:left;text-align:center;line-height:1;font-size:50px}.elementor-widget-text-editor .elementor-drop-cap-letter{display:inline-block}<\/style>\t\t\t\t<p>La Residencia \u00abLi Cuppulati\u00bb est\u00e1 cerca de la bonita playa de La Cinta en una amplia zona muy tranquila y representa un lugar ideal y seguro para los ni\u00f1os. A pocos pasos de la residencia se pueden encontrar supermercados, restaurantes, pizzer\u00edas, bares, un spa y centro de belleza. En el centro de San Teodoro, que est\u00e1 aproximadamente a 1 km de la residencia, usted puede encontrar quioscos, estancos, tiendas, farmacia y una gran variedad de restaurantes, pizzer\u00edas, el aperitivo local, bares, bares de sushi, clubes nocturnos y discotecas. Muy cerca se encuentra la posibilidad de alquilar coches y motos y de practicar varios deportes.<\/p>\n\t\t\t\t\t\t<\/div>\n\t\t\t\t<\/div>\n\t\t\t\t\t<\/div>\n\t\t<\/div>\n\t\t\t\t\t\t\t<\/div>\n\t\t<\/div>\n\t\t\t\t<section class=\"elementor-section elementor-top-section elementor-element elementor-element-47e6c47 elementor-section-full_width elementor-section-stretched elementor-section-height-default elementor-section-height-default wpr-particle-no wpr-jarallax-no wpr-parallax-no wpr-sticky-section-no\" data-id=\"47e6c47\" data-element_type=\"section\" data-settings=\"{&quot;stretch_section&quot;:&quot;section-stretched&quot;,&quot;background_background&quot;:&quot;classic&quot;}\">\n\t\t\t\t\t\t<div class=\"elementor-container elementor-column-gap-default\">\n\t\t\t\t\t<div class=\"elementor-column elementor-col-100 elementor-top-column elementor-element elementor-element-54de2f1\" data-id=\"54de2f1\" data-element_type=\"column\">\n\t\t\t<div class=\"elementor-widget-wrap elementor-element-populated\">\n\t\t\t\t\t\t\t\t<div class=\"elementor-element elementor-element-50fcb12 elementor-heading-tablet__align-center animated-fast elementor-heading__align-center elementor-invisible elementor-widget elementor-widget-heading\" data-id=\"50fcb12\" data-element_type=\"widget\" data-settings=\"{&quot;_animation&quot;:&quot;opal-move-up&quot;}\" data-widget_type=\"heading.default\">\n\t\t\t\t<div class=\"elementor-widget-container\">\n\t\t\t<h2 class=\"elementor-heading-title elementor-size-default\">apartamentos<\/h2>\t\t<\/div>\n\t\t\t\t<\/div>\n\t\t\t\t<div class=\"elementor-element elementor-element-2e6ae32 animated-fast elementor-invisible elementor-widget elementor-widget-text-editor\" data-id=\"2e6ae32\" data-element_type=\"widget\" data-settings=\"{&quot;_animation&quot;:&quot;opal-move-up&quot;}\" data-widget_type=\"text-editor.default\">\n\t\t\t\t<div class=\"elementor-widget-container\">\n\t\t\t\t\t\t\t<p>La residencia es ideal para aquellos que deseen pasar unas vacaciones de relax y la tranquilidad sin renunciar a los placeres de la vida nocturna de San Teodoro, con su plaza del pintoresco mercado y los diferentes restaurantes y lugares al aire libre para el aperitivo o despu\u00e9s de cenar, discotecas.\u00a0<span style=\"font-size: 16px; letter-spacing: 0.35px;\">Los apartamentos son de nueva construcci\u00f3n, decorados con buen gusto, rodeados de jardines con c\u00e9sped y bien mantenidos y puede ser en planta baja con terraza y jard\u00edn o primer piso con balc\u00f3n.\u00a0<\/span><span style=\"font-size: 16px; letter-spacing: 0.35px;\">Constan de dos habitaciones (una con cama de matrimonio y una con camas individuales), ba\u00f1o con ducha, cocina y sal\u00f3n con sof\u00e1-cama dos lugares: se puede acomodar f\u00e1cilmente a cuatro o seis personas.<\/span><\/p>\n\t\t\t\t\t\t<\/div>\n\t\t\t\t<\/div>\n\t\t\t\t\t<\/div>\n\t\t<\/div>\n\t\t\t\t\t\t\t<\/div>\n\t\t<\/section>\n\t\t\t\t<section class=\"elementor-section elementor-top-section elementor-element elementor-element-2257ac1 elementor-section-height-min-height elementor-section-full_width elementor-section-stretched elementor-section-height-default elementor-section-items-middle wpr-particle-no wpr-jarallax-no wpr-parallax-no wpr-sticky-section-no\" data-id=\"2257ac1\" data-element_type=\"section\" data-settings=\"{&quot;background_background&quot;:&quot;classic&quot;,&quot;stretch_section&quot;:&quot;section-stretched&quot;}\">\n\t\t\t\t\t\t<div class=\"elementor-container elementor-column-gap-default\">\n\t\t\t\t\t<div class=\"elementor-column elementor-col-100 elementor-top-column elementor-element elementor-element-c5a87e9\" data-id=\"c5a87e9\" data-element_type=\"column\">\n\t\t\t<div class=\"elementor-widget-wrap elementor-element-populated\">\n\t\t\t\t\t\t\t\t<div class=\"elementor-element elementor-element-ba898c6 elementor-widget elementor-widget-slider_revolution\" data-id=\"ba898c6\" data-element_type=\"widget\" data-widget_type=\"slider_revolution.default\">\n\t\t\t\t<div class=\"elementor-widget-container\">\n\t\t\t\n\t\t<div class=\"wp-block-themepunch-revslider\">\n\t\t\t<!-- START ES li cuppulali  appartamenti REVOLUTION SLIDER 6.5.14 --><p class=\"rs-p-wp-fix\"><\/p>\n\t\t\t<rs-module-wrap id=\"rev_slider_33_1_wrapper\" data-source=\"gallery\" style=\"visibility:hidden;background:transparent;padding:0;margin:0px auto;margin-top:0;margin-bottom:0;\">\n\t\t\t\t<rs-module id=\"rev_slider_33_1\" style=\"\" data-version=\"6.5.14\">\n\t\t\t\t\t<rs-slides>\n\t\t\t\t\t\t<rs-slide style=\"position: absolute;\" data-key=\"rs-272\" data-title=\"pool villa ok\" data-anim=\"ms:1014;f:nodelay;\" data-filter=\"b:2;\" data-in=\"o:0;sx:1.5;sy:1.2;m:true;col:6;\" data-out=\"a:false;\" data-alttrans=\"slotfade-horizontal,boxslide\" data-iratio=\"1.49795\">\n\t\t\t\t\t\t\t<img decoding=\"async\" src=\"\/\/www.sardegnasummer.it\/wp-content\/plugins\/revslider\/public\/assets\/assets\/dummy.png\" alt=\"\" class=\"rev-slidebg tp-rs-img rs-lazyload\" data-lazyload=\"\/\/www.sardegnasummer.it\/wp-content\/uploads\/2025\/06\/poolVilla_3-1-scaled.png\" data-parallax=\"off\" data-panzoom=\"d:10000;ss:100;se:105;\" data-no-retina>\n<!--\n\t\t\t\t\t\t\t--><rs-layer\n\t\t\t\t\t\t\t\tid=\"slider-33-slide-272-layer-0\" \n\t\t\t\t\t\t\t\tclass=\"rev-btn\"\n\t\t\t\t\t\t\t\tdata-type=\"button\"\n\t\t\t\t\t\t\t\tdata-rsp_ch=\"on\"\n\t\t\t\t\t\t\t\tdata-xy=\"xo:1598px,1065px,1065px,851px;yo:510px,340px,340px,272px;\"\n\t\t\t\t\t\t\t\tdata-text=\"w:normal;s:17,11,11,8;l:40,26,26,20;fw:500;\"\n\t\t\t\t\t\t\t\tdata-dim=\"minh:0px,none,none,none;\"\n\t\t\t\t\t\t\t\tdata-padding=\"r:25,17,17,14;l:25,17,17,14;\"\n\t\t\t\t\t\t\t\tdata-border=\"bos:solid;boc:rgba(255,255,255,0.35);bow:1px,1px,1px,1px;\"\n\t\t\t\t\t\t\t\tdata-frame_999=\"o:0;st:w;\"\n\t\t\t\t\t\t\t\tdata-frame_hover=\"bgc:rgba(0,0,0,0);boc:rgba(255,255,255,0.75);bor:0px,0px,0px,0px;bos:solid;bow:1px,1px,1px,1px;e:power1.inOut;\"\n\t\t\t\t\t\t\t\tstyle=\"z-index:12;background-color:rgba(0,0,0,0);font-family:'Roboto';\"\n\t\t\t\t\t\t\t>PRENOTA \n\t\t\t\t\t\t\t<\/rs-layer><!--\n\n\t\t\t\t\t\t\t--><rs-layer\n\t\t\t\t\t\t\t\tid=\"slider-33-slide-272-layer-1\" \n\t\t\t\t\t\t\t\tdata-type=\"text\"\n\t\t\t\t\t\t\t\tdata-rsp_ch=\"on\"\n\t\t\t\t\t\t\t\tdata-xy=\"x:l,l,c,c;xo:417px,275px,96px,0;y:m;yo:123px,80px,82px,63px;\"\n\t\t\t\t\t\t\t\tdata-text=\"w:normal;s:40,28,28,24;l:85,85,39,55;a:left,left,center,center;\"\n\t\t\t\t\t\t\t\tdata-dim=\"w:351.98400000000004px,255px,361px,252px;\"\n\t\t\t\t\t\t\t\tdata-frame_0=\"sX:0.9;sY:0.9;\"\n\t\t\t\t\t\t\t\tdata-frame_1=\"x:0,0,0px,0px;y:0,0,0px,0px;e:power2.out;st:310;sp:1110;sR:310;\"\n\t\t\t\t\t\t\t\tdata-frame_999=\"o:0;st:w;sR:7580;\"\n\t\t\t\t\t\t\t\tstyle=\"z-index:11;font-family:'Jura';text-transform:uppercase;\"\n\t\t\t\t\t\t\t>Pool Villa \n\t\t\t\t\t\t\t<\/rs-layer><!--\n\n\t\t\t\t\t\t\t--><rs-layer\n\t\t\t\t\t\t\t\tid=\"slider-33-slide-272-layer-5\" \n\t\t\t\t\t\t\t\tdata-type=\"shape\"\n\t\t\t\t\t\t\t\tdata-rsp_ch=\"on\"\n\t\t\t\t\t\t\t\tdata-xy=\"xo:1239px,826px,826px,660px;yo:356px,237px,237px,189px;\"\n\t\t\t\t\t\t\t\tdata-text=\"w:normal;s:20,13,13,10;l:0,16,16,12;\"\n\t\t\t\t\t\t\t\tdata-dim=\"w:692px,461px,461px,368px;h:199px,132px,132px,105px;\"\n\t\t\t\t\t\t\t\tdata-basealign=\"slide\"\n\t\t\t\t\t\t\t\tdata-frame_999=\"o:0;st:w;\"\n\t\t\t\t\t\t\t\tstyle=\"z-index:8;background-color:#130093;\"\n\t\t\t\t\t\t\t> \n\t\t\t\t\t\t\t<\/rs-layer><!--\n\n\t\t\t\t\t\t\t--><rs-layer\n\t\t\t\t\t\t\t\tid=\"slider-33-slide-272-layer-6\" \n\t\t\t\t\t\t\t\tdata-type=\"shape\"\n\t\t\t\t\t\t\t\tdata-rsp_ch=\"on\"\n\t\t\t\t\t\t\t\tdata-xy=\"x:l,l,l,c;xo:397px,264px,264px,0;yo:386px,257px,257px,205px;\"\n\t\t\t\t\t\t\t\tdata-text=\"w:normal;s:20,13,13,10;l:0,16,16,12;\"\n\t\t\t\t\t\t\t\tdata-dim=\"w:505.98800000000006px,336px,336px,268px;h:191px,127px,127px,101px;\"\n\t\t\t\t\t\t\t\tdata-frame_999=\"o:0;st:w;\"\n\t\t\t\t\t\t\t\tstyle=\"z-index:9;background-color:#040231;\"\n\t\t\t\t\t\t\t> \n\t\t\t\t\t\t\t<\/rs-layer><!--\n\n\t\t\t\t\t\t\t--><rs-layer\n\t\t\t\t\t\t\t\tid=\"slider-33-slide-272-layer-7\" \n\t\t\t\t\t\t\t\tclass=\"rev-btn\"\n\t\t\t\t\t\t\t\tdata-type=\"button\"\n\t\t\t\t\t\t\t\tdata-rsp_ch=\"on\"\n\t\t\t\t\t\t\t\tdata-xy=\"xo:943px,628px,628px,502px;yo:501px,334px,334px,267px;\"\n\t\t\t\t\t\t\t\tdata-text=\"w:normal;s:17,11,11,8;l:40,26,26,20;fw:500;\"\n\t\t\t\t\t\t\t\tdata-dim=\"minh:0px,none,none,none;\"\n\t\t\t\t\t\t\t\tdata-padding=\"r:25,17,17,14;l:25,17,17,14;\"\n\t\t\t\t\t\t\t\tdata-border=\"bos:solid;boc:rgba(255,255,255,0.35);bow:1px,1px,1px,1px;\"\n\t\t\t\t\t\t\t\tdata-frame_999=\"o:0;st:w;\"\n\t\t\t\t\t\t\t\tdata-frame_hover=\"bgc:rgba(0,0,0,0);boc:rgba(255,255,255,0.75);bor:0px,0px,0px,0px;bos:solid;bow:1px,1px,1px,1px;e:power1.inOut;\"\n\t\t\t\t\t\t\t\tstyle=\"z-index:13;background-color:rgba(0,0,0,0);font-family:'Jura';\"\n\t\t\t\t\t\t\t>PRENOTA \n\t\t\t\t\t\t\t<\/rs-layer><!--\n\n\t\t\t\t\t\t\t--><a\n\t\t\t\t\t\t\t\tid=\"slider-33-slide-272-layer-9\" \n\t\t\t\t\t\t\t\tclass=\"rs-layer rev-btn\"\n\t\t\t\t\t\t\t\thref=\"https:\/\/www.sardegnasummer.it\/es\/residence-case-affitto-a-san-teodoro-sardegna\/appartamento-pool-villa-residence-li-cuppulati\/\" target=\"_self\"\n\t\t\t\t\t\t\t\tdata-type=\"button\"\n\t\t\t\t\t\t\t\tdata-rsp_ch=\"on\"\n\t\t\t\t\t\t\t\tdata-xy=\"x:c;xo:359px,239px,239px,0;y:m;yo:239px,159px,159px,127px;\"\n\t\t\t\t\t\t\t\tdata-text=\"w:normal;s:12,8,8,6;l:28,18,18,14;fw:500;a:left,left,left,center;\"\n\t\t\t\t\t\t\t\tdata-dim=\"w:121px,80px,80px,63px;h:30px,20px,20px,15px;minh:0,none,none,none;\"\n\t\t\t\t\t\t\t\tdata-padding=\"r:18,12,12,10;l:18,12,12,10;\"\n\t\t\t\t\t\t\t\tdata-border=\"bos:solid;boc:rgba(255,255,255,0.35);bow:1px,1px,1px,1px;\"\n\t\t\t\t\t\t\t\tdata-frame_999=\"o:0;st:w;\"\n\t\t\t\t\t\t\t\tdata-frame_hover=\"bgc:rgba(0,0,0,0);boc:rgba(255,255,255,0.75);bor:0px,0px,0px,0px;bos:solid;bow:1px,1px,1px,1px;e:power1.inOut;\"\n\t\t\t\t\t\t\t\tstyle=\"z-index:14;background-color:rgba(0,0,0,0);font-family:'Jura';\"\n\t\t\t\t\t\t\t>INFORMACI\u00d3N \n\t\t\t\t\t\t\t<\/a><!--\n\n\t\t\t\t\t\t\t--><rs-layer\n\t\t\t\t\t\t\t\tid=\"slider-33-slide-272-layer-10\" \n\t\t\t\t\t\t\t\tdata-type=\"text\"\n\t\t\t\t\t\t\t\tdata-rsp_ch=\"on\"\n\t\t\t\t\t\t\t\tdata-xy=\"xo:419px,279px,279px,223px;yo:492px,328px,328px,262px;\"\n\t\t\t\t\t\t\t\tdata-text=\"w:normal;s:20,13,13,10;l:25,16,16,12;\"\n\t\t\t\t\t\t\t\tdata-frame_999=\"o:0;st:w;\"\n\t\t\t\t\t\t\t\tstyle=\"z-index:15;font-family:'Roboto';\"\n\t\t\t\t\t\t\t> \n\t\t\t\t\t\t\t<\/rs-layer><!--\n\n\t\t\t\t\t\t\t--><rs-layer\n\t\t\t\t\t\t\t\tid=\"slider-33-slide-272-layer-11\" \n\t\t\t\t\t\t\t\tdata-type=\"text\"\n\t\t\t\t\t\t\t\tdata-rsp_ch=\"on\"\n\t\t\t\t\t\t\t\tdata-xy=\"x:c;xo:189px,126px,126px,0;y:m;yo:163px,108px,108px,86px;\"\n\t\t\t\t\t\t\t\tdata-text=\"w:normal;s:22,14,14,11;l:19,12,12,9;a:left,left,left,center;\"\n\t\t\t\t\t\t\t\tdata-dim=\"w:449px,299px,299px,239px;h:21px,14px,14px,11px;\"\n\t\t\t\t\t\t\t\tdata-frame_999=\"o:0;st:w;\"\n\t\t\t\t\t\t\t\tstyle=\"z-index:16;font-family:'Jura';\"\n\t\t\t\t\t\t\t>Su rinc\u00f3n privado del para\u00edso \n\t\t\t\t\t\t\t<\/rs-layer><!--\n\n\t\t\t\t\t\t\t--><rs-layer\n\t\t\t\t\t\t\t\tid=\"slider-33-slide-272-layer-14\" \n\t\t\t\t\t\t\t\tdata-type=\"text\"\n\t\t\t\t\t\t\t\tdata-rsp_ch=\"on\"\n\t\t\t\t\t\t\t\tdata-xy=\"x:c,c,c,r;xo:189px,126px,126px,0;y:m;yo:162px,108px,108px,0;\"\n\t\t\t\t\t\t\t\tdata-text=\"w:normal;s:22,14,14,22;l:19,12,12,9;a:left,left,left,center;\"\n\t\t\t\t\t\t\t\tdata-dim=\"w:449px,299px,299px,30px;h:21px,14px,14px,30px;\"\n\t\t\t\t\t\t\t\tdata-vbility=\"f,f,f,t\"\n\t\t\t\t\t\t\t\tdata-frame_999=\"o:0;st:w;\"\n\t\t\t\t\t\t\t\tstyle=\"z-index:17;font-family:'Jura';\"\n\t\t\t\t\t\t\t><i class=\"fa-chevron-right\"><\/i> \n\t\t\t\t\t\t\t<\/rs-layer><!--\n-->\t\t\t\t\t\t<\/rs-slide>\n\t\t\t\t\t\t<rs-slide style=\"position: absolute;\" data-key=\"rs-277\" data-title=\"prestige ok\" data-anim=\"ms:1014;f:nodelay;\" data-filter=\"b:2;\" data-in=\"o:0;sx:1.5;sy:1.2;m:true;col:6;\" data-out=\"a:false;\" data-alttrans=\"slotfade-horizontal,boxslide\" data-iratio=\"1.49795\">\n\t\t\t\t\t\t\t<img loading=\"lazy\" decoding=\"async\" src=\"\/\/www.sardegnasummer.it\/wp-content\/plugins\/revslider\/public\/assets\/assets\/dummy.png\" alt=\"\" title=\"SARDEGNASUMMER SAN TEODORO 2022-12\" width=\"2560\" height=\"1709\" class=\"rev-slidebg tp-rs-img rs-lazyload\" data-lazyload=\"\/\/www.sardegnasummer.it\/wp-content\/uploads\/2022\/06\/SARDEGNASUMMER-SAN-TEODORO-2022-12-scaled.jpg\" data-parallax=\"off\" data-panzoom=\"d:10000;ss:100;se:105;\" data-no-retina>\n<!--\n\t\t\t\t\t\t\t--><rs-layer\n\t\t\t\t\t\t\t\tid=\"slider-33-slide-277-layer-0\" \n\t\t\t\t\t\t\t\tclass=\"rev-btn\"\n\t\t\t\t\t\t\t\tdata-type=\"button\"\n\t\t\t\t\t\t\t\tdata-rsp_ch=\"on\"\n\t\t\t\t\t\t\t\tdata-xy=\"xo:1598px,1065px,1065px,851px;yo:510px,340px,340px,272px;\"\n\t\t\t\t\t\t\t\tdata-text=\"w:normal;s:17,11,11,8;l:40,26,26,20;fw:500;\"\n\t\t\t\t\t\t\t\tdata-dim=\"minh:0px,none,none,none;\"\n\t\t\t\t\t\t\t\tdata-padding=\"r:25,17,17,14;l:25,17,17,14;\"\n\t\t\t\t\t\t\t\tdata-border=\"bos:solid;boc:rgba(255,255,255,0.35);bow:1px,1px,1px,1px;\"\n\t\t\t\t\t\t\t\tdata-frame_999=\"o:0;st:w;\"\n\t\t\t\t\t\t\t\tdata-frame_hover=\"bgc:rgba(0,0,0,0);boc:rgba(255,255,255,0.75);bor:0px,0px,0px,0px;bos:solid;bow:1px,1px,1px,1px;e:power1.inOut;\"\n\t\t\t\t\t\t\t\tstyle=\"z-index:12;background-color:rgba(0,0,0,0);font-family:'Roboto';\"\n\t\t\t\t\t\t\t>PRENOTA \n\t\t\t\t\t\t\t<\/rs-layer><!--\n\n\t\t\t\t\t\t\t--><rs-layer\n\t\t\t\t\t\t\t\tid=\"slider-33-slide-277-layer-1\" \n\t\t\t\t\t\t\t\tdata-type=\"text\"\n\t\t\t\t\t\t\t\tdata-rsp_ch=\"on\"\n\t\t\t\t\t\t\t\tdata-xy=\"x:l,l,c,c;xo:417px,275px,96px,0;y:m;yo:123px,80px,82px,63px;\"\n\t\t\t\t\t\t\t\tdata-text=\"w:normal;s:40,28,28,24;l:85,85,39,55;a:left,left,center,center;\"\n\t\t\t\t\t\t\t\tdata-dim=\"w:351.98400000000004px,255px,361px,252px;\"\n\t\t\t\t\t\t\t\tdata-frame_0=\"sX:0.9;sY:0.9;\"\n\t\t\t\t\t\t\t\tdata-frame_1=\"x:0,0,0px,0px;y:0,0,0px,0px;e:power2.out;st:310;sp:1110;sR:310;\"\n\t\t\t\t\t\t\t\tdata-frame_999=\"o:0;st:w;sR:7580;\"\n\t\t\t\t\t\t\t\tstyle=\"z-index:11;font-family:'Jura';text-transform:uppercase;\"\n\t\t\t\t\t\t\t>Prestige \n\t\t\t\t\t\t\t<\/rs-layer><!--\n\n\t\t\t\t\t\t\t--><rs-layer\n\t\t\t\t\t\t\t\tid=\"slider-33-slide-277-layer-5\" \n\t\t\t\t\t\t\t\tdata-type=\"shape\"\n\t\t\t\t\t\t\t\tdata-rsp_ch=\"on\"\n\t\t\t\t\t\t\t\tdata-xy=\"xo:1239px,826px,826px,660px;yo:356px,237px,237px,189px;\"\n\t\t\t\t\t\t\t\tdata-text=\"w:normal;s:20,13,13,10;l:0,16,16,12;\"\n\t\t\t\t\t\t\t\tdata-dim=\"w:692px,461px,461px,368px;h:199px,132px,132px,105px;\"\n\t\t\t\t\t\t\t\tdata-basealign=\"slide\"\n\t\t\t\t\t\t\t\tdata-frame_999=\"o:0;st:w;\"\n\t\t\t\t\t\t\t\tstyle=\"z-index:8;background-color:#130093;\"\n\t\t\t\t\t\t\t> \n\t\t\t\t\t\t\t<\/rs-layer><!--\n\n\t\t\t\t\t\t\t--><rs-layer\n\t\t\t\t\t\t\t\tid=\"slider-33-slide-277-layer-6\" \n\t\t\t\t\t\t\t\tdata-type=\"shape\"\n\t\t\t\t\t\t\t\tdata-rsp_ch=\"on\"\n\t\t\t\t\t\t\t\tdata-xy=\"x:l,l,l,c;xo:397px,264px,264px,0;yo:386px,257px,257px,205px;\"\n\t\t\t\t\t\t\t\tdata-text=\"w:normal;s:20,13,13,10;l:0,16,16,12;\"\n\t\t\t\t\t\t\t\tdata-dim=\"w:505.98800000000006px,336px,336px,268px;h:191px,127px,127px,101px;\"\n\t\t\t\t\t\t\t\tdata-frame_999=\"o:0;st:w;\"\n\t\t\t\t\t\t\t\tstyle=\"z-index:9;background-color:#040231;\"\n\t\t\t\t\t\t\t> \n\t\t\t\t\t\t\t<\/rs-layer><!--\n\n\t\t\t\t\t\t\t--><rs-layer\n\t\t\t\t\t\t\t\tid=\"slider-33-slide-277-layer-7\" \n\t\t\t\t\t\t\t\tclass=\"rev-btn\"\n\t\t\t\t\t\t\t\tdata-type=\"button\"\n\t\t\t\t\t\t\t\tdata-rsp_ch=\"on\"\n\t\t\t\t\t\t\t\tdata-xy=\"xo:943px,628px,628px,502px;yo:501px,334px,334px,267px;\"\n\t\t\t\t\t\t\t\tdata-text=\"w:normal;s:17,11,11,8;l:40,26,26,20;fw:500;\"\n\t\t\t\t\t\t\t\tdata-dim=\"minh:0px,none,none,none;\"\n\t\t\t\t\t\t\t\tdata-padding=\"r:25,17,17,14;l:25,17,17,14;\"\n\t\t\t\t\t\t\t\tdata-border=\"bos:solid;boc:rgba(255,255,255,0.35);bow:1px,1px,1px,1px;\"\n\t\t\t\t\t\t\t\tdata-frame_999=\"o:0;st:w;\"\n\t\t\t\t\t\t\t\tdata-frame_hover=\"bgc:rgba(0,0,0,0);boc:rgba(255,255,255,0.75);bor:0px,0px,0px,0px;bos:solid;bow:1px,1px,1px,1px;e:power1.inOut;\"\n\t\t\t\t\t\t\t\tstyle=\"z-index:13;background-color:rgba(0,0,0,0);font-family:'Jura';\"\n\t\t\t\t\t\t\t>PRENOTA \n\t\t\t\t\t\t\t<\/rs-layer><!--\n\n\t\t\t\t\t\t\t--><a\n\t\t\t\t\t\t\t\tid=\"slider-33-slide-277-layer-9\" \n\t\t\t\t\t\t\t\tclass=\"rs-layer rev-btn\"\n\t\t\t\t\t\t\t\thref=\"https:\/\/www.sardegnasummer.it\/es\/residence-case-affitto-a-san-teodoro-sardegna\/appartamento-prestige-residence-li-cuppulati\/\" target=\"_self\"\n\t\t\t\t\t\t\t\tdata-type=\"button\"\n\t\t\t\t\t\t\t\tdata-rsp_ch=\"on\"\n\t\t\t\t\t\t\t\tdata-xy=\"x:c;xo:359px,239px,239px,0;y:m;yo:239px,159px,159px,127px;\"\n\t\t\t\t\t\t\t\tdata-text=\"w:normal;s:12,8,8,6;l:28,18,18,14;fw:500;a:left,left,left,center;\"\n\t\t\t\t\t\t\t\tdata-dim=\"w:121px,80px,80px,63px;h:30px,20px,20px,15px;minh:0,none,none,none;\"\n\t\t\t\t\t\t\t\tdata-padding=\"r:18,12,12,10;l:18,12,12,10;\"\n\t\t\t\t\t\t\t\tdata-border=\"bos:solid;boc:rgba(255,255,255,0.35);bow:1px,1px,1px,1px;\"\n\t\t\t\t\t\t\t\tdata-frame_999=\"o:0;st:w;\"\n\t\t\t\t\t\t\t\tdata-frame_hover=\"bgc:rgba(0,0,0,0);boc:rgba(255,255,255,0.75);bor:0px,0px,0px,0px;bos:solid;bow:1px,1px,1px,1px;e:power1.inOut;\"\n\t\t\t\t\t\t\t\tstyle=\"z-index:14;background-color:rgba(0,0,0,0);font-family:'Jura';\"\n\t\t\t\t\t\t\t>INFORMACI\u00d3N \n\t\t\t\t\t\t\t<\/a><!--\n\n\t\t\t\t\t\t\t--><rs-layer\n\t\t\t\t\t\t\t\tid=\"slider-33-slide-277-layer-10\" \n\t\t\t\t\t\t\t\tdata-type=\"text\"\n\t\t\t\t\t\t\t\tdata-rsp_ch=\"on\"\n\t\t\t\t\t\t\t\tdata-xy=\"xo:419px,279px,279px,223px;yo:492px,328px,328px,262px;\"\n\t\t\t\t\t\t\t\tdata-text=\"w:normal;s:20,13,13,10;l:25,16,16,12;\"\n\t\t\t\t\t\t\t\tdata-frame_999=\"o:0;st:w;\"\n\t\t\t\t\t\t\t\tstyle=\"z-index:15;font-family:'Roboto';\"\n\t\t\t\t\t\t\t> \n\t\t\t\t\t\t\t<\/rs-layer><!--\n\n\t\t\t\t\t\t\t--><rs-layer\n\t\t\t\t\t\t\t\tid=\"slider-33-slide-277-layer-11\" \n\t\t\t\t\t\t\t\tdata-type=\"text\"\n\t\t\t\t\t\t\t\tdata-rsp_ch=\"on\"\n\t\t\t\t\t\t\t\tdata-xy=\"x:c;xo:189px,126px,126px,0;y:m;yo:163px,108px,108px,86px;\"\n\t\t\t\t\t\t\t\tdata-text=\"w:normal;s:22,14,14,11;l:19,12,12,9;a:left,left,left,center;\"\n\t\t\t\t\t\t\t\tdata-dim=\"w:449px,299px,299px,239px;h:21px,14px,14px,11px;\"\n\t\t\t\t\t\t\t\tdata-frame_999=\"o:0;st:w;\"\n\t\t\t\t\t\t\t\tstyle=\"z-index:16;font-family:'Jura';\"\n\t\t\t\t\t\t\t>El placer de sentirse como en casa \n\t\t\t\t\t\t\t<\/rs-layer><!--\n\n\t\t\t\t\t\t\t--><rs-layer\n\t\t\t\t\t\t\t\tid=\"slider-33-slide-277-layer-14\" \n\t\t\t\t\t\t\t\tdata-type=\"text\"\n\t\t\t\t\t\t\t\tdata-rsp_ch=\"on\"\n\t\t\t\t\t\t\t\tdata-xy=\"x:c,c,c,r;xo:189px,126px,126px,0;y:m;yo:162px,108px,108px,0;\"\n\t\t\t\t\t\t\t\tdata-text=\"w:normal;s:22,14,14,22;l:19,12,12,9;a:left,left,left,center;\"\n\t\t\t\t\t\t\t\tdata-dim=\"w:449px,299px,299px,30px;h:21px,14px,14px,30px;\"\n\t\t\t\t\t\t\t\tdata-vbility=\"f,f,f,t\"\n\t\t\t\t\t\t\t\tdata-frame_999=\"o:0;st:w;\"\n\t\t\t\t\t\t\t\tstyle=\"z-index:17;font-family:'Jura';\"\n\t\t\t\t\t\t\t><i class=\"fa-chevron-right\"><\/i> \n\t\t\t\t\t\t\t<\/rs-layer><!--\n-->\t\t\t\t\t\t<\/rs-slide>\n\t\t\t\t\t\t<rs-slide style=\"position: absolute;\" data-key=\"rs-159\" data-title=\"deluxe ok\" data-anim=\"ms:1014;f:nodelay;\" data-filter=\"b:2;\" data-in=\"o:0;sx:1.5;sy:1.2;m:true;col:6;\" data-out=\"a:false;\" data-alttrans=\"slotfade-horizontal,boxslide\" data-iratio=\"1.49795\">\n\t\t\t\t\t\t\t<img loading=\"lazy\" decoding=\"async\" src=\"\/\/www.sardegnasummer.it\/wp-content\/plugins\/revslider\/public\/assets\/assets\/dummy.png\" alt=\"\" title=\"LI CUPPULATI SANT TEODORO boutique deluxe\" width=\"2560\" height=\"1709\" class=\"rev-slidebg tp-rs-img rs-lazyload\" data-lazyload=\"\/\/www.sardegnasummer.it\/wp-content\/uploads\/2022\/02\/cuppulati-boutique-deluxe-scaled.jpg\" data-parallax=\"off\" data-panzoom=\"d:10000;ss:100;se:105;\" data-no-retina>\n<!--\n\t\t\t\t\t\t\t--><rs-layer\n\t\t\t\t\t\t\t\tid=\"slider-33-slide-159-layer-0\" \n\t\t\t\t\t\t\t\tclass=\"rev-btn\"\n\t\t\t\t\t\t\t\tdata-type=\"button\"\n\t\t\t\t\t\t\t\tdata-rsp_ch=\"on\"\n\t\t\t\t\t\t\t\tdata-xy=\"xo:1598px,1065px,1065px,851px;yo:510px,340px,340px,272px;\"\n\t\t\t\t\t\t\t\tdata-text=\"w:normal;s:17,11,11,8;l:40,26,26,20;fw:500;\"\n\t\t\t\t\t\t\t\tdata-dim=\"minh:0px,none,none,none;\"\n\t\t\t\t\t\t\t\tdata-padding=\"r:25,17,17,14;l:25,17,17,14;\"\n\t\t\t\t\t\t\t\tdata-border=\"bos:solid;boc:rgba(255,255,255,0.35);bow:1px,1px,1px,1px;\"\n\t\t\t\t\t\t\t\tdata-frame_999=\"o:0;st:w;\"\n\t\t\t\t\t\t\t\tdata-frame_hover=\"bgc:rgba(0,0,0,0);boc:rgba(255,255,255,0.75);bor:0px,0px,0px,0px;bos:solid;bow:1px,1px,1px,1px;e:power1.inOut;\"\n\t\t\t\t\t\t\t\tstyle=\"z-index:12;background-color:rgba(0,0,0,0);font-family:'Roboto';\"\n\t\t\t\t\t\t\t>PRENOTA \n\t\t\t\t\t\t\t<\/rs-layer><!--\n\n\t\t\t\t\t\t\t--><rs-layer\n\t\t\t\t\t\t\t\tid=\"slider-33-slide-159-layer-1\" \n\t\t\t\t\t\t\t\tdata-type=\"text\"\n\t\t\t\t\t\t\t\tdata-rsp_ch=\"on\"\n\t\t\t\t\t\t\t\tdata-xy=\"x:l,l,c,c;xo:417px,275px,96px,0;y:m;yo:123px,80px,82px,63px;\"\n\t\t\t\t\t\t\t\tdata-text=\"w:normal;s:40,28,28,24;l:85,85,39,55;a:left,left,center,center;\"\n\t\t\t\t\t\t\t\tdata-dim=\"w:351.98400000000004px,255px,361px,252px;\"\n\t\t\t\t\t\t\t\tdata-frame_0=\"sX:0.9;sY:0.9;\"\n\t\t\t\t\t\t\t\tdata-frame_1=\"x:0,0,0px,0px;y:0,0,0px,0px;e:power2.out;st:310;sp:1110;sR:310;\"\n\t\t\t\t\t\t\t\tdata-frame_999=\"o:0;st:w;sR:7580;\"\n\t\t\t\t\t\t\t\tstyle=\"z-index:11;font-family:'Jura';text-transform:uppercase;\"\n\t\t\t\t\t\t\t>deluxe \n\t\t\t\t\t\t\t<\/rs-layer><!--\n\n\t\t\t\t\t\t\t--><rs-layer\n\t\t\t\t\t\t\t\tid=\"slider-33-slide-159-layer-5\" \n\t\t\t\t\t\t\t\tdata-type=\"shape\"\n\t\t\t\t\t\t\t\tdata-rsp_ch=\"on\"\n\t\t\t\t\t\t\t\tdata-xy=\"xo:1239px,826px,826px,660px;yo:356px,237px,237px,189px;\"\n\t\t\t\t\t\t\t\tdata-text=\"w:normal;s:20,13,13,10;l:0,16,16,12;\"\n\t\t\t\t\t\t\t\tdata-dim=\"w:692px,461px,461px,368px;h:199px,132px,132px,105px;\"\n\t\t\t\t\t\t\t\tdata-basealign=\"slide\"\n\t\t\t\t\t\t\t\tdata-frame_999=\"o:0;st:w;\"\n\t\t\t\t\t\t\t\tstyle=\"z-index:8;background-color:#130093;\"\n\t\t\t\t\t\t\t> \n\t\t\t\t\t\t\t<\/rs-layer><!--\n\n\t\t\t\t\t\t\t--><rs-layer\n\t\t\t\t\t\t\t\tid=\"slider-33-slide-159-layer-6\" \n\t\t\t\t\t\t\t\tdata-type=\"shape\"\n\t\t\t\t\t\t\t\tdata-rsp_ch=\"on\"\n\t\t\t\t\t\t\t\tdata-xy=\"x:l,l,l,c;xo:397px,264px,264px,0;yo:386px,257px,257px,205px;\"\n\t\t\t\t\t\t\t\tdata-text=\"w:normal;s:20,13,13,10;l:0,16,16,12;\"\n\t\t\t\t\t\t\t\tdata-dim=\"w:505.98800000000006px,336px,336px,268px;h:191px,127px,127px,101px;\"\n\t\t\t\t\t\t\t\tdata-frame_999=\"o:0;st:w;\"\n\t\t\t\t\t\t\t\tstyle=\"z-index:9;background-color:#040231;\"\n\t\t\t\t\t\t\t> \n\t\t\t\t\t\t\t<\/rs-layer><!--\n\n\t\t\t\t\t\t\t--><rs-layer\n\t\t\t\t\t\t\t\tid=\"slider-33-slide-159-layer-7\" \n\t\t\t\t\t\t\t\tclass=\"rev-btn\"\n\t\t\t\t\t\t\t\tdata-type=\"button\"\n\t\t\t\t\t\t\t\tdata-rsp_ch=\"on\"\n\t\t\t\t\t\t\t\tdata-xy=\"xo:943px,628px,628px,502px;yo:501px,334px,334px,267px;\"\n\t\t\t\t\t\t\t\tdata-text=\"w:normal;s:17,11,11,8;l:40,26,26,20;fw:500;\"\n\t\t\t\t\t\t\t\tdata-dim=\"minh:0px,none,none,none;\"\n\t\t\t\t\t\t\t\tdata-padding=\"r:25,17,17,14;l:25,17,17,14;\"\n\t\t\t\t\t\t\t\tdata-border=\"bos:solid;boc:rgba(255,255,255,0.35);bow:1px,1px,1px,1px;\"\n\t\t\t\t\t\t\t\tdata-frame_999=\"o:0;st:w;\"\n\t\t\t\t\t\t\t\tdata-frame_hover=\"bgc:rgba(0,0,0,0);boc:rgba(255,255,255,0.75);bor:0px,0px,0px,0px;bos:solid;bow:1px,1px,1px,1px;e:power1.inOut;\"\n\t\t\t\t\t\t\t\tstyle=\"z-index:13;background-color:rgba(0,0,0,0);font-family:'Jura';\"\n\t\t\t\t\t\t\t>PRENOTA \n\t\t\t\t\t\t\t<\/rs-layer><!--\n\n\t\t\t\t\t\t\t--><a\n\t\t\t\t\t\t\t\tid=\"slider-33-slide-159-layer-9\" \n\t\t\t\t\t\t\t\tclass=\"rs-layer rev-btn\"\n\t\t\t\t\t\t\t\thref=\"https:\/\/www.sardegnasummer.it\/es\/residence-case-affitto-a-san-teodoro-sardegna\/appartamento-deluxe-residence-li-cuppulati\/\" target=\"_self\"\n\t\t\t\t\t\t\t\tdata-type=\"button\"\n\t\t\t\t\t\t\t\tdata-rsp_ch=\"on\"\n\t\t\t\t\t\t\t\tdata-xy=\"x:c;xo:359px,239px,239px,0;y:m;yo:239px,159px,159px,127px;\"\n\t\t\t\t\t\t\t\tdata-text=\"w:normal;s:12,8,8,6;l:28,18,18,14;fw:500;a:left,left,left,center;\"\n\t\t\t\t\t\t\t\tdata-dim=\"w:121px,80px,80px,63px;h:30px,20px,20px,15px;minh:0,none,none,none;\"\n\t\t\t\t\t\t\t\tdata-padding=\"r:18,12,12,10;l:18,12,12,10;\"\n\t\t\t\t\t\t\t\tdata-border=\"bos:solid;boc:rgba(255,255,255,0.35);bow:1px,1px,1px,1px;\"\n\t\t\t\t\t\t\t\tdata-frame_999=\"o:0;st:w;\"\n\t\t\t\t\t\t\t\tdata-frame_hover=\"bgc:rgba(0,0,0,0);boc:rgba(255,255,255,0.75);bor:0px,0px,0px,0px;bos:solid;bow:1px,1px,1px,1px;e:power1.inOut;\"\n\t\t\t\t\t\t\t\tstyle=\"z-index:14;background-color:rgba(0,0,0,0);font-family:'Jura';\"\n\t\t\t\t\t\t\t>INFORMACI\u00d3N \n\t\t\t\t\t\t\t<\/a><!--\n\n\t\t\t\t\t\t\t--><rs-layer\n\t\t\t\t\t\t\t\tid=\"slider-33-slide-159-layer-10\" \n\t\t\t\t\t\t\t\tdata-type=\"text\"\n\t\t\t\t\t\t\t\tdata-rsp_ch=\"on\"\n\t\t\t\t\t\t\t\tdata-xy=\"xo:419px,279px,279px,223px;yo:492px,328px,328px,262px;\"\n\t\t\t\t\t\t\t\tdata-text=\"w:normal;s:20,13,13,10;l:25,16,16,12;\"\n\t\t\t\t\t\t\t\tdata-frame_999=\"o:0;st:w;\"\n\t\t\t\t\t\t\t\tstyle=\"z-index:15;font-family:'Roboto';\"\n\t\t\t\t\t\t\t> \n\t\t\t\t\t\t\t<\/rs-layer><!--\n\n\t\t\t\t\t\t\t--><rs-layer\n\t\t\t\t\t\t\t\tid=\"slider-33-slide-159-layer-11\" \n\t\t\t\t\t\t\t\tdata-type=\"text\"\n\t\t\t\t\t\t\t\tdata-rsp_ch=\"on\"\n\t\t\t\t\t\t\t\tdata-xy=\"x:c;xo:189px,126px,126px,0;y:m;yo:163px,108px,108px,86px;\"\n\t\t\t\t\t\t\t\tdata-text=\"w:normal;s:22,14,14,11;l:19,12,12,9;a:left,left,left,center;\"\n\t\t\t\t\t\t\t\tdata-dim=\"w:449px,299px,299px,239px;h:21px,14px,14px,11px;\"\n\t\t\t\t\t\t\t\tdata-frame_999=\"o:0;st:w;\"\n\t\t\t\t\t\t\t\tstyle=\"z-index:16;font-family:'Jura';\"\n\t\t\t\t\t\t\t>Grande y luminoso para disfrutar de la sensaci\u00f3n de espacio \n\t\t\t\t\t\t\t<\/rs-layer><!--\n\n\t\t\t\t\t\t\t--><rs-layer\n\t\t\t\t\t\t\t\tid=\"slider-33-slide-159-layer-14\" \n\t\t\t\t\t\t\t\tdata-type=\"text\"\n\t\t\t\t\t\t\t\tdata-rsp_ch=\"on\"\n\t\t\t\t\t\t\t\tdata-xy=\"x:c,c,c,r;xo:189px,126px,126px,0;y:m;yo:162px,108px,108px,0;\"\n\t\t\t\t\t\t\t\tdata-text=\"w:normal;s:22,14,14,22;l:19,12,12,9;a:left,left,left,center;\"\n\t\t\t\t\t\t\t\tdata-dim=\"w:449px,299px,299px,30px;h:21px,14px,14px,30px;\"\n\t\t\t\t\t\t\t\tdata-vbility=\"f,f,f,t\"\n\t\t\t\t\t\t\t\tdata-frame_999=\"o:0;st:w;\"\n\t\t\t\t\t\t\t\tstyle=\"z-index:17;font-family:'Jura';\"\n\t\t\t\t\t\t\t><i class=\"fa-chevron-right\"><\/i> \n\t\t\t\t\t\t\t<\/rs-layer><!--\n-->\t\t\t\t\t\t<\/rs-slide>\n\t\t\t\t\t\t<rs-slide style=\"position: absolute;\" data-key=\"rs-161\" data-title=\"superior ok\" data-anim=\"ms:1014;f:nodelay;\" data-filter=\"b:2;\" data-in=\"o:0;sx:1.5;sy:1.2;m:true;col:6;\" data-out=\"a:false;\" data-alttrans=\"slotfade-horizontal,boxslide\" data-iratio=\"1.49795\">\n\t\t\t\t\t\t\t<img loading=\"lazy\" decoding=\"async\" src=\"\/\/www.sardegnasummer.it\/wp-content\/plugins\/revslider\/public\/assets\/assets\/dummy.png\" alt=\"\" title=\"LI CUPPULATI SANT TEODORO boutique superior\" width=\"2560\" height=\"1709\" class=\"rev-slidebg tp-rs-img rs-lazyload\" data-lazyload=\"\/\/www.sardegnasummer.it\/wp-content\/uploads\/2022\/02\/cuppulatio-boutiqu-superio-scaled.jpg\" data-parallax=\"off\" data-panzoom=\"d:10000;ss:100;se:105;\" data-no-retina>\n<!--\n\t\t\t\t\t\t\t--><rs-layer\n\t\t\t\t\t\t\t\tid=\"slider-33-slide-161-layer-0\" \n\t\t\t\t\t\t\t\tclass=\"rev-btn\"\n\t\t\t\t\t\t\t\tdata-type=\"button\"\n\t\t\t\t\t\t\t\tdata-rsp_ch=\"on\"\n\t\t\t\t\t\t\t\tdata-xy=\"xo:1598px,1065px,1065px,851px;yo:510px,340px,340px,272px;\"\n\t\t\t\t\t\t\t\tdata-text=\"w:normal;s:17,11,11,8;l:40,26,26,20;fw:500;\"\n\t\t\t\t\t\t\t\tdata-dim=\"minh:0px,none,none,none;\"\n\t\t\t\t\t\t\t\tdata-padding=\"r:25,17,17,14;l:25,17,17,14;\"\n\t\t\t\t\t\t\t\tdata-border=\"bos:solid;boc:rgba(255,255,255,0.35);bow:1px,1px,1px,1px;\"\n\t\t\t\t\t\t\t\tdata-frame_999=\"o:0;st:w;\"\n\t\t\t\t\t\t\t\tdata-frame_hover=\"bgc:rgba(0,0,0,0);boc:rgba(255,255,255,0.75);bor:0px,0px,0px,0px;bos:solid;bow:1px,1px,1px,1px;e:power1.inOut;\"\n\t\t\t\t\t\t\t\tstyle=\"z-index:12;background-color:rgba(0,0,0,0);font-family:'Roboto';\"\n\t\t\t\t\t\t\t>PRENOTA \n\t\t\t\t\t\t\t<\/rs-layer><!--\n\n\t\t\t\t\t\t\t--><rs-layer\n\t\t\t\t\t\t\t\tid=\"slider-33-slide-161-layer-1\" \n\t\t\t\t\t\t\t\tdata-type=\"text\"\n\t\t\t\t\t\t\t\tdata-rsp_ch=\"on\"\n\t\t\t\t\t\t\t\tdata-xy=\"x:l,l,c,c;xo:417px,274px,111px,0;y:m;yo:123px,80px,82px,62px;\"\n\t\t\t\t\t\t\t\tdata-text=\"w:normal;s:40,28,28,24;l:85,58,14,40;a:left,left,center,center;\"\n\t\t\t\t\t\t\t\tdata-dim=\"w:428px,291px,301px,285px;h:auto,auto,25px,auto;\"\n\t\t\t\t\t\t\t\tdata-frame_0=\"sX:0.9;sY:0.9;\"\n\t\t\t\t\t\t\t\tdata-frame_1=\"x:0,0px,0px,0px;y:0,0px,0px,0px;e:power2.out;st:310;sp:1110;sR:310;\"\n\t\t\t\t\t\t\t\tdata-frame_999=\"o:0;st:w;sR:7580;\"\n\t\t\t\t\t\t\t\tstyle=\"z-index:11;font-family:'Jura';text-transform:uppercase;\"\n\t\t\t\t\t\t\t>superior \n\t\t\t\t\t\t\t<\/rs-layer><!--\n\n\t\t\t\t\t\t\t--><rs-layer\n\t\t\t\t\t\t\t\tid=\"slider-33-slide-161-layer-5\" \n\t\t\t\t\t\t\t\tdata-type=\"shape\"\n\t\t\t\t\t\t\t\tdata-rsp_ch=\"on\"\n\t\t\t\t\t\t\t\tdata-xy=\"xo:1239px,826px,826px,660px;yo:356px,237px,237px,189px;\"\n\t\t\t\t\t\t\t\tdata-text=\"w:normal;s:20,13,13,10;l:0,16,16,12;\"\n\t\t\t\t\t\t\t\tdata-dim=\"w:692px,461px,461px,368px;h:199px,132px,132px,105px;\"\n\t\t\t\t\t\t\t\tdata-basealign=\"slide\"\n\t\t\t\t\t\t\t\tdata-frame_999=\"o:0;st:w;\"\n\t\t\t\t\t\t\t\tstyle=\"z-index:8;background-color:#130093;\"\n\t\t\t\t\t\t\t> \n\t\t\t\t\t\t\t<\/rs-layer><!--\n\n\t\t\t\t\t\t\t--><rs-layer\n\t\t\t\t\t\t\t\tid=\"slider-33-slide-161-layer-6\" \n\t\t\t\t\t\t\t\tdata-type=\"shape\"\n\t\t\t\t\t\t\t\tdata-rsp_ch=\"on\"\n\t\t\t\t\t\t\t\tdata-xy=\"x:l,l,l,c;xo:397px,264px,264px,0;yo:386px,257px,257px,205px;\"\n\t\t\t\t\t\t\t\tdata-text=\"w:normal;s:20,13,13,10;l:0,16,16,12;\"\n\t\t\t\t\t\t\t\tdata-dim=\"w:505.98800000000006px,336px,336px,268px;h:191px,127px,127px,101px;\"\n\t\t\t\t\t\t\t\tdata-frame_999=\"o:0;st:w;\"\n\t\t\t\t\t\t\t\tstyle=\"z-index:9;background-color:#040231;\"\n\t\t\t\t\t\t\t> \n\t\t\t\t\t\t\t<\/rs-layer><!--\n\n\t\t\t\t\t\t\t--><rs-layer\n\t\t\t\t\t\t\t\tid=\"slider-33-slide-161-layer-7\" \n\t\t\t\t\t\t\t\tclass=\"rev-btn\"\n\t\t\t\t\t\t\t\tdata-type=\"button\"\n\t\t\t\t\t\t\t\tdata-rsp_ch=\"on\"\n\t\t\t\t\t\t\t\tdata-xy=\"xo:943px,628px,628px,502px;yo:501px,334px,334px,267px;\"\n\t\t\t\t\t\t\t\tdata-text=\"w:normal;s:17,11,11,8;l:40,26,26,20;fw:500;\"\n\t\t\t\t\t\t\t\tdata-dim=\"minh:0px,none,none,none;\"\n\t\t\t\t\t\t\t\tdata-padding=\"r:25,17,17,14;l:25,17,17,14;\"\n\t\t\t\t\t\t\t\tdata-border=\"bos:solid;boc:rgba(255,255,255,0.35);bow:1px,1px,1px,1px;\"\n\t\t\t\t\t\t\t\tdata-frame_999=\"o:0;st:w;\"\n\t\t\t\t\t\t\t\tdata-frame_hover=\"bgc:rgba(0,0,0,0);boc:rgba(255,255,255,0.75);bor:0px,0px,0px,0px;bos:solid;bow:1px,1px,1px,1px;e:power1.inOut;\"\n\t\t\t\t\t\t\t\tstyle=\"z-index:13;background-color:rgba(0,0,0,0);font-family:'Jura';\"\n\t\t\t\t\t\t\t>PRENOTA \n\t\t\t\t\t\t\t<\/rs-layer><!--\n\n\t\t\t\t\t\t\t--><a\n\t\t\t\t\t\t\t\tid=\"slider-33-slide-161-layer-9\" \n\t\t\t\t\t\t\t\tclass=\"rs-layer rev-btn\"\n\t\t\t\t\t\t\t\thref=\"https:\/\/www.sardegnasummer.it\/es\/residence-case-affitto-a-san-teodoro-sardegna\/appartamento-superior-residence-li-cuppulati\/\" target=\"_self\"\n\t\t\t\t\t\t\t\tdata-type=\"button\"\n\t\t\t\t\t\t\t\tdata-rsp_ch=\"on\"\n\t\t\t\t\t\t\t\tdata-xy=\"x:c;xo:359px,239px,239px,0;y:m;yo:239px,159px,159px,127px;\"\n\t\t\t\t\t\t\t\tdata-text=\"w:normal;s:12,8,8,6;l:28,18,18,14;fw:500;a:left,left,left,center;\"\n\t\t\t\t\t\t\t\tdata-dim=\"w:121px,80px,80px,63px;h:30px,20px,20px,15px;minh:0,none,none,none;\"\n\t\t\t\t\t\t\t\tdata-padding=\"r:18,12,12,10;l:18,12,12,10;\"\n\t\t\t\t\t\t\t\tdata-border=\"bos:solid;boc:rgba(255,255,255,0.35);bow:1px,1px,1px,1px;\"\n\t\t\t\t\t\t\t\tdata-frame_999=\"o:0;st:w;\"\n\t\t\t\t\t\t\t\tdata-frame_hover=\"bgc:rgba(0,0,0,0);boc:rgba(255,255,255,0.75);bor:0px,0px,0px,0px;bos:solid;bow:1px,1px,1px,1px;e:power1.inOut;\"\n\t\t\t\t\t\t\t\tstyle=\"z-index:14;background-color:rgba(0,0,0,0);font-family:'Jura';\"\n\t\t\t\t\t\t\t>INFORMACI\u00d3N \n\t\t\t\t\t\t\t<\/a><!--\n\n\t\t\t\t\t\t\t--><rs-layer\n\t\t\t\t\t\t\t\tid=\"slider-33-slide-161-layer-10\" \n\t\t\t\t\t\t\t\tdata-type=\"text\"\n\t\t\t\t\t\t\t\tdata-rsp_ch=\"on\"\n\t\t\t\t\t\t\t\tdata-xy=\"xo:419px,279px,279px,223px;yo:492px,328px,328px,262px;\"\n\t\t\t\t\t\t\t\tdata-text=\"w:normal;s:20,13,13,10;l:25,16,16,12;\"\n\t\t\t\t\t\t\t\tdata-frame_999=\"o:0;st:w;\"\n\t\t\t\t\t\t\t\tstyle=\"z-index:15;font-family:'Roboto';\"\n\t\t\t\t\t\t\t> \n\t\t\t\t\t\t\t<\/rs-layer><!--\n\n\t\t\t\t\t\t\t--><rs-layer\n\t\t\t\t\t\t\t\tid=\"slider-33-slide-161-layer-11\" \n\t\t\t\t\t\t\t\tdata-type=\"text\"\n\t\t\t\t\t\t\t\tdata-rsp_ch=\"on\"\n\t\t\t\t\t\t\t\tdata-xy=\"x:c;xo:189px,126px,126px,0;y:m;yo:163px,108px,108px,86px;\"\n\t\t\t\t\t\t\t\tdata-text=\"w:normal;s:22,14,14,11;l:19,12,12,9;a:left,left,left,center;\"\n\t\t\t\t\t\t\t\tdata-dim=\"w:449px,299px,299px,239px;h:21px,14px,14px,11px;\"\n\t\t\t\t\t\t\t\tdata-frame_999=\"o:0;st:w;\"\n\t\t\t\t\t\t\t\tstyle=\"z-index:16;font-family:'Jura';\"\n\t\t\t\t\t\t\t>Con los pies en la tierra y los ojos en el sol \n\t\t\t\t\t\t\t<\/rs-layer><!--\n\n\t\t\t\t\t\t\t--><rs-layer\n\t\t\t\t\t\t\t\tid=\"slider-33-slide-161-layer-15\" \n\t\t\t\t\t\t\t\tdata-type=\"text\"\n\t\t\t\t\t\t\t\tdata-rsp_ch=\"on\"\n\t\t\t\t\t\t\t\tdata-xy=\"x:c,c,c,r;xo:189px,126px,126px,0;y:m;yo:162px,108px,108px,0;\"\n\t\t\t\t\t\t\t\tdata-text=\"w:normal;s:22,14,14,22;l:19,12,12,9;a:left,left,left,center;\"\n\t\t\t\t\t\t\t\tdata-dim=\"w:449px,299px,299px,30px;h:21px,14px,14px,30px;\"\n\t\t\t\t\t\t\t\tdata-vbility=\"f,f,f,t\"\n\t\t\t\t\t\t\t\tdata-frame_999=\"o:0;st:w;\"\n\t\t\t\t\t\t\t\tstyle=\"z-index:17;font-family:'Jura';\"\n\t\t\t\t\t\t\t><i class=\"fa-chevron-right\"><\/i> \n\t\t\t\t\t\t\t<\/rs-layer><!--\n-->\t\t\t\t\t\t<\/rs-slide>\n\t\t\t\t\t\t<rs-slide style=\"position: absolute;\" data-key=\"rs-160\" data-title=\"comfort ok\" data-anim=\"ms:1014;f:nodelay;\" data-filter=\"b:2;\" data-in=\"o:0;sx:1.5;sy:1.2;m:true;col:6;\" data-out=\"a:false;\" data-alttrans=\"slotfade-horizontal,boxslide\" data-iratio=\"1.49795\">\n\t\t\t\t\t\t\t<img loading=\"lazy\" decoding=\"async\" src=\"\/\/www.sardegnasummer.it\/wp-content\/plugins\/revslider\/public\/assets\/assets\/dummy.png\" alt=\"\" width=\"2560\" height=\"1709\" class=\"rev-slidebg tp-rs-img rs-lazyload\" data-lazyload=\"\/\/www.sardegnasummer.it\/wp-content\/uploads\/2022\/01\/BOUTIQUE17-scaled.jpg\" data-parallax=\"off\" data-panzoom=\"d:10000;ss:100;se:105;\" data-no-retina>\n<!--\n\t\t\t\t\t\t\t--><rs-layer\n\t\t\t\t\t\t\t\tid=\"slider-33-slide-160-layer-0\" \n\t\t\t\t\t\t\t\tclass=\"rev-btn\"\n\t\t\t\t\t\t\t\tdata-type=\"button\"\n\t\t\t\t\t\t\t\tdata-rsp_ch=\"on\"\n\t\t\t\t\t\t\t\tdata-xy=\"xo:1598px,1065px,1065px,851px;yo:510px,340px,340px,272px;\"\n\t\t\t\t\t\t\t\tdata-text=\"w:normal;s:17,11,11,8;l:40,26,26,20;fw:500;\"\n\t\t\t\t\t\t\t\tdata-dim=\"minh:0px,none,none,none;\"\n\t\t\t\t\t\t\t\tdata-padding=\"r:25,17,17,14;l:25,17,17,14;\"\n\t\t\t\t\t\t\t\tdata-border=\"bos:solid;boc:rgba(255,255,255,0.35);bow:1px,1px,1px,1px;\"\n\t\t\t\t\t\t\t\tdata-frame_999=\"o:0;st:w;\"\n\t\t\t\t\t\t\t\tdata-frame_hover=\"bgc:rgba(0,0,0,0);boc:rgba(255,255,255,0.75);bor:0px,0px,0px,0px;bos:solid;bow:1px,1px,1px,1px;e:power1.inOut;\"\n\t\t\t\t\t\t\t\tstyle=\"z-index:11;background-color:rgba(0,0,0,0);font-family:'Roboto';\"\n\t\t\t\t\t\t\t>PRENOTA \n\t\t\t\t\t\t\t<\/rs-layer><!--\n\n\t\t\t\t\t\t\t--><rs-layer\n\t\t\t\t\t\t\t\tid=\"slider-33-slide-160-layer-1\" \n\t\t\t\t\t\t\t\tdata-type=\"text\"\n\t\t\t\t\t\t\t\tdata-rsp_ch=\"on\"\n\t\t\t\t\t\t\t\tdata-xy=\"x:l,l,c,c;xo:417px,275px,40px,0;y:m;yo:123px,78px,80px,66px;\"\n\t\t\t\t\t\t\t\tdata-text=\"w:normal;s:40,28,28,24;l:85,55,36,34;a:left,left,center,center;\"\n\t\t\t\t\t\t\t\tdata-dim=\"w:351.98400000000004px,228px,155px,133px;h:auto,auto,auto,36px;\"\n\t\t\t\t\t\t\t\tdata-frame_0=\"sX:0.9;sY:0.9;\"\n\t\t\t\t\t\t\t\tdata-frame_1=\"x:0,0px,0px,0px;y:0,0px,0px,0px;e:power2.out;st:310;sp:1110;sR:310;\"\n\t\t\t\t\t\t\t\tdata-frame_999=\"o:0;st:w;sR:7580;\"\n\t\t\t\t\t\t\t\tstyle=\"z-index:10;font-family:'Jura';text-transform:uppercase;\"\n\t\t\t\t\t\t\t>comfort \n\t\t\t\t\t\t\t<\/rs-layer><!--\n\n\t\t\t\t\t\t\t--><rs-layer\n\t\t\t\t\t\t\t\tid=\"slider-33-slide-160-layer-5\" \n\t\t\t\t\t\t\t\tdata-type=\"shape\"\n\t\t\t\t\t\t\t\tdata-rsp_ch=\"on\"\n\t\t\t\t\t\t\t\tdata-xy=\"xo:1239px,826px,826px,660px;yo:356px,237px,237px,189px;\"\n\t\t\t\t\t\t\t\tdata-text=\"w:normal;s:20,13,13,10;l:0,16,16,12;\"\n\t\t\t\t\t\t\t\tdata-dim=\"w:692px,461px,461px,368px;h:199px,132px,132px,105px;\"\n\t\t\t\t\t\t\t\tdata-basealign=\"slide\"\n\t\t\t\t\t\t\t\tdata-frame_999=\"o:0;st:w;\"\n\t\t\t\t\t\t\t\tstyle=\"z-index:8;background-color:#130093;\"\n\t\t\t\t\t\t\t> \n\t\t\t\t\t\t\t<\/rs-layer><!--\n\n\t\t\t\t\t\t\t--><rs-layer\n\t\t\t\t\t\t\t\tid=\"slider-33-slide-160-layer-6\" \n\t\t\t\t\t\t\t\tdata-type=\"shape\"\n\t\t\t\t\t\t\t\tdata-rsp_ch=\"on\"\n\t\t\t\t\t\t\t\tdata-xy=\"x:l,l,l,c;xo:397px,264px,264px,0;yo:386px,257px,257px,205px;\"\n\t\t\t\t\t\t\t\tdata-text=\"w:normal;s:20,13,13,10;l:0,16,16,12;\"\n\t\t\t\t\t\t\t\tdata-dim=\"w:505.98800000000006px,336px,336px,268px;h:191px,127px,127px,101px;\"\n\t\t\t\t\t\t\t\tdata-frame_999=\"o:0;st:w;\"\n\t\t\t\t\t\t\t\tstyle=\"z-index:9;background-color:#040231;\"\n\t\t\t\t\t\t\t> \n\t\t\t\t\t\t\t<\/rs-layer><!--\n\n\t\t\t\t\t\t\t--><rs-layer\n\t\t\t\t\t\t\t\tid=\"slider-33-slide-160-layer-7\" \n\t\t\t\t\t\t\t\tclass=\"rev-btn\"\n\t\t\t\t\t\t\t\tdata-type=\"button\"\n\t\t\t\t\t\t\t\tdata-rsp_ch=\"on\"\n\t\t\t\t\t\t\t\tdata-xy=\"xo:943px,628px,628px,502px;yo:501px,334px,334px,267px;\"\n\t\t\t\t\t\t\t\tdata-text=\"w:normal;s:17,11,11,8;l:40,26,26,20;fw:500;\"\n\t\t\t\t\t\t\t\tdata-dim=\"minh:0px,none,none,none;\"\n\t\t\t\t\t\t\t\tdata-padding=\"r:25,17,17,14;l:25,17,17,14;\"\n\t\t\t\t\t\t\t\tdata-border=\"bos:solid;boc:rgba(255,255,255,0.35);bow:1px,1px,1px,1px;\"\n\t\t\t\t\t\t\t\tdata-frame_999=\"o:0;st:w;\"\n\t\t\t\t\t\t\t\tdata-frame_hover=\"bgc:rgba(0,0,0,0);boc:rgba(255,255,255,0.75);bor:0px,0px,0px,0px;bos:solid;bow:1px,1px,1px,1px;e:power1.inOut;\"\n\t\t\t\t\t\t\t\tstyle=\"z-index:12;background-color:rgba(0,0,0,0);font-family:'Jura';\"\n\t\t\t\t\t\t\t>PRENOTA \n\t\t\t\t\t\t\t<\/rs-layer><!--\n\n\t\t\t\t\t\t\t--><a\n\t\t\t\t\t\t\t\tid=\"slider-33-slide-160-layer-9\" \n\t\t\t\t\t\t\t\tclass=\"rs-layer rev-btn\"\n\t\t\t\t\t\t\t\thref=\"https:\/\/www.sardegnasummer.it\/es\/residence-case-affitto-a-san-teodoro-sardegna\/appartamento-comfort\/\" target=\"_self\"\n\t\t\t\t\t\t\t\tdata-type=\"button\"\n\t\t\t\t\t\t\t\tdata-rsp_ch=\"on\"\n\t\t\t\t\t\t\t\tdata-xy=\"x:c;xo:359px,239px,239px,0;y:m;yo:239px,159px,159px,127px;\"\n\t\t\t\t\t\t\t\tdata-text=\"w:normal;s:12,8,8,6;l:28,18,18,14;fw:500;a:left,left,left,center;\"\n\t\t\t\t\t\t\t\tdata-dim=\"w:121px,80px,80px,63px;h:30px,20px,20px,15px;minh:0,none,none,none;\"\n\t\t\t\t\t\t\t\tdata-padding=\"r:18,12,12,10;l:18,12,12,10;\"\n\t\t\t\t\t\t\t\tdata-border=\"bos:solid;boc:rgba(255,255,255,0.35);bow:1px,1px,1px,1px;\"\n\t\t\t\t\t\t\t\tdata-frame_999=\"o:0;st:w;\"\n\t\t\t\t\t\t\t\tdata-frame_hover=\"bgc:rgba(0,0,0,0);boc:rgba(255,255,255,0.75);bor:0px,0px,0px,0px;bos:solid;bow:1px,1px,1px,1px;e:power1.inOut;\"\n\t\t\t\t\t\t\t\tstyle=\"z-index:13;background-color:rgba(0,0,0,0);font-family:'Jura';\"\n\t\t\t\t\t\t\t>INFORMACI\u00d3N \n\t\t\t\t\t\t\t<\/a><!--\n\n\t\t\t\t\t\t\t--><rs-layer\n\t\t\t\t\t\t\t\tid=\"slider-33-slide-160-layer-10\" \n\t\t\t\t\t\t\t\tdata-type=\"text\"\n\t\t\t\t\t\t\t\tdata-rsp_ch=\"on\"\n\t\t\t\t\t\t\t\tdata-xy=\"xo:419px,279px,279px,223px;yo:492px,328px,328px,262px;\"\n\t\t\t\t\t\t\t\tdata-text=\"w:normal;s:20,13,13,10;l:25,16,16,12;\"\n\t\t\t\t\t\t\t\tdata-frame_999=\"o:0;st:w;\"\n\t\t\t\t\t\t\t\tstyle=\"z-index:14;font-family:'Roboto';\"\n\t\t\t\t\t\t\t> \n\t\t\t\t\t\t\t<\/rs-layer><!--\n\n\t\t\t\t\t\t\t--><rs-layer\n\t\t\t\t\t\t\t\tid=\"slider-33-slide-160-layer-11\" \n\t\t\t\t\t\t\t\tdata-type=\"text\"\n\t\t\t\t\t\t\t\tdata-rsp_ch=\"on\"\n\t\t\t\t\t\t\t\tdata-xy=\"x:c;xo:189px,126px,126px,0;y:m;yo:163px,108px,108px,86px;\"\n\t\t\t\t\t\t\t\tdata-text=\"w:normal;s:22,14,14,11;l:19,12,12,9;a:left,left,left,center;\"\n\t\t\t\t\t\t\t\tdata-dim=\"w:449px,299px,299px,239px;h:21px,14px,14px,11px;\"\n\t\t\t\t\t\t\t\tdata-frame_999=\"o:0;st:w;\"\n\t\t\t\t\t\t\t\tstyle=\"z-index:15;font-family:'Jura';\"\n\t\t\t\t\t\t\t>El ed\u00e9n de las familias peque\u00f1as<br \/>\n \n\t\t\t\t\t\t\t<\/rs-layer><!--\n\n\t\t\t\t\t\t\t--><rs-layer\n\t\t\t\t\t\t\t\tid=\"slider-33-slide-160-layer-13\" \n\t\t\t\t\t\t\t\tdata-type=\"text\"\n\t\t\t\t\t\t\t\tdata-rsp_ch=\"on\"\n\t\t\t\t\t\t\t\tdata-xy=\"x:c,c,c,r;xo:189px,126px,126px,0;y:m;yo:162px,108px,108px,0;\"\n\t\t\t\t\t\t\t\tdata-text=\"w:normal;s:22,14,14,22;l:19,12,12,9;a:left,left,left,center;\"\n\t\t\t\t\t\t\t\tdata-dim=\"w:449px,299px,299px,30px;h:21px,14px,14px,30px;\"\n\t\t\t\t\t\t\t\tdata-vbility=\"f,f,f,t\"\n\t\t\t\t\t\t\t\tdata-frame_999=\"o:0;st:w;\"\n\t\t\t\t\t\t\t\tstyle=\"z-index:16;font-family:'Jura';\"\n\t\t\t\t\t\t\t><i class=\"fa-chevron-right\"><\/i> \n\t\t\t\t\t\t\t<\/rs-layer><!--\n-->\t\t\t\t\t\t<\/rs-slide>\n\t\t\t\t\t\t<rs-slide style=\"position: absolute;\" data-key=\"rs-158\" data-title=\"romantico ok\" data-anim=\"ms:1014;f:nodelay;\" data-filter=\"b:2;\" data-in=\"o:0;sx:1.5;sy:1.2;m:true;col:6;\" data-out=\"a:false;\" data-alttrans=\"slotfade-horizontal,boxslide\" data-iratio=\"1.49795\">\n\t\t\t\t\t\t\t<img loading=\"lazy\" decoding=\"async\" src=\"\/\/www.sardegnasummer.it\/wp-content\/plugins\/revslider\/public\/assets\/assets\/dummy.png\" alt=\"\" title=\"RESIDENCE LI MORI romantico\" width=\"2560\" height=\"1709\" class=\"rev-slidebg tp-rs-img rs-lazyload\" data-lazyload=\"\/\/www.sardegnasummer.it\/wp-content\/uploads\/2022\/02\/BOUTIQUE8-1-scaled.jpg\" data-parallax=\"off\" data-panzoom=\"d:10000;ss:100;se:105;\" data-no-retina>\n<!--\n\t\t\t\t\t\t\t--><rs-layer\n\t\t\t\t\t\t\t\tid=\"slider-33-slide-158-layer-0\" \n\t\t\t\t\t\t\t\tclass=\"rev-btn\"\n\t\t\t\t\t\t\t\tdata-type=\"button\"\n\t\t\t\t\t\t\t\tdata-rsp_ch=\"on\"\n\t\t\t\t\t\t\t\tdata-xy=\"xo:1598px,1065px,1065px,851px;yo:510px,340px,340px,272px;\"\n\t\t\t\t\t\t\t\tdata-text=\"w:normal;s:17,11,11,8;l:40,26,26,20;fw:500;\"\n\t\t\t\t\t\t\t\tdata-dim=\"minh:0px,none,none,none;\"\n\t\t\t\t\t\t\t\tdata-padding=\"r:25,17,17,14;l:25,17,17,14;\"\n\t\t\t\t\t\t\t\tdata-border=\"bos:solid;boc:rgba(255,255,255,0.35);bow:1px,1px,1px,1px;\"\n\t\t\t\t\t\t\t\tdata-frame_999=\"o:0;st:w;\"\n\t\t\t\t\t\t\t\tdata-frame_hover=\"bgc:rgba(0,0,0,0);boc:rgba(255,255,255,0.75);bor:0px,0px,0px,0px;bos:solid;bow:1px,1px,1px,1px;e:power1.inOut;\"\n\t\t\t\t\t\t\t\tstyle=\"z-index:12;background-color:rgba(0,0,0,0);font-family:'Roboto';\"\n\t\t\t\t\t\t\t>PRENOTA \n\t\t\t\t\t\t\t<\/rs-layer><!--\n\n\t\t\t\t\t\t\t--><rs-layer\n\t\t\t\t\t\t\t\tid=\"slider-33-slide-158-layer-1\" \n\t\t\t\t\t\t\t\tdata-type=\"text\"\n\t\t\t\t\t\t\t\tdata-rsp_ch=\"on\"\n\t\t\t\t\t\t\t\tdata-xy=\"x:l,l,c,c;xo:415px,274px,55px,0;y:m;yo:124px,80px,81px,67px;\"\n\t\t\t\t\t\t\t\tdata-text=\"w:normal;s:40,27,33,26;l:85,57,41,36;a:left,left,center,center;\"\n\t\t\t\t\t\t\t\tdata-dim=\"w:351.98400000000004px,235px,172px,151px;h:auto,auto,auto,37px;\"\n\t\t\t\t\t\t\t\tdata-frame_0=\"sX:0.9;sY:0.9;\"\n\t\t\t\t\t\t\t\tdata-frame_1=\"x:0,0px,0px,0px;y:0,0px,0px,0px;e:power2.out;st:310;sp:1110;sR:310;\"\n\t\t\t\t\t\t\t\tdata-frame_999=\"o:0;st:w;sR:7580;\"\n\t\t\t\t\t\t\t\tstyle=\"z-index:11;font-family:'Jura';text-transform:uppercase;\"\n\t\t\t\t\t\t\t>rom\u00e1ntico\n \n\t\t\t\t\t\t\t<\/rs-layer><!--\n\n\t\t\t\t\t\t\t--><rs-layer\n\t\t\t\t\t\t\t\tid=\"slider-33-slide-158-layer-5\" \n\t\t\t\t\t\t\t\tdata-type=\"shape\"\n\t\t\t\t\t\t\t\tdata-rsp_ch=\"on\"\n\t\t\t\t\t\t\t\tdata-xy=\"xo:1239px,826px,826px,660px;yo:356px,237px,237px,189px;\"\n\t\t\t\t\t\t\t\tdata-text=\"w:normal;s:20,13,13,10;l:0,16,16,12;\"\n\t\t\t\t\t\t\t\tdata-dim=\"w:692px,461px,461px,368px;h:199px,132px,132px,105px;\"\n\t\t\t\t\t\t\t\tdata-basealign=\"slide\"\n\t\t\t\t\t\t\t\tdata-frame_999=\"o:0;st:w;\"\n\t\t\t\t\t\t\t\tstyle=\"z-index:8;background-color:#130093;\"\n\t\t\t\t\t\t\t> \n\t\t\t\t\t\t\t<\/rs-layer><!--\n\n\t\t\t\t\t\t\t--><rs-layer\n\t\t\t\t\t\t\t\tid=\"slider-33-slide-158-layer-6\" \n\t\t\t\t\t\t\t\tdata-type=\"shape\"\n\t\t\t\t\t\t\t\tdata-rsp_ch=\"on\"\n\t\t\t\t\t\t\t\tdata-xy=\"x:l,l,l,c;xo:397px,264px,264px,0;yo:386px,257px,257px,205px;\"\n\t\t\t\t\t\t\t\tdata-text=\"w:normal;s:20,13,13,10;l:0,16,16,12;\"\n\t\t\t\t\t\t\t\tdata-dim=\"w:505.98800000000006px,336px,336px,268px;h:191px,127px,127px,101px;\"\n\t\t\t\t\t\t\t\tdata-frame_999=\"o:0;st:w;\"\n\t\t\t\t\t\t\t\tstyle=\"z-index:9;background-color:#040231;\"\n\t\t\t\t\t\t\t> \n\t\t\t\t\t\t\t<\/rs-layer><!--\n\n\t\t\t\t\t\t\t--><rs-layer\n\t\t\t\t\t\t\t\tid=\"slider-33-slide-158-layer-7\" \n\t\t\t\t\t\t\t\tclass=\"rev-btn\"\n\t\t\t\t\t\t\t\tdata-type=\"button\"\n\t\t\t\t\t\t\t\tdata-rsp_ch=\"on\"\n\t\t\t\t\t\t\t\tdata-xy=\"xo:943px,628px,628px,502px;yo:501px,334px,334px,267px;\"\n\t\t\t\t\t\t\t\tdata-text=\"w:normal;s:17,11,11,8;l:40,26,26,20;fw:500;\"\n\t\t\t\t\t\t\t\tdata-dim=\"minh:0px,none,none,none;\"\n\t\t\t\t\t\t\t\tdata-padding=\"r:25,17,17,14;l:25,17,17,14;\"\n\t\t\t\t\t\t\t\tdata-border=\"bos:solid;boc:rgba(255,255,255,0.35);bow:1px,1px,1px,1px;\"\n\t\t\t\t\t\t\t\tdata-frame_999=\"o:0;st:w;\"\n\t\t\t\t\t\t\t\tdata-frame_hover=\"bgc:rgba(0,0,0,0);boc:rgba(255,255,255,0.75);bor:0px,0px,0px,0px;bos:solid;bow:1px,1px,1px,1px;e:power1.inOut;\"\n\t\t\t\t\t\t\t\tstyle=\"z-index:13;background-color:rgba(0,0,0,0);font-family:'Jura';\"\n\t\t\t\t\t\t\t>PRENOTA \n\t\t\t\t\t\t\t<\/rs-layer><!--\n\n\t\t\t\t\t\t\t--><rs-layer\n\t\t\t\t\t\t\t\tid=\"slider-33-slide-158-layer-8\" \n\t\t\t\t\t\t\t\tdata-type=\"text\"\n\t\t\t\t\t\t\t\tdata-rsp_ch=\"on\"\n\t\t\t\t\t\t\t\tdata-xy=\"x:c;xo:144px,96px,96px,144px;y:m;yo:350px,233px,233px,350px;\"\n\t\t\t\t\t\t\t\tdata-text=\"w:normal;s:22,14,14,11;l:19,12,12,9;a:left,left,left,center;\"\n\t\t\t\t\t\t\t\tdata-dim=\"w:449px,299px,299px,239px;h:21px,14px,14px,11px;\"\n\t\t\t\t\t\t\t\tdata-frame_999=\"o:0;st:w;\"\n\t\t\t\t\t\t\t\tstyle=\"z-index:19;font-family:'Jura';\"\n\t\t\t\t\t\t\t>Un retiro de enamorados para recuerdos eternos \n\t\t\t\t\t\t\t<\/rs-layer><!--\n\n\t\t\t\t\t\t\t--><a\n\t\t\t\t\t\t\t\tid=\"slider-33-slide-158-layer-9\" \n\t\t\t\t\t\t\t\tclass=\"rs-layer rev-btn\"\n\t\t\t\t\t\t\t\thref=\"https:\/\/www.sardegnasummer.it\/es\/residence-case-affitto-a-san-teodoro-sardegna\/appartamento-romantico-residence-li-cuppulati\/\" target=\"_self\"\n\t\t\t\t\t\t\t\tdata-type=\"button\"\n\t\t\t\t\t\t\t\tdata-rsp_ch=\"on\"\n\t\t\t\t\t\t\t\tdata-xy=\"x:c;xo:359px,239px,239px,0;y:m;yo:239px,159px,159px,127px;\"\n\t\t\t\t\t\t\t\tdata-text=\"w:normal;s:12,8,8,6;l:28,18,18,14;fw:500;a:left,left,left,center;\"\n\t\t\t\t\t\t\t\tdata-dim=\"w:121px,80px,80px,63px;h:30px,20px,20px,15px;minh:0,none,none,none;\"\n\t\t\t\t\t\t\t\tdata-padding=\"r:18,12,12,10;l:18,12,12,10;\"\n\t\t\t\t\t\t\t\tdata-border=\"bos:solid;boc:rgba(255,255,255,0.35);bow:1px,1px,1px,1px;\"\n\t\t\t\t\t\t\t\tdata-frame_999=\"o:0;st:w;\"\n\t\t\t\t\t\t\t\tdata-frame_hover=\"bgc:rgba(0,0,0,0);boc:rgba(255,255,255,0.75);bor:0px,0px,0px,0px;bos:solid;bow:1px,1px,1px,1px;e:power1.inOut;\"\n\t\t\t\t\t\t\t\tstyle=\"z-index:14;background-color:rgba(0,0,0,0);font-family:'Jura';\"\n\t\t\t\t\t\t\t>INFORMACI\u00d3N \n\t\t\t\t\t\t\t<\/a><!--\n\n\t\t\t\t\t\t\t--><rs-layer\n\t\t\t\t\t\t\t\tid=\"slider-33-slide-158-layer-10\" \n\t\t\t\t\t\t\t\tdata-type=\"text\"\n\t\t\t\t\t\t\t\tdata-rsp_ch=\"on\"\n\t\t\t\t\t\t\t\tdata-xy=\"xo:419px,279px,279px,223px;yo:492px,328px,328px,262px;\"\n\t\t\t\t\t\t\t\tdata-text=\"w:normal;s:20,13,13,10;l:25,16,16,12;\"\n\t\t\t\t\t\t\t\tdata-frame_999=\"o:0;st:w;\"\n\t\t\t\t\t\t\t\tstyle=\"z-index:15;font-family:'Roboto';\"\n\t\t\t\t\t\t\t> \n\t\t\t\t\t\t\t<\/rs-layer><!--\n\n\t\t\t\t\t\t\t--><rs-layer\n\t\t\t\t\t\t\t\tid=\"slider-33-slide-158-layer-11\" \n\t\t\t\t\t\t\t\tdata-type=\"text\"\n\t\t\t\t\t\t\t\tdata-rsp_ch=\"on\"\n\t\t\t\t\t\t\t\tdata-xy=\"x:c;xo:191px,127px,127px,0;y:m;yo:162px,108px,108px,86px;\"\n\t\t\t\t\t\t\t\tdata-text=\"w:normal;s:22,14,14,11;l:19,12,12,9;a:left,left,left,center;\"\n\t\t\t\t\t\t\t\tdata-dim=\"w:449px,299px,299px,239px;h:21px,14px,14px,11px;\"\n\t\t\t\t\t\t\t\tdata-frame_999=\"o:0;st:w;\"\n\t\t\t\t\t\t\t\tstyle=\"z-index:18;font-family:'Jura';\"\n\t\t\t\t\t\t\t>Un retiro de enamorados para recuerdos eternos \n\t\t\t\t\t\t\t<\/rs-layer><!--\n\n\t\t\t\t\t\t\t--><rs-layer\n\t\t\t\t\t\t\t\tid=\"slider-33-slide-158-layer-12\" \n\t\t\t\t\t\t\t\tdata-type=\"text\"\n\t\t\t\t\t\t\t\tdata-rsp_ch=\"on\"\n\t\t\t\t\t\t\t\tdata-xy=\"x:c;xo:144px,96px,96px,144px;y:m;yo:350px,233px,233px,350px;\"\n\t\t\t\t\t\t\t\tdata-text=\"w:normal;s:22,14,14,11;l:19,12,12,9;a:left,left,left,center;\"\n\t\t\t\t\t\t\t\tdata-dim=\"w:449px,299px,299px,239px;h:21px,14px,14px,11px;\"\n\t\t\t\t\t\t\t\tdata-frame_999=\"o:0;st:w;\"\n\t\t\t\t\t\t\t\tstyle=\"z-index:16;font-family:'Jura';\"\n\t\t\t\t\t\t\t>A lovers\u2019 retreat for eternal memories \n\t\t\t\t\t\t\t<\/rs-layer><!--\n\n\t\t\t\t\t\t\t--><rs-layer\n\t\t\t\t\t\t\t\tid=\"slider-33-slide-158-layer-19\" \n\t\t\t\t\t\t\t\tdata-type=\"text\"\n\t\t\t\t\t\t\t\tdata-rsp_ch=\"on\"\n\t\t\t\t\t\t\t\tdata-xy=\"x:c,c,c,r;xo:189px,126px,126px,0;y:m;yo:162px,108px,108px,0;\"\n\t\t\t\t\t\t\t\tdata-text=\"w:normal;s:22,14,14,22;l:19,12,12,9;a:left,left,left,center;\"\n\t\t\t\t\t\t\t\tdata-dim=\"w:449px,299px,299px,30px;h:21px,14px,14px,30px;\"\n\t\t\t\t\t\t\t\tdata-vbility=\"f,f,f,t\"\n\t\t\t\t\t\t\t\tdata-frame_999=\"o:0;st:w;\"\n\t\t\t\t\t\t\t\tstyle=\"z-index:17;font-family:'Jura';\"\n\t\t\t\t\t\t\t><i class=\"fa-chevron-right\"><\/i> \n\t\t\t\t\t\t\t<\/rs-layer><!--\n-->\t\t\t\t\t\t<\/rs-slide>\n\t\t\t\t\t<\/rs-slides>\n\t\t\t\t\t<rs-static-layers class=\"rs-stl-visible\"><!--\n\n\t\t\t\t\t\t\t--><rs-layer\n\t\t\t\t\t\t\t\tid=\"slider-33-slide-33-layer-3\" \n\t\t\t\t\t\t\t\tclass=\"rs-layer-static\"\n\t\t\t\t\t\t\t\tdata-type=\"text\"\n\t\t\t\t\t\t\t\tdata-rsp_ch=\"on\"\n\t\t\t\t\t\t\t\tdata-xy=\"x:l,l,c,c;xo:58px,58px,-1px,-1px;y:b;yo:66px;\"\n\t\t\t\t\t\t\t\tdata-text=\"s:16;l:28;ls:1px;a:inherit,inherit,center,center;\"\n\t\t\t\t\t\t\t\tdata-onslides=\"s:1;\"\n\t\t\t\t\t\t\t\tdata-frame_0=\"y:50px;\"\n\t\t\t\t\t\t\t\tdata-frame_1=\"e:power4.inOut;st:290;sp:970;sR:290;\"\n\t\t\t\t\t\t\t\tdata-frame_999=\"o:0;st:w;sR:7740;\"\n\t\t\t\t\t\t\t\tstyle=\"z-index:8;font-family:'Marcellus SC';text-transform:uppercase;\"\n\t\t\t\t\t\t\t> \n\t\t\t\t\t\t\t<\/rs-layer><!--\n\n\t\t\t\t\t\t\t--><rs-layer\n\t\t\t\t\t\t\t\tid=\"slider-33-slide-33-layer-4\" \n\t\t\t\t\t\t\t\tclass=\"rs-layer-static\"\n\t\t\t\t\t\t\t\tdata-type=\"text\"\n\t\t\t\t\t\t\t\tdata-rsp_ch=\"on\"\n\t\t\t\t\t\t\t\tdata-xy=\"x:l,l,c,c;xo:59px,59px,0,0;y:b;yo:41px;\"\n\t\t\t\t\t\t\t\tdata-text=\"s:13;l:28;ls:1px;fw:500,500,300,300;a:inherit,inherit,center,center;\"\n\t\t\t\t\t\t\t\tdata-onslides=\"s:1;\"\n\t\t\t\t\t\t\t\tdata-frame_0=\"y:100%;\"\n\t\t\t\t\t\t\t\tdata-frame_0_mask=\"u:t;y:100%;\"\n\t\t\t\t\t\t\t\tdata-frame_1=\"e:power2.inOut;st:440;sp:970;sR:440;\"\n\t\t\t\t\t\t\t\tdata-frame_1_mask=\"u:t;\"\n\t\t\t\t\t\t\t\tdata-frame_999=\"o:0;st:w;sR:7590;\"\n\t\t\t\t\t\t\t\tstyle=\"z-index:9;font-family:'Montserrat';text-transform:uppercase;\"\n\t\t\t\t\t\t\t> \n\t\t\t\t\t\t\t<\/rs-layer><!--\n\t\t\t\t\t--><\/rs-static-layers>\n\t\t\t\t<\/rs-module>\n\t\t\t\t<script>\n\t\t\t\t\tsetREVStartSize({c: 'rev_slider_33_1',rl:[1240,1024,778,480],el:[600,400,400,320],gw:[1200,800,600,480],gh:[600,400,400,320],type:'carousel',justify:'true',layout:'fullwidth',mh:\"0\"});if (window.RS_MODULES!==undefined && window.RS_MODULES.modules!==undefined && window.RS_MODULES.modules[\"revslider331\"]!==undefined) {window.RS_MODULES.modules[\"revslider331\"].once = false;window.revapi33 = undefined;if (window.RS_MODULES.checkMinimal!==undefined) window.RS_MODULES.checkMinimal()}\n\t\t\t\t<\/script>\n\t\t\t<\/rs-module-wrap>\n\t\t\t<!-- END REVOLUTION SLIDER -->\n<\/div>\n\n\t\t\t\t<\/div>\n\t\t\t\t<\/div>\n\t\t\t\t\t<\/div>\n\t\t<\/div>\n\t\t\t\t\t\t\t<\/div>\n\t\t<\/section>\n\t\t\t\t<section class=\"elementor-section elementor-top-section elementor-element elementor-element-5eec233 elementor-section-full_width elementor-section-stretched elementor-section-height-default elementor-section-height-default wpr-particle-no wpr-jarallax-no wpr-parallax-no wpr-sticky-section-no\" data-id=\"5eec233\" data-element_type=\"section\" data-settings=\"{&quot;stretch_section&quot;:&quot;section-stretched&quot;,&quot;background_background&quot;:&quot;classic&quot;}\">\n\t\t\t\t\t\t<div class=\"elementor-container elementor-column-gap-default\">\n\t\t\t\t\t<div class=\"elementor-column elementor-col-100 elementor-top-column elementor-element elementor-element-da15a21\" data-id=\"da15a21\" data-element_type=\"column\">\n\t\t\t<div class=\"elementor-widget-wrap elementor-element-populated\">\n\t\t\t\t\t\t\t\t<div class=\"elementor-element elementor-element-fea2f8f elementor-heading-tablet__align-center animated-fast elementor-heading__align-center elementor-invisible elementor-widget elementor-widget-heading\" data-id=\"fea2f8f\" data-element_type=\"widget\" data-settings=\"{&quot;_animation&quot;:&quot;opal-move-up&quot;}\" data-widget_type=\"heading.default\">\n\t\t\t\t<div class=\"elementor-widget-container\">\n\t\t\t<h2 class=\"elementor-heading-title elementor-size-default\">CARACTER\u00cdSTICAS DE LA RESIDENCIA<\/h2>\t\t<\/div>\n\t\t\t\t<\/div>\n\t\t\t\t\t<\/div>\n\t\t<\/div>\n\t\t\t\t\t\t\t<\/div>\n\t\t<\/section>\n\t\t\t\t<section class=\"elementor-section elementor-top-section elementor-element elementor-element-c6cdbfc elementor-section-boxed elementor-section-height-default elementor-section-height-default wpr-particle-no wpr-jarallax-no wpr-parallax-no wpr-sticky-section-no\" data-id=\"c6cdbfc\" data-element_type=\"section\">\n\t\t\t\t\t\t<div class=\"elementor-container elementor-column-gap-default\">\n\t\t\t\t\t<div class=\"elementor-column elementor-col-16 elementor-top-column elementor-element elementor-element-47eec3d\" data-id=\"47eec3d\" data-element_type=\"column\">\n\t\t\t<div class=\"elementor-widget-wrap elementor-element-populated\">\n\t\t\t\t\t\t\t\t<div class=\"elementor-element elementor-element-8f85d21 elementor-widget elementor-widget-image\" data-id=\"8f85d21\" data-element_type=\"widget\" data-widget_type=\"image.default\">\n\t\t\t\t<div class=\"elementor-widget-container\">\n\t\t\t<style>\/*! elementor - v3.5.3 - 28-12-2021 *\/\n.elementor-widget-image{text-align:center}.elementor-widget-image a{display:inline-block}.elementor-widget-image a img[src$=\".svg\"]{width:48px}.elementor-widget-image img{vertical-align:middle;display:inline-block}<\/style>\t\t\t\t\t\t\t\t\t\t\t\t<img decoding=\"async\" src=\"https:\/\/www.sardegnasummer.it\/wp-content\/uploads\/elementor\/thumbs\/6-1-pk8xn0e1735porrf7akk79fe57u53ovg7dtzcny7p0.png\" title=\"6\" alt=\"6\" \/>\t\t\t\t\t\t\t\t\t\t\t\t\t\t\t<\/div>\n\t\t\t\t<\/div>\n\t\t\t\t<div class=\"elementor-element elementor-element-3eb9e7e elementor-widget elementor-widget-text-editor\" data-id=\"3eb9e7e\" data-element_type=\"widget\" data-widget_type=\"text-editor.default\">\n\t\t\t\t<div class=\"elementor-widget-container\">\n\t\t\t\t\t\t\t<p>TERRAZA CUBIERTA Y AMUEBLADA CON VISTAS AL JARD\u00cdN<\/p>\n\t\t\t\t\t\t<\/div>\n\t\t\t\t<\/div>\n\t\t\t\t\t<\/div>\n\t\t<\/div>\n\t\t\t\t<div class=\"elementor-column elementor-col-16 elementor-top-column elementor-element elementor-element-0f45f57\" data-id=\"0f45f57\" data-element_type=\"column\">\n\t\t\t<div class=\"elementor-widget-wrap elementor-element-populated\">\n\t\t\t\t\t\t\t\t<div class=\"elementor-element elementor-element-d2d3e5c elementor-widget elementor-widget-image\" data-id=\"d2d3e5c\" data-element_type=\"widget\" data-widget_type=\"image.default\">\n\t\t\t\t<div class=\"elementor-widget-container\">\n\t\t\t\t\t\t\t\t\t\t\t\t\t\t\t<img decoding=\"async\" src=\"https:\/\/www.sardegnasummer.it\/wp-content\/uploads\/elementor\/thumbs\/2-1-pk8xnsl6w48bd2mgmmrda2b7yrz5ilzeb9ejqyseic.png\" title=\"2\" alt=\"2\" \/>\t\t\t\t\t\t\t\t\t\t\t\t\t\t\t<\/div>\n\t\t\t\t<\/div>\n\t\t\t\t<div class=\"elementor-element elementor-element-dc29e40 elementor-widget elementor-widget-text-editor\" data-id=\"dc29e40\" data-element_type=\"widget\" data-widget_type=\"text-editor.default\">\n\t\t\t\t<div class=\"elementor-widget-container\">\n\t\t\t\t\t\t\t<p>LAVADEROS<\/p>\n\t\t\t\t\t\t<\/div>\n\t\t\t\t<\/div>\n\t\t\t\t\t<\/div>\n\t\t<\/div>\n\t\t\t\t<div class=\"elementor-column elementor-col-16 elementor-top-column elementor-element elementor-element-fe93991\" data-id=\"fe93991\" data-element_type=\"column\">\n\t\t\t<div class=\"elementor-widget-wrap elementor-element-populated\">\n\t\t\t\t\t\t\t\t<div class=\"elementor-element elementor-element-b9fe635 elementor-widget elementor-widget-image\" data-id=\"b9fe635\" data-element_type=\"widget\" data-widget_type=\"image.default\">\n\t\t\t\t<div class=\"elementor-widget-container\">\n\t\t\t\t\t\t\t\t\t\t\t\t\t\t\t<img decoding=\"async\" src=\"https:\/\/www.sardegnasummer.it\/wp-content\/uploads\/elementor\/thumbs\/8-pk8xpb3twiay2gf9sabqaojyf4ifx1ztur8pl0jkhg.png\" title=\"8\" alt=\"8\" \/>\t\t\t\t\t\t\t\t\t\t\t\t\t\t\t<\/div>\n\t\t\t\t<\/div>\n\t\t\t\t<div class=\"elementor-element elementor-element-9fe0cfb elementor-widget elementor-widget-text-editor\" data-id=\"9fe0cfb\" data-element_type=\"widget\" data-widget_type=\"text-editor.default\">\n\t\t\t\t<div class=\"elementor-widget-container\">\n\t\t\t\t\t\t\t<p>ZONAS DE BARBACOA<\/p>\n\t\t\t\t\t\t<\/div>\n\t\t\t\t<\/div>\n\t\t\t\t\t<\/div>\n\t\t<\/div>\n\t\t\t\t<div class=\"elementor-column elementor-col-16 elementor-top-column elementor-element elementor-element-4f247d7\" data-id=\"4f247d7\" data-element_type=\"column\">\n\t\t\t<div class=\"elementor-widget-wrap elementor-element-populated\">\n\t\t\t\t\t\t\t\t<div class=\"elementor-element elementor-element-8c9a75a elementor-widget elementor-widget-image\" data-id=\"8c9a75a\" data-element_type=\"widget\" data-widget_type=\"image.default\">\n\t\t\t\t<div class=\"elementor-widget-container\">\n\t\t\t\t\t\t\t\t\t\t\t\t\t\t\t<img decoding=\"async\" src=\"https:\/\/www.sardegnasummer.it\/wp-content\/uploads\/elementor\/thumbs\/4-1-pk8xpuufw11yu9mll0uw91kmw7t5ep66xgxwntqaus.png\" title=\"4\" alt=\"4\" \/>\t\t\t\t\t\t\t\t\t\t\t\t\t\t\t<\/div>\n\t\t\t\t<\/div>\n\t\t\t\t<div class=\"elementor-element elementor-element-9ef6b0b elementor-widget elementor-widget-text-editor\" data-id=\"9ef6b0b\" data-element_type=\"widget\" data-widget_type=\"text-editor.default\">\n\t\t\t\t<div class=\"elementor-widget-container\">\n\t\t\t\t\t\t\t<p>wi-fi<\/p>\n\t\t\t\t\t\t<\/div>\n\t\t\t\t<\/div>\n\t\t\t\t\t<\/div>\n\t\t<\/div>\n\t\t\t\t<div class=\"elementor-column elementor-col-16 elementor-top-column elementor-element elementor-element-1a216c2\" data-id=\"1a216c2\" data-element_type=\"column\">\n\t\t\t<div class=\"elementor-widget-wrap elementor-element-populated\">\n\t\t\t\t\t\t\t\t<div class=\"elementor-element elementor-element-b0aadac elementor-widget elementor-widget-image\" data-id=\"b0aadac\" data-element_type=\"widget\" data-widget_type=\"image.default\">\n\t\t\t\t<div class=\"elementor-widget-container\">\n\t\t\t\t\t\t\t\t\t\t\t\t\t\t\t<img decoding=\"async\" src=\"https:\/\/www.sardegnasummer.it\/wp-content\/uploads\/elementor\/thumbs\/Progetto-senza-titolo-2-pm1fhctzqokblvxing9121e5qfdmyvvdxdt6e3n4ok.png\" title=\"Progetto senza titolo (2)\" alt=\"Progetto senza titolo (2)\" \/>\t\t\t\t\t\t\t\t\t\t\t\t\t\t\t<\/div>\n\t\t\t\t<\/div>\n\t\t\t\t<div class=\"elementor-element elementor-element-7ca83a1 elementor-widget elementor-widget-text-editor\" data-id=\"7ca83a1\" data-element_type=\"widget\" data-widget_type=\"text-editor.default\">\n\t\t\t\t<div class=\"elementor-widget-container\">\n\t\t\t\t\t\t\t<p>ANIMALES DOM\u00c9STICOS BIENVENIDOS*<\/p>\n\t\t\t\t\t\t<\/div>\n\t\t\t\t<\/div>\n\t\t\t\t\t<\/div>\n\t\t<\/div>\n\t\t\t\t<div class=\"elementor-column elementor-col-16 elementor-top-column elementor-element elementor-element-9a8f27a\" data-id=\"9a8f27a\" data-element_type=\"column\">\n\t\t\t<div class=\"elementor-widget-wrap elementor-element-populated\">\n\t\t\t\t\t\t\t\t<div class=\"elementor-element elementor-element-53471ce elementor-widget elementor-widget-image\" data-id=\"53471ce\" data-element_type=\"widget\" data-widget_type=\"image.default\">\n\t\t\t\t<div class=\"elementor-widget-container\">\n\t\t\t\t\t\t\t\t\t\t\t\t\t\t\t<img decoding=\"async\" src=\"https:\/\/www.sardegnasummer.it\/wp-content\/uploads\/elementor\/thumbs\/air-conditioning-pkorowcmya2qj0koshqcl4ux682bf4cg1aqhbdxxtg.png\" title=\"air-conditioning\" alt=\"air-conditioning\" \/>\t\t\t\t\t\t\t\t\t\t\t\t\t\t\t<\/div>\n\t\t\t\t<\/div>\n\t\t\t\t<div class=\"elementor-element elementor-element-83940a9 elementor-widget elementor-widget-text-editor\" data-id=\"83940a9\" data-element_type=\"widget\" data-widget_type=\"text-editor.default\">\n\t\t\t\t<div class=\"elementor-widget-container\">\n\t\t\t\t\t\t\t<p>aire acondicionado*<\/p>\t\t\t\t\t\t<\/div>\n\t\t\t\t<\/div>\n\t\t\t\t\t<\/div>\n\t\t<\/div>\n\t\t\t\t\t\t\t<\/div>\n\t\t<\/section>\n\t\t\t\t<section class=\"elementor-section elementor-top-section elementor-element elementor-element-7c64d8b elementor-section-boxed elementor-section-height-default elementor-section-height-default wpr-particle-no wpr-jarallax-no wpr-parallax-no wpr-sticky-section-no\" data-id=\"7c64d8b\" data-element_type=\"section\">\n\t\t\t\t\t\t<div class=\"elementor-container elementor-column-gap-default\">\n\t\t\t\t\t<div class=\"elementor-column elementor-col-16 elementor-top-column elementor-element elementor-element-c18dd3e\" data-id=\"c18dd3e\" data-element_type=\"column\">\n\t\t\t<div class=\"elementor-widget-wrap elementor-element-populated\">\n\t\t\t\t\t\t\t\t<div class=\"elementor-element elementor-element-e66ffc4 elementor-widget elementor-widget-image\" data-id=\"e66ffc4\" data-element_type=\"widget\" data-widget_type=\"image.default\">\n\t\t\t\t<div class=\"elementor-widget-container\">\n\t\t\t\t\t\t\t\t\t\t\t\t\t\t\t<img decoding=\"async\" src=\"https:\/\/www.sardegnasummer.it\/wp-content\/uploads\/elementor\/thumbs\/9-pk8xqicemvy4wiogrt0khdn5qulbr4rhcp91nqrgj8.png\" title=\"9\" alt=\"9\" \/>\t\t\t\t\t\t\t\t\t\t\t\t\t\t\t<\/div>\n\t\t\t\t<\/div>\n\t\t\t\t<div class=\"elementor-element elementor-element-163d71d elementor-widget elementor-widget-text-editor\" data-id=\"163d71d\" data-element_type=\"widget\" data-widget_type=\"text-editor.default\">\n\t\t\t\t<div class=\"elementor-widget-container\">\n\t\t\t\t\t\t\t<p>APARCAMIENTO GRATUITO<\/p>\n\t\t\t\t\t\t<\/div>\n\t\t\t\t<\/div>\n\t\t\t\t\t<\/div>\n\t\t<\/div>\n\t\t\t\t<div class=\"elementor-column elementor-col-16 elementor-top-column elementor-element elementor-element-073d2b9\" data-id=\"073d2b9\" data-element_type=\"column\">\n\t\t\t<div class=\"elementor-widget-wrap elementor-element-populated\">\n\t\t\t\t\t\t\t\t<div class=\"elementor-element elementor-element-4dbe7e6 elementor-widget elementor-widget-image\" data-id=\"4dbe7e6\" data-element_type=\"widget\" data-widget_type=\"image.default\">\n\t\t\t\t<div class=\"elementor-widget-container\">\n\t\t\t\t\t\t\t\t\t\t\t\t\t\t\t<img decoding=\"async\" src=\"https:\/\/www.sardegnasummer.it\/wp-content\/uploads\/elementor\/thumbs\/sea-pk97fwwn3u98mb5ehu62c7hj54f70pvi23cpskp3lg.png\" title=\"sea\" alt=\"sea\" \/>\t\t\t\t\t\t\t\t\t\t\t\t\t\t\t<\/div>\n\t\t\t\t<\/div>\n\t\t\t\t<div class=\"elementor-element elementor-element-5ddc2a2 elementor-widget elementor-widget-text-editor\" data-id=\"5ddc2a2\" data-element_type=\"widget\" data-widget_type=\"text-editor.default\">\n\t\t\t\t<div class=\"elementor-widget-container\">\n\t\t\t\t\t\t\t<p>CERCA DE LA PLAYA<\/p>\n\t\t\t\t\t\t<\/div>\n\t\t\t\t<\/div>\n\t\t\t\t\t<\/div>\n\t\t<\/div>\n\t\t\t\t<div class=\"elementor-column elementor-col-16 elementor-top-column elementor-element elementor-element-40e308a\" data-id=\"40e308a\" data-element_type=\"column\">\n\t\t\t<div class=\"elementor-widget-wrap elementor-element-populated\">\n\t\t\t\t\t\t\t\t<div class=\"elementor-element elementor-element-b484035 elementor-widget elementor-widget-image\" data-id=\"b484035\" data-element_type=\"widget\" data-widget_type=\"image.default\">\n\t\t\t\t<div class=\"elementor-widget-container\">\n\t\t\t\t\t\t\t\t\t\t\t\t\t\t\t<img decoding=\"async\" src=\"https:\/\/www.sardegnasummer.it\/wp-content\/uploads\/elementor\/thumbs\/121-pm1fgxskpbzqg4jd39qzy56s89frjq7ojbdepo9fg4.png\" title=\"121\" alt=\"121\" \/>\t\t\t\t\t\t\t\t\t\t\t\t\t\t\t<\/div>\n\t\t\t\t<\/div>\n\t\t\t\t<div class=\"elementor-element elementor-element-61ed312 elementor-widget elementor-widget-text-editor\" data-id=\"61ed312\" data-element_type=\"widget\" data-widget_type=\"text-editor.default\">\n\t\t\t\t<div class=\"elementor-widget-container\">\n\t\t\t\t\t\t\t<p>CERCA DE SUPERMERCADOS<\/p>\n\t\t\t\t\t\t<\/div>\n\t\t\t\t<\/div>\n\t\t\t\t\t<\/div>\n\t\t<\/div>\n\t\t\t\t<div class=\"elementor-column elementor-col-16 elementor-top-column elementor-element elementor-element-f1901a5\" data-id=\"f1901a5\" data-element_type=\"column\">\n\t\t\t<div class=\"elementor-widget-wrap elementor-element-populated\">\n\t\t\t\t\t\t\t\t<div class=\"elementor-element elementor-element-26bc5d5 elementor-widget elementor-widget-image\" data-id=\"26bc5d5\" data-element_type=\"widget\" data-widget_type=\"image.default\">\n\t\t\t\t<div class=\"elementor-widget-container\">\n\t\t\t\t\t\t\t\t\t\t\t\t\t\t\t<img decoding=\"async\" src=\"https:\/\/www.sardegnasummer.it\/wp-content\/uploads\/elementor\/thumbs\/21-pm1fgzo9302b3cgmsak934ppf16hz4f57kodo86n3o.png\" title=\"21\" alt=\"21\" \/>\t\t\t\t\t\t\t\t\t\t\t\t\t\t\t<\/div>\n\t\t\t\t<\/div>\n\t\t\t\t<div class=\"elementor-element elementor-element-17b7b18 elementor-widget elementor-widget-text-editor\" data-id=\"17b7b18\" data-element_type=\"widget\" data-widget_type=\"text-editor.default\">\n\t\t\t\t<div class=\"elementor-widget-container\">\n\t\t\t\t\t\t\t<p>CERCA DE RESTAURANTES Y BARES<\/p>\n\t\t\t\t\t\t<\/div>\n\t\t\t\t<\/div>\n\t\t\t\t\t<\/div>\n\t\t<\/div>\n\t\t\t\t<div class=\"elementor-column elementor-col-16 elementor-top-column elementor-element elementor-element-11156f8\" data-id=\"11156f8\" data-element_type=\"column\">\n\t\t\t<div class=\"elementor-widget-wrap elementor-element-populated\">\n\t\t\t\t\t\t\t\t<div class=\"elementor-element elementor-element-3258acd elementor-widget elementor-widget-image\" data-id=\"3258acd\" data-element_type=\"widget\" data-widget_type=\"image.default\">\n\t\t\t\t<div class=\"elementor-widget-container\">\n\t\t\t\t\t\t\t\t\t\t\t\t\t\t\t<img decoding=\"async\" src=\"https:\/\/www.sardegnasummer.it\/wp-content\/uploads\/elementor\/thumbs\/boat-rif6pojctjdgah5tc3sunjmep0tqgkxhj1qdizwfp0.png\" title=\"boat\" alt=\"boat\" \/>\t\t\t\t\t\t\t\t\t\t\t\t\t\t\t<\/div>\n\t\t\t\t<\/div>\n\t\t\t\t<div class=\"elementor-element elementor-element-b3f21f2 elementor-widget elementor-widget-text-editor\" data-id=\"b3f21f2\" data-element_type=\"widget\" data-widget_type=\"text-editor.default\">\n\t\t\t\t<div class=\"elementor-widget-container\">\n\t\t\t\t\t\t\t<p>A 20 MINUTOS DEL PUERTO Y DEL AEROPUERTO<\/p>\n\t\t\t\t\t\t<\/div>\n\t\t\t\t<\/div>\n\t\t\t\t\t<\/div>\n\t\t<\/div>\n\t\t\t\t<div class=\"elementor-column elementor-col-16 elementor-top-column elementor-element elementor-element-075acaa\" data-id=\"075acaa\" data-element_type=\"column\">\n\t\t\t<div class=\"elementor-widget-wrap elementor-element-populated\">\n\t\t\t\t\t\t\t\t<div class=\"elementor-element elementor-element-37a3f2e elementor-widget elementor-widget-image\" data-id=\"37a3f2e\" data-element_type=\"widget\" data-widget_type=\"image.default\">\n\t\t\t\t<div class=\"elementor-widget-container\">\n\t\t\t\t\t\t\t\t\t\t\t\t\t\t\t<img decoding=\"async\" src=\"https:\/\/www.sardegnasummer.it\/wp-content\/uploads\/elementor\/thumbs\/park-pkophu5c3xuhzreygbg0v336fhqvzmh7tzc85j616c.png\" title=\"\" alt=\"\" \/>\t\t\t\t\t\t\t\t\t\t\t\t\t\t\t<\/div>\n\t\t\t\t<\/div>\n\t\t\t\t<div class=\"elementor-element elementor-element-2c7dae3 elementor-widget elementor-widget-text-editor\" data-id=\"2c7dae3\" data-element_type=\"widget\" data-widget_type=\"text-editor.default\">\n\t\t\t\t<div class=\"elementor-widget-container\">\n\t\t\t\t\t\t\t<p>JARDINES CON C\u00c9SPED<\/p>\n\t\t\t\t\t\t<\/div>\n\t\t\t\t<\/div>\n\t\t\t\t\t<\/div>\n\t\t<\/div>\n\t\t\t\t\t\t\t<\/div>\n\t\t<\/section>\n\t\t\t\t<section class=\"elementor-section elementor-top-section elementor-element elementor-element-3dfda7a elementor-section-full_width elementor-section-stretched elementor-section-height-default elementor-section-height-default wpr-particle-no wpr-jarallax-no wpr-parallax-no wpr-sticky-section-no\" data-id=\"3dfda7a\" data-element_type=\"section\" data-settings=\"{&quot;stretch_section&quot;:&quot;section-stretched&quot;,&quot;background_background&quot;:&quot;classic&quot;}\">\n\t\t\t\t\t\t<div class=\"elementor-container elementor-column-gap-default\">\n\t\t\t\t\t<div class=\"elementor-column elementor-col-100 elementor-top-column elementor-element elementor-element-a1c6cfe\" data-id=\"a1c6cfe\" data-element_type=\"column\">\n\t\t\t<div class=\"elementor-widget-wrap elementor-element-populated\">\n\t\t\t\t\t\t\t\t<div class=\"elementor-element elementor-element-738d1c15 elementor-heading-tablet__align-center animated-fast elementor-heading__align-center elementor-invisible elementor-widget elementor-widget-heading\" data-id=\"738d1c15\" data-element_type=\"widget\" data-settings=\"{&quot;_animation&quot;:&quot;opal-move-up&quot;}\" data-widget_type=\"heading.default\">\n\t\t\t\t<div class=\"elementor-widget-container\">\n\t\t\t<p class=\"elementor-heading-title elementor-size-default\">*Cargo por servicio adicional<\/p>\t\t<\/div>\n\t\t\t\t<\/div>\n\t\t\t\t\t<\/div>\n\t\t<\/div>\n\t\t\t\t\t\t\t<\/div>\n\t\t<\/section>\n\t\t\t\t<section class=\"elementor-section elementor-top-section elementor-element elementor-element-621014b elementor-section-full_width elementor-section-stretched elementor-section-height-min-height elementor-section-height-default elementor-section-items-middle wpr-particle-no wpr-jarallax-no wpr-parallax-no wpr-sticky-section-no\" data-id=\"621014b\" data-element_type=\"section\" data-settings=\"{&quot;stretch_section&quot;:&quot;section-stretched&quot;,&quot;background_background&quot;:&quot;classic&quot;}\">\n\t\t\t\t\t\t<div class=\"elementor-container elementor-column-gap-default\">\n\t\t\t\t\t<div class=\"elementor-column elementor-col-100 elementor-top-column elementor-element elementor-element-b54d6c5\" data-id=\"b54d6c5\" data-element_type=\"column\">\n\t\t\t<div class=\"elementor-widget-wrap\">\n\t\t\t\t\t\t\t\t\t<\/div>\n\t\t<\/div>\n\t\t\t\t\t\t\t<\/div>\n\t\t<\/section>\n\t\t\t\t<section class=\"elementor-section elementor-top-section elementor-element elementor-element-fe5fa5e elementor-section-boxed elementor-section-height-default elementor-section-height-default wpr-particle-no wpr-jarallax-no wpr-parallax-no wpr-sticky-section-no\" data-id=\"fe5fa5e\" data-element_type=\"section\" data-settings=\"{&quot;background_background&quot;:&quot;slideshow&quot;,&quot;background_slideshow_gallery&quot;:[],&quot;background_slideshow_loop&quot;:&quot;yes&quot;,&quot;background_slideshow_slide_duration&quot;:5000,&quot;background_slideshow_slide_transition&quot;:&quot;fade&quot;,&quot;background_slideshow_transition_duration&quot;:500}\">\n\t\t\t\t\t\t<div class=\"elementor-container elementor-column-gap-default\">\n\t\t\t\t\t<div class=\"elementor-column elementor-col-50 elementor-top-column elementor-element elementor-element-10fe9b1\" data-id=\"10fe9b1\" data-element_type=\"column\" data-settings=\"{&quot;background_background&quot;:&quot;classic&quot;}\">\n\t\t\t<div class=\"elementor-widget-wrap elementor-element-populated\">\n\t\t\t\t\t\t\t\t<div class=\"elementor-element elementor-element-c63fa85 elementor-heading__align-center elementor-widget elementor-widget-heading\" data-id=\"c63fa85\" data-element_type=\"widget\" data-widget_type=\"heading.default\">\n\t\t\t\t<div class=\"elementor-widget-container\">\n\t\t\t<h2 class=\"elementor-heading-title elementor-size-default\">SAN TEODORO<\/h2>\t\t<\/div>\n\t\t\t\t<\/div>\n\t\t\t\t\t<\/div>\n\t\t<\/div>\n\t\t\t\t<div class=\"elementor-column elementor-col-50 elementor-top-column elementor-element elementor-element-d576be0\" data-id=\"d576be0\" data-element_type=\"column\" data-settings=\"{&quot;background_background&quot;:&quot;classic&quot;}\">\n\t\t\t<div class=\"elementor-widget-wrap elementor-element-populated\">\n\t\t\t\t\t\t\t\t<div class=\"elementor-element elementor-element-17953e0 elementor-widget elementor-widget-text-editor\" data-id=\"17953e0\" data-element_type=\"widget\" data-widget_type=\"text-editor.default\">\n\t\t\t\t<div class=\"elementor-widget-container\">\n\t\t\t\t\t\t\t<p>La Municipalidad de San Teodoro se encuentra en el noreste de Cerde\u00f1a, a pocos kil\u00f3metros del puerto y aeropuerto de Olbia, y es ahora uno de los mejores destinos tur\u00edsticos conocidos y populares en la isla. Su historia habla de gente amable y de hospitalidad, de los alimentos genuinos, del olor del mar y de su mundo, como tambi\u00e9n de los silencios de la naturaleza con sus colores y sus contrastes de colores llamativos.<\/p>\t\t\t\t\t\t<\/div>\n\t\t\t\t<\/div>\n\t\t\t\t\t<\/div>\n\t\t<\/div>\n\t\t\t\t\t\t\t<\/div>\n\t\t<\/section>\n\t\t\t\t<section class=\"elementor-section elementor-top-section elementor-element elementor-element-3dd3520 elementor-section-full_width elementor-reverse-mobile elementor-section-height-default elementor-section-height-default wpr-particle-no wpr-jarallax-no wpr-parallax-no wpr-sticky-section-no\" data-id=\"3dd3520\" data-element_type=\"section\">\n\t\t\t\t\t\t<div class=\"elementor-container elementor-column-gap-default\">\n\t\t\t\t\t<div class=\"elementor-column elementor-col-50 elementor-top-column elementor-element elementor-element-fe4d75d\" data-id=\"fe4d75d\" data-element_type=\"column\">\n\t\t\t<div class=\"elementor-widget-wrap elementor-element-populated\">\n\t\t\t\t\t\t\t\t<div class=\"elementor-element elementor-element-d84ebaa elementor-widget elementor-widget-text-editor\" data-id=\"d84ebaa\" data-element_type=\"widget\" data-widget_type=\"text-editor.default\">\n\t\t\t\t<div class=\"elementor-widget-container\">\n\t\t\t\t\t\t\t<h1>NATURALEZA<\/h1><p>Gracias a la belleza y la singularidad de su costa y su entorno natural y a las playas acogedoras dotadas de arena blanca ba\u00f1adas por el mar cristalino, San Teodoro ha sido durante a\u00f1os la joya de la costa noreste. Una exuberante y diversa mediterr\u00e1nea se funde a un tramo de costa con acantilados de granito talladas por el mar y el viento. En este contexto de gran belleza natural poco frecuente, vive una gran comunidad de flamencos que se encuentran en la laguna de San Teodoro en su h\u00e1bitat natural.<\/p>\t\t\t\t\t\t<\/div>\n\t\t\t\t<\/div>\n\t\t\t\t\t<\/div>\n\t\t<\/div>\n\t\t\t\t<div class=\"elementor-column elementor-col-50 elementor-top-column elementor-element elementor-element-42ba005\" data-id=\"42ba005\" data-element_type=\"column\">\n\t\t\t<div class=\"elementor-widget-wrap elementor-element-populated\">\n\t\t\t\t\t\t\t\t<div class=\"elementor-element elementor-element-93d51a8 elementor-widget elementor-widget-image\" data-id=\"93d51a8\" data-element_type=\"widget\" data-widget_type=\"image.default\">\n\t\t\t\t<div class=\"elementor-widget-container\">\n\t\t\t\t\t\t\t\t\t\t\t\t\t\t\t<img loading=\"lazy\" decoding=\"async\" width=\"600\" height=\"400\" src=\"https:\/\/www.sardegnasummer.it\/wp-content\/uploads\/2022\/01\/territ2-1024x682.jpg\" class=\"attachment-large size-large\" alt=\"\" srcset=\"https:\/\/www.sardegnasummer.it\/wp-content\/uploads\/2022\/01\/territ2-1024x682.jpg 1024w, https:\/\/www.sardegnasummer.it\/wp-content\/uploads\/2022\/01\/territ2-300x200.jpg 300w, https:\/\/www.sardegnasummer.it\/wp-content\/uploads\/2022\/01\/territ2-768x512.jpg 768w, https:\/\/www.sardegnasummer.it\/wp-content\/uploads\/2022\/01\/territ2-400x267.jpg 400w, https:\/\/www.sardegnasummer.it\/wp-content\/uploads\/2022\/01\/territ2.jpg 1100w\" sizes=\"auto, (max-width: 600px) 100vw, 600px\" \/>\t\t\t\t\t\t\t\t\t\t\t\t\t\t\t<\/div>\n\t\t\t\t<\/div>\n\t\t\t\t\t<\/div>\n\t\t<\/div>\n\t\t\t\t\t\t\t<\/div>\n\t\t<\/section>\n\t\t\t\t<section class=\"elementor-section elementor-top-section elementor-element elementor-element-917575b elementor-section-full_width elementor-section-height-default elementor-section-height-default wpr-particle-no wpr-jarallax-no wpr-parallax-no wpr-sticky-section-no\" data-id=\"917575b\" data-element_type=\"section\">\n\t\t\t\t\t\t<div class=\"elementor-container elementor-column-gap-default\">\n\t\t\t\t\t<div class=\"elementor-column elementor-col-50 elementor-top-column elementor-element elementor-element-ae72abc\" data-id=\"ae72abc\" data-element_type=\"column\">\n\t\t\t<div class=\"elementor-widget-wrap elementor-element-populated\">\n\t\t\t\t\t\t\t\t<div class=\"elementor-element elementor-element-08e8906 elementor-widget elementor-widget-image\" data-id=\"08e8906\" data-element_type=\"widget\" data-widget_type=\"image.default\">\n\t\t\t\t<div class=\"elementor-widget-container\">\n\t\t\t\t\t\t\t\t\t\t\t\t\t\t\t<img loading=\"lazy\" decoding=\"async\" width=\"300\" height=\"200\" src=\"https:\/\/www.sardegnasummer.it\/wp-content\/uploads\/2022\/01\/sport.jpg\" class=\"attachment-large size-large\" alt=\"\" \/>\t\t\t\t\t\t\t\t\t\t\t\t\t\t\t<\/div>\n\t\t\t\t<\/div>\n\t\t\t\t\t<\/div>\n\t\t<\/div>\n\t\t\t\t<div class=\"elementor-column elementor-col-50 elementor-top-column elementor-element elementor-element-a92cd81\" data-id=\"a92cd81\" data-element_type=\"column\">\n\t\t\t<div class=\"elementor-widget-wrap elementor-element-populated\">\n\t\t\t\t\t\t\t\t<div class=\"elementor-element elementor-element-deb396c elementor-widget elementor-widget-text-editor\" data-id=\"deb396c\" data-element_type=\"widget\" data-widget_type=\"text-editor.default\">\n\t\t\t\t<div class=\"elementor-widget-container\">\n\t\t\t\t\t\t\t<h1>ACTIVIDADES Y DEPORTES<\/h1><p>El territorio de San Teodoro, con su mar y su entorno \u00fanico, es muy adecuado para las actividades deportivas organizadas con el apoyo de instalaciones espec\u00edficas en el sitio gestionado por profesionales. Est\u00e1n pr\u00e1cticamente todos los deportes acu\u00e1ticos como el buceo y el snorkel, canotaje y kayak, pesca, windsurf, kitesurf, gracias a los vientos predominantes y ocasionalmente, el surf si el viento lo permite.<\/p>\t\t\t\t\t\t<\/div>\n\t\t\t\t<\/div>\n\t\t\t\t\t<\/div>\n\t\t<\/div>\n\t\t\t\t\t\t\t<\/div>\n\t\t<\/section>\n\t\t\t\t<section class=\"elementor-section elementor-top-section elementor-element elementor-element-920d914 elementor-section-full_width elementor-reverse-mobile elementor-section-height-default elementor-section-height-default wpr-particle-no wpr-jarallax-no wpr-parallax-no wpr-sticky-section-no\" data-id=\"920d914\" data-element_type=\"section\">\n\t\t\t\t\t\t<div class=\"elementor-container elementor-column-gap-default\">\n\t\t\t\t\t<div class=\"elementor-column elementor-col-50 elementor-top-column elementor-element elementor-element-75d7542\" data-id=\"75d7542\" data-element_type=\"column\">\n\t\t\t<div class=\"elementor-widget-wrap elementor-element-populated\">\n\t\t\t\t\t\t\t\t<div class=\"elementor-element elementor-element-3033872 elementor-widget elementor-widget-text-editor\" data-id=\"3033872\" data-element_type=\"widget\" data-widget_type=\"text-editor.default\">\n\t\t\t\t<div class=\"elementor-widget-container\">\n\t\t\t\t\t\t\t<h1>TIEMPO LIBRE<\/h1><p>Tambi\u00e9n practicaban una serie de disciplinas como el tenis, f\u00fatbol, voleibol y voleibol de playa en las principales playas y golf en el cercano pueblo de Puntaldia. Finalmente todos los deportes se pueden practicar libremente en contacto con la naturaleza: paseos a caballo o en bicicleta de monta\u00f1a, senderismo, y ciclismo. San Teodoro tambi\u00e9n ofrece una vida nocturna animada sobre todo con la posibilidad de ir de compras por la tarde o en el pintoresco mercado y una amplia selecci\u00f3n de restaurantes, pizzer\u00edas, el aperitivo local, bares, bares de sushi, clubes nocturnos y discotecas.<\/p>\t\t\t\t\t\t<\/div>\n\t\t\t\t<\/div>\n\t\t\t\t\t<\/div>\n\t\t<\/div>\n\t\t\t\t<div class=\"elementor-column elementor-col-50 elementor-top-column elementor-element elementor-element-47072ca\" data-id=\"47072ca\" data-element_type=\"column\">\n\t\t\t<div class=\"elementor-widget-wrap elementor-element-populated\">\n\t\t\t\t\t\t\t\t<div class=\"elementor-element elementor-element-8d096b5 elementor-widget elementor-widget-image\" data-id=\"8d096b5\" data-element_type=\"widget\" data-widget_type=\"image.default\">\n\t\t\t\t<div class=\"elementor-widget-container\">\n\t\t\t\t\t\t\t\t\t\t\t\t\t\t\t<img loading=\"lazy\" decoding=\"async\" width=\"300\" height=\"200\" src=\"https:\/\/www.sardegnasummer.it\/wp-content\/uploads\/2022\/01\/pic6-villap.jpg\" class=\"attachment-large size-large\" alt=\"\" \/>\t\t\t\t\t\t\t\t\t\t\t\t\t\t\t<\/div>\n\t\t\t\t<\/div>\n\t\t\t\t\t<\/div>\n\t\t<\/div>\n\t\t\t\t\t\t\t<\/div>\n\t\t<\/section>\n\t\t\t\t<section class=\"elementor-section elementor-top-section elementor-element elementor-element-e25070f elementor-section-full_width elementor-section-stretched elementor-section-height-default elementor-section-height-default wpr-particle-no wpr-jarallax-no wpr-parallax-no wpr-sticky-section-no\" data-id=\"e25070f\" data-element_type=\"section\" data-settings=\"{&quot;stretch_section&quot;:&quot;section-stretched&quot;,&quot;background_background&quot;:&quot;classic&quot;}\">\n\t\t\t\t\t\t<div class=\"elementor-container elementor-column-gap-default\">\n\t\t\t\t\t<div class=\"elementor-column elementor-col-100 elementor-top-column elementor-element elementor-element-bab9625\" data-id=\"bab9625\" data-element_type=\"column\">\n\t\t\t<div class=\"elementor-widget-wrap elementor-element-populated\">\n\t\t\t\t\t\t\t\t<div class=\"elementor-element elementor-element-755eb87 elementor-heading__align-center animated-fast elementor-invisible elementor-widget elementor-widget-heading\" data-id=\"755eb87\" data-element_type=\"widget\" data-settings=\"{&quot;_animation&quot;:&quot;opal-move-up&quot;}\" data-widget_type=\"heading.default\">\n\t\t\t\t<div class=\"elementor-widget-container\">\n\t\t\t<h2 class=\"elementor-heading-title elementor-size-default\">LAS DEM\u00c1S RESIDENCIAS<\/h2>\t\t<\/div>\n\t\t\t\t<\/div>\n\t\t\t\t\t<\/div>\n\t\t<\/div>\n\t\t\t\t\t\t\t<\/div>\n\t\t<\/section>\n\t\t\t\t<section class=\"elementor-section elementor-top-section elementor-element elementor-element-b08b70f elementor-section-stretched elementor-section-full_width elementor-section-height-default elementor-section-height-default wpr-particle-no wpr-jarallax-no wpr-parallax-no wpr-sticky-section-no\" data-id=\"b08b70f\" data-element_type=\"section\" data-settings=\"{&quot;background_background&quot;:&quot;classic&quot;,&quot;stretch_section&quot;:&quot;section-stretched&quot;}\">\n\t\t\t\t\t\t<div class=\"elementor-container elementor-column-gap-custom\">\n\t\t\t\t\t<div class=\"elementor-column elementor-col-50 elementor-top-column elementor-element elementor-element-826aeff\" data-id=\"826aeff\" data-element_type=\"column\">\n\t\t\t<div class=\"elementor-widget-wrap elementor-element-populated\">\n\t\t\t\t\t\t\t\t<div class=\"elementor-section elementor-inner-section elementor-element elementor-element-8d78bd7 elementor-section-full_width elementor-section-height-min-height elementor-section-content-bottom elementor-section-height-default wpr-particle-no wpr-jarallax-no wpr-parallax-no wpr-sticky-section-no\" data-id=\"8d78bd7\" data-element_type=\"section\" data-settings=\"{&quot;background_background&quot;:&quot;classic&quot;}\">\n\t\t\t\t\t\t\t<div class=\"elementor-background-overlay\"><\/div>\n\t\t\t\t\t\t\t<div class=\"elementor-container elementor-column-gap-no\">\n\t\t\t\t\t<div class=\"elementor-column elementor-col-100 elementor-inner-column elementor-element elementor-element-1102d43\" data-id=\"1102d43\" data-element_type=\"column\">\n\t\t\t<div class=\"elementor-widget-wrap elementor-element-populated\">\n\t\t\t\t\t\t\t\t<div class=\"elementor-element elementor-element-31c5595 animated-fast elementor-heading__align-left elementor-invisible elementor-widget elementor-widget-heading\" data-id=\"31c5595\" data-element_type=\"widget\" data-settings=\"{&quot;_animation&quot;:&quot;opal-move-up&quot;}\" data-widget_type=\"heading.default\">\n\t\t\t\t<div class=\"elementor-widget-container\">\n\t\t\t<h1 class=\"elementor-heading-title elementor-size-xxl\"><a href=\"https:\/\/www.sardegnasummer.it\/es\/residence-case-affitto-porto-san-paolo-sardegna\/\">RESIDENCE <BR>\nIL BORGO<\/a><\/h1>\t\t<\/div>\n\t\t\t\t<\/div>\n\t\t\t\t<div class=\"elementor-element elementor-element-b4b74b2 animated-fast elementor-heading__align-left elementor-invisible elementor-widget elementor-widget-heading\" data-id=\"b4b74b2\" data-element_type=\"widget\" data-settings=\"{&quot;_animation&quot;:&quot;opal-move-up&quot;}\" data-widget_type=\"heading.default\">\n\t\t\t\t<div class=\"elementor-widget-container\">\n\t\t\t<h2 class=\"elementor-heading-title elementor-size-default\"><a href=\"https:\/\/www.sardegnasummer.it\/es\/residence-case-affitto-porto-san-paolo-sardegna\/\">PORTO SAN PAOLO<\/a><\/h2>\t\t<\/div>\n\t\t\t\t<\/div>\n\t\t\t\t\t<\/div>\n\t\t<\/div>\n\t\t\t\t\t\t\t<\/div>\n\t\t<\/div>\n\t\t\t\t\t<\/div>\n\t\t<\/div>\n\t\t\t\t<div class=\"elementor-column elementor-col-50 elementor-top-column elementor-element elementor-element-b7f0a86\" data-id=\"b7f0a86\" data-element_type=\"column\">\n\t\t\t<div class=\"elementor-widget-wrap elementor-element-populated\">\n\t\t\t\t\t\t\t\t<div class=\"elementor-section elementor-inner-section elementor-element elementor-element-c88ea99 elementor-section-full_width elementor-section-height-min-height elementor-section-content-bottom elementor-section-height-default wpr-particle-no wpr-jarallax-no wpr-parallax-no wpr-sticky-section-no\" data-id=\"c88ea99\" data-element_type=\"section\" data-settings=\"{&quot;background_background&quot;:&quot;classic&quot;}\">\n\t\t\t\t\t\t\t<div class=\"elementor-background-overlay\"><\/div>\n\t\t\t\t\t\t\t<div class=\"elementor-container elementor-column-gap-no\">\n\t\t\t\t\t<div class=\"elementor-column elementor-col-100 elementor-inner-column elementor-element elementor-element-c7dec77\" data-id=\"c7dec77\" data-element_type=\"column\">\n\t\t\t<div class=\"elementor-widget-wrap elementor-element-populated\">\n\t\t\t\t\t\t\t\t<div class=\"elementor-element elementor-element-0889dc0 animated-fast elementor-heading__align-left elementor-invisible elementor-widget elementor-widget-heading\" data-id=\"0889dc0\" data-element_type=\"widget\" data-settings=\"{&quot;_animation&quot;:&quot;opal-move-up&quot;}\" data-widget_type=\"heading.default\">\n\t\t\t\t<div class=\"elementor-widget-container\">\n\t\t\t<h1 class=\"elementor-heading-title elementor-size-xxl\"><a href=\"https:\/\/www.sardegnasummer.it\/es\/residence-case-affitto-a-budoni-sardegna\/\">RESIDENCE <BR>\nLI MORI <\/a><\/h1>\t\t<\/div>\n\t\t\t\t<\/div>\n\t\t\t\t<div class=\"elementor-element elementor-element-b6ef3ef animated-fast elementor-heading__align-left elementor-invisible elementor-widget elementor-widget-heading\" data-id=\"b6ef3ef\" data-element_type=\"widget\" data-settings=\"{&quot;_animation&quot;:&quot;opal-move-up&quot;}\" data-widget_type=\"heading.default\">\n\t\t\t\t<div class=\"elementor-widget-container\">\n\t\t\t<h2 class=\"elementor-heading-title elementor-size-default\"><a href=\"https:\/\/www.sardegnasummer.it\/es\/residence-case-affitto-a-budoni-sardegna\/\">BUDONI<\/a><\/h2>\t\t<\/div>\n\t\t\t\t<\/div>\n\t\t\t\t\t<\/div>\n\t\t<\/div>\n\t\t\t\t\t\t\t<\/div>\n\t\t<\/div>\n\t\t\t\t\t<\/div>\n\t\t<\/div>\n\t\t\t\t\t\t\t<\/div>\n\t\t<\/section>\n\t\t\t\t\t\t<\/div>\n\t\t\t\t\t<\/div>\n\t\t","protected":false},"excerpt":{"rendered":"<p>RESIDENCIA LI CUPPULATI SAN TEODORO Reservar ahora Precedente Successivo La Residencia \u00abLi Cuppulati\u00bb est\u00e1 cerca de la bonita playa de La Cinta en una amplia zona muy tranquila y representa un lugar ideal y seguro para los ni\u00f1os. A pocos pasos de la residencia se pueden encontrar supermercados, restaurantes, pizzer\u00edas, bares, un spa y centro &hellip; <\/p>\n<p class=\"link-more\"><a href=\"https:\/\/www.sardegnasummer.it\/es\/residence-case-affitto-a-san-teodoro-sardegna\/\" class=\"more-link\">Read More <span class=\"screen-reader-text\"> \u00abLI CUPPULATI San Teodoro\u00bb<\/span><\/a><\/p>\n","protected":false},"author":1,"featured_media":0,"parent":0,"menu_order":0,"comment_status":"closed","ping_status":"closed","template":"","meta":{"footnotes":""},"class_list":["post-72674","page","type-page","status-publish","hentry"],"yoast_head":"<!-- This site is optimized with the Yoast SEO plugin v18.2 - https:\/\/yoast.com\/wordpress\/plugins\/seo\/ -->\n<title>Residence e case in affitto a San Teodoro in Sardegna - SardegnaSummer.it<\/title>\n<meta name=\"description\" content=\"SardegnaSummer.it - Residence estivo in localit\u00e0 San Teodoro nella costa nord orientale della Sardegna\" \/>\n<meta name=\"robots\" content=\"index, follow, max-snippet:-1, max-image-preview:large, max-video-preview:-1\" \/>\n<link rel=\"canonical\" href=\"https:\/\/www.sardegnasummer.it\/residence-case-affitto-a-san-teodoro-sardegna\/\" \/>\n<meta property=\"og:locale\" content=\"es_ES\" \/>\n<meta property=\"og:type\" content=\"article\" \/>\n<meta property=\"og:title\" content=\"Residence e case in affitto a San Teodoro in Sardegna - SardegnaSummer.it\" \/>\n<meta property=\"og:description\" content=\"SardegnaSummer.it - Residence estivo in localit\u00e0 San Teodoro nella costa nord orientale della Sardegna\" \/>\n<meta property=\"og:url\" content=\"https:\/\/www.sardegnasummer.it\/residence-case-affitto-a-san-teodoro-sardegna\/\" \/>\n<meta property=\"og:site_name\" content=\"SardegnaSummer.it\" \/>\n<meta property=\"article:modified_time\" content=\"2026-01-30T14:43:50+00:00\" \/>\n<meta property=\"og:image\" content=\"https:\/\/www.sardegnasummer.it\/wp-content\/uploads\/elementor\/thumbs\/CUPP-TESTA-scaled-pjzclf7jqxsgf0ip23rj3t8zs7upn9qe49wcb1gfcg.jpg\" \/>\n<meta name=\"twitter:card\" content=\"summary_large_image\" \/>\n<meta name=\"twitter:label1\" content=\"Tiempo de lectura\" \/>\n\t<meta name=\"twitter:data1\" content=\"11 minutos\" \/>\n<script type=\"application\/ld+json\" class=\"yoast-schema-graph\">{\"@context\":\"https:\/\/schema.org\",\"@graph\":[{\"@type\":\"Organization\",\"@id\":\"https:\/\/www.sardegnasummer.it\/#organization\",\"name\":\"Sardegna Summer\",\"url\":\"https:\/\/www.sardegnasummer.it\/\",\"sameAs\":[],\"logo\":{\"@type\":\"ImageObject\",\"@id\":\"https:\/\/www.sardegnasummer.it\/#logo\",\"inLanguage\":\"es\",\"url\":\"https:\/\/www.sardegnasummer.it\/wp-content\/uploads\/2018\/12\/logo3-1.png\",\"contentUrl\":\"https:\/\/www.sardegnasummer.it\/wp-content\/uploads\/2018\/12\/logo3-1.png\",\"width\":261,\"height\":135,\"caption\":\"Sardegna Summer\"},\"image\":{\"@id\":\"https:\/\/www.sardegnasummer.it\/#logo\"}},{\"@type\":\"WebSite\",\"@id\":\"https:\/\/www.sardegnasummer.it\/#website\",\"url\":\"https:\/\/www.sardegnasummer.it\/\",\"name\":\"SardegnaSummer.it\",\"description\":\"\",\"publisher\":{\"@id\":\"https:\/\/www.sardegnasummer.it\/#organization\"},\"potentialAction\":[{\"@type\":\"SearchAction\",\"target\":{\"@type\":\"EntryPoint\",\"urlTemplate\":\"https:\/\/www.sardegnasummer.it\/?s={search_term_string}\"},\"query-input\":\"required name=search_term_string\"}],\"inLanguage\":\"es\"},{\"@type\":\"ImageObject\",\"@id\":\"https:\/\/www.sardegnasummer.it\/residence-case-affitto-a-san-teodoro-sardegna\/#primaryimage\",\"inLanguage\":\"es\",\"url\":\"https:\/\/www.sardegnasummer.it\/wp-content\/uploads\/elementor\/thumbs\/CUPP-TESTA-scaled-pjzclf7jqxsgf0ip23rj3t8zs7upn9qe49wcb1gfcg.jpg\",\"contentUrl\":\"https:\/\/www.sardegnasummer.it\/wp-content\/uploads\/elementor\/thumbs\/CUPP-TESTA-scaled-pjzclf7jqxsgf0ip23rj3t8zs7upn9qe49wcb1gfcg.jpg\"},{\"@type\":\"WebPage\",\"@id\":\"https:\/\/www.sardegnasummer.it\/residence-case-affitto-a-san-teodoro-sardegna\/#webpage\",\"url\":\"https:\/\/www.sardegnasummer.it\/residence-case-affitto-a-san-teodoro-sardegna\/\",\"name\":\"Residence e case in affitto a San Teodoro in Sardegna - SardegnaSummer.it\",\"isPartOf\":{\"@id\":\"https:\/\/www.sardegnasummer.it\/#website\"},\"primaryImageOfPage\":{\"@id\":\"https:\/\/www.sardegnasummer.it\/residence-case-affitto-a-san-teodoro-sardegna\/#primaryimage\"},\"datePublished\":\"2022-01-20T09:47:23+00:00\",\"dateModified\":\"2026-01-30T14:43:50+00:00\",\"description\":\"SardegnaSummer.it - Residence estivo in localit\u00e0 San Teodoro nella costa nord orientale della Sardegna\",\"breadcrumb\":{\"@id\":\"https:\/\/www.sardegnasummer.it\/residence-case-affitto-a-san-teodoro-sardegna\/#breadcrumb\"},\"inLanguage\":\"es\",\"potentialAction\":[{\"@type\":\"ReadAction\",\"target\":[\"https:\/\/www.sardegnasummer.it\/residence-case-affitto-a-san-teodoro-sardegna\/\"]}]},{\"@type\":\"BreadcrumbList\",\"@id\":\"https:\/\/www.sardegnasummer.it\/residence-case-affitto-a-san-teodoro-sardegna\/#breadcrumb\",\"itemListElement\":[{\"@type\":\"ListItem\",\"position\":1,\"name\":\"Home\",\"item\":\"https:\/\/www.sardegnasummer.it\/es\/\"},{\"@type\":\"ListItem\",\"position\":2,\"name\":\"LI CUPPULATI San Teodoro\"}]}]}<\/script>\n<!-- \/ Yoast SEO plugin. -->","yoast_head_json":{"title":"Residence e case in affitto a San Teodoro in Sardegna - SardegnaSummer.it","description":"SardegnaSummer.it - Residence estivo in localit\u00e0 San Teodoro nella costa nord orientale della Sardegna","robots":{"index":"index","follow":"follow","max-snippet":"max-snippet:-1","max-image-preview":"max-image-preview:large","max-video-preview":"max-video-preview:-1"},"canonical":"https:\/\/www.sardegnasummer.it\/residence-case-affitto-a-san-teodoro-sardegna\/","og_locale":"es_ES","og_type":"article","og_title":"Residence e case in affitto a San Teodoro in Sardegna - SardegnaSummer.it","og_description":"SardegnaSummer.it - Residence estivo in localit\u00e0 San Teodoro nella costa nord orientale della Sardegna","og_url":"https:\/\/www.sardegnasummer.it\/residence-case-affitto-a-san-teodoro-sardegna\/","og_site_name":"SardegnaSummer.it","article_modified_time":"2026-01-30T14:43:50+00:00","og_image":[{"url":"https:\/\/www.sardegnasummer.it\/wp-content\/uploads\/elementor\/thumbs\/CUPP-TESTA-scaled-pjzclf7jqxsgf0ip23rj3t8zs7upn9qe49wcb1gfcg.jpg"}],"twitter_card":"summary_large_image","twitter_misc":{"Tiempo de lectura":"11 minutos"},"schema":{"@context":"https:\/\/schema.org","@graph":[{"@type":"Organization","@id":"https:\/\/www.sardegnasummer.it\/#organization","name":"Sardegna Summer","url":"https:\/\/www.sardegnasummer.it\/","sameAs":[],"logo":{"@type":"ImageObject","@id":"https:\/\/www.sardegnasummer.it\/#logo","inLanguage":"es","url":"https:\/\/www.sardegnasummer.it\/wp-content\/uploads\/2018\/12\/logo3-1.png","contentUrl":"https:\/\/www.sardegnasummer.it\/wp-content\/uploads\/2018\/12\/logo3-1.png","width":261,"height":135,"caption":"Sardegna Summer"},"image":{"@id":"https:\/\/www.sardegnasummer.it\/#logo"}},{"@type":"WebSite","@id":"https:\/\/www.sardegnasummer.it\/#website","url":"https:\/\/www.sardegnasummer.it\/","name":"SardegnaSummer.it","description":"","publisher":{"@id":"https:\/\/www.sardegnasummer.it\/#organization"},"potentialAction":[{"@type":"SearchAction","target":{"@type":"EntryPoint","urlTemplate":"https:\/\/www.sardegnasummer.it\/?s={search_term_string}"},"query-input":"required name=search_term_string"}],"inLanguage":"es"},{"@type":"ImageObject","@id":"https:\/\/www.sardegnasummer.it\/residence-case-affitto-a-san-teodoro-sardegna\/#primaryimage","inLanguage":"es","url":"https:\/\/www.sardegnasummer.it\/wp-content\/uploads\/elementor\/thumbs\/CUPP-TESTA-scaled-pjzclf7jqxsgf0ip23rj3t8zs7upn9qe49wcb1gfcg.jpg","contentUrl":"https:\/\/www.sardegnasummer.it\/wp-content\/uploads\/elementor\/thumbs\/CUPP-TESTA-scaled-pjzclf7jqxsgf0ip23rj3t8zs7upn9qe49wcb1gfcg.jpg"},{"@type":"WebPage","@id":"https:\/\/www.sardegnasummer.it\/residence-case-affitto-a-san-teodoro-sardegna\/#webpage","url":"https:\/\/www.sardegnasummer.it\/residence-case-affitto-a-san-teodoro-sardegna\/","name":"Residence e case in affitto a San Teodoro in Sardegna - SardegnaSummer.it","isPartOf":{"@id":"https:\/\/www.sardegnasummer.it\/#website"},"primaryImageOfPage":{"@id":"https:\/\/www.sardegnasummer.it\/residence-case-affitto-a-san-teodoro-sardegna\/#primaryimage"},"datePublished":"2022-01-20T09:47:23+00:00","dateModified":"2026-01-30T14:43:50+00:00","description":"SardegnaSummer.it - Residence estivo in localit\u00e0 San Teodoro nella costa nord orientale della Sardegna","breadcrumb":{"@id":"https:\/\/www.sardegnasummer.it\/residence-case-affitto-a-san-teodoro-sardegna\/#breadcrumb"},"inLanguage":"es","potentialAction":[{"@type":"ReadAction","target":["https:\/\/www.sardegnasummer.it\/residence-case-affitto-a-san-teodoro-sardegna\/"]}]},{"@type":"BreadcrumbList","@id":"https:\/\/www.sardegnasummer.it\/residence-case-affitto-a-san-teodoro-sardegna\/#breadcrumb","itemListElement":[{"@type":"ListItem","position":1,"name":"Home","item":"https:\/\/www.sardegnasummer.it\/es\/"},{"@type":"ListItem","position":2,"name":"LI CUPPULATI San Teodoro"}]}]}},"_links":{"self":[{"href":"https:\/\/www.sardegnasummer.it\/es\/wp-json\/wp\/v2\/pages\/72674","targetHints":{"allow":["GET"]}}],"collection":[{"href":"https:\/\/www.sardegnasummer.it\/es\/wp-json\/wp\/v2\/pages"}],"about":[{"href":"https:\/\/www.sardegnasummer.it\/es\/wp-json\/wp\/v2\/types\/page"}],"author":[{"embeddable":true,"href":"https:\/\/www.sardegnasummer.it\/es\/wp-json\/wp\/v2\/users\/1"}],"replies":[{"embeddable":true,"href":"https:\/\/www.sardegnasummer.it\/es\/wp-json\/wp\/v2\/comments?post=72674"}],"version-history":[{"count":43,"href":"https:\/\/www.sardegnasummer.it\/es\/wp-json\/wp\/v2\/pages\/72674\/revisions"}],"predecessor-version":[{"id":535199,"href":"https:\/\/www.sardegnasummer.it\/es\/wp-json\/wp\/v2\/pages\/72674\/revisions\/535199"}],"wp:attachment":[{"href":"https:\/\/www.sardegnasummer.it\/es\/wp-json\/wp\/v2\/media?parent=72674"}],"curies":[{"name":"wp","href":"https:\/\/api.w.org\/{rel}","templated":true}]}}