{"id":72647,"date":"2022-01-28T11:59:30","date_gmt":"2022-01-28T10:59:30","guid":{"rendered":"https:\/\/www.sardegnasummer.it\/residence-case-affitto-porto-san-paolo-sardegna\/"},"modified":"2026-01-30T15:50:56","modified_gmt":"2026-01-30T14:50:56","slug":"residence-case-affitto-porto-san-paolo-sardegna","status":"publish","type":"page","link":"https:\/\/www.sardegnasummer.it\/fr\/residence-case-affitto-porto-san-paolo-sardegna\/","title":{"rendered":"IL BORGO Porto San Paolo"},"content":{"rendered":"\t\t<div data-elementor-type=\"wp-post\" data-elementor-id=\"72647\" class=\"elementor elementor-72647 elementor-3993\" data-elementor-settings=\"[]\">\n\t\t\t\t\t\t\t<div class=\"elementor-section-wrap\">\n\t\t\t\t\t\t\t<section class=\"elementor-section elementor-top-section elementor-element elementor-element-3cb7466 elementor-section-full_width elementor-section-height-min-height elementor-section-stretched elementor-section-height-default elementor-section-items-middle wpr-particle-no wpr-jarallax-no wpr-parallax-no wpr-sticky-section-no\" data-id=\"3cb7466\" data-element_type=\"section\" data-settings=\"{&quot;stretch_section&quot;:&quot;section-stretched&quot;,&quot;background_background&quot;:&quot;video&quot;,&quot;background_video_link&quot;:&quot;https:\\\/\\\/www.youtube.com\\\/watch?v=NdeibiZB1h8&quot;,&quot;background_play_on_mobile&quot;:&quot;yes&quot;}\">\n\t\t\t\t\t\t\t\t<div class=\"elementor-background-video-container\">\n\t\t\t\t\t\t\t\t\t\t\t\t\t<div class=\"elementor-background-video-embed\"><\/div>\n\t\t\t\t\t\t\t\t\t\t\t\t<\/div>\n\t\t\t\t\t\t\t\t\t<div class=\"elementor-background-overlay\"><\/div>\n\t\t\t\t\t\t\t<div class=\"elementor-container elementor-column-gap-default\">\n\t\t\t\t\t<div class=\"elementor-column elementor-col-100 elementor-top-column elementor-element elementor-element-a134f8c\" data-id=\"a134f8c\" data-element_type=\"column\">\n\t\t\t<div class=\"elementor-widget-wrap elementor-element-populated\">\n\t\t\t\t\t\t\t\t<div class=\"elementor-element elementor-element-8c844f3 elementor-heading-tablet__align-center animated-fast elementor-heading__align-center elementor-invisible elementor-widget elementor-widget-heading\" data-id=\"8c844f3\" data-element_type=\"widget\" data-settings=\"{&quot;_animation&quot;:&quot;opal-move-up&quot;}\" data-widget_type=\"heading.default\">\n\t\t\t\t<div class=\"elementor-widget-container\">\n\t\t\t<style>\/*! elementor - v3.5.3 - 28-12-2021 *\/\n.elementor-heading-title{padding:0;margin:0;line-height:1}.elementor-widget-heading .elementor-heading-title[class*=elementor-size-]>a{color:inherit;font-size:inherit;line-height:inherit}.elementor-widget-heading .elementor-heading-title.elementor-size-small{font-size:15px}.elementor-widget-heading .elementor-heading-title.elementor-size-medium{font-size:19px}.elementor-widget-heading .elementor-heading-title.elementor-size-large{font-size:29px}.elementor-widget-heading .elementor-heading-title.elementor-size-xl{font-size:39px}.elementor-widget-heading .elementor-heading-title.elementor-size-xxl{font-size:59px}<\/style><h2 class=\"elementor-heading-title elementor-size-default\">R\u00c9SIDENCE<\/h2>\t\t<\/div>\n\t\t\t\t<\/div>\n\t\t\t\t<div class=\"elementor-element elementor-element-4004471d elementor-heading-tablet__align-center animated-fast elementor-heading__align-center elementor-invisible elementor-widget elementor-widget-heading\" data-id=\"4004471d\" data-element_type=\"widget\" data-settings=\"{&quot;_animation&quot;:&quot;opal-move-up&quot;}\" data-widget_type=\"heading.default\">\n\t\t\t\t<div class=\"elementor-widget-container\">\n\t\t\t<h2 class=\"elementor-heading-title elementor-size-default\">IL BORGO<\/h2>\t\t<\/div>\n\t\t\t\t<\/div>\n\t\t\t\t<div class=\"elementor-element elementor-element-1f7204e elementor-heading-tablet__align-center animated-fast elementor-heading__align-center elementor-invisible elementor-widget elementor-widget-heading\" data-id=\"1f7204e\" data-element_type=\"widget\" data-settings=\"{&quot;_animation&quot;:&quot;opal-move-up&quot;}\" data-widget_type=\"heading.default\">\n\t\t\t\t<div class=\"elementor-widget-container\">\n\t\t\t<h3 class=\"elementor-heading-title elementor-size-default\">PORTO SAN PAOLO<\/h3>\t\t<\/div>\n\t\t\t\t<\/div>\n\t\t\t\t<div class=\"elementor-element elementor-element-4507802 elementor-align-center elementor-button-primary elementor-widget elementor-widget-button\" data-id=\"4507802\" data-element_type=\"widget\" data-widget_type=\"button.default\">\n\t\t\t\t<div class=\"elementor-widget-container\">\n\t\t\t        <div class=\"elementor-button-wrapper\">\n            <a href=\"https:\/\/reservations.verticalbooking.com\/premium\/index.html?id_albergo=16454&amp;dc=7420&amp;lingua_int=ita&amp;id_stile=17894\" class=\"elementor-button-link elementor-button elementor-size-lg\" target=\"_blank\" role=\"button\">\n                        <span class=\"elementor-button-content-wrapper\">\n\t\t\t            <span class=\"elementor-button-text\">R\u00e9servez maintenant<\/span>\n\t\t<\/span>\n                    <\/a>\n        <\/div>\n        \t\t<\/div>\n\t\t\t\t<\/div>\n\t\t\t\t\t<\/div>\n\t\t<\/div>\n\t\t\t\t\t\t\t<\/div>\n\t\t<\/section>\n\t\t\t\t<div class=\"elementor-section elementor-top-section elementor-element elementor-element-4a22b9f elementor-section-stretched elementor-section-content-middle elementor-section-boxed elementor-section-height-default elementor-section-height-default wpr-particle-no wpr-jarallax-no wpr-parallax-no wpr-sticky-section-no\" data-id=\"4a22b9f\" data-element_type=\"section\" data-settings=\"{&quot;stretch_section&quot;:&quot;section-stretched&quot;}\">\n\t\t\t\t\t\t<div class=\"elementor-container elementor-column-gap-no\">\n\t\t\t\t\t<div class=\"elementor-column elementor-col-50 elementor-top-column elementor-element elementor-element-290dc75\" data-id=\"290dc75\" data-element_type=\"column\">\n\t\t\t<div class=\"elementor-widget-wrap elementor-element-populated\">\n\t\t\t\t\t\t\t\t<div class=\"elementor-element elementor-element-a365cf6 elementor-widget elementor-widget-text-editor\" data-id=\"a365cf6\" data-element_type=\"widget\" data-widget_type=\"text-editor.default\">\n\t\t\t\t<div class=\"elementor-widget-container\">\n\t\t\t<style>\/*! elementor - v3.5.3 - 28-12-2021 *\/\n.elementor-widget-text-editor.elementor-drop-cap-view-stacked .elementor-drop-cap{background-color:#818a91;color:#fff}.elementor-widget-text-editor.elementor-drop-cap-view-framed .elementor-drop-cap{color:#818a91;border:3px solid;background-color:transparent}.elementor-widget-text-editor:not(.elementor-drop-cap-view-default) .elementor-drop-cap{margin-top:8px}.elementor-widget-text-editor:not(.elementor-drop-cap-view-default) .elementor-drop-cap-letter{width:1em;height:1em}.elementor-widget-text-editor .elementor-drop-cap{float:left;text-align:center;line-height:1;font-size:50px}.elementor-widget-text-editor .elementor-drop-cap-letter{display:inline-block}<\/style>\t\t\t\t<p>R\u00e9sidence Borgo Porto San Paolo Id\u00e9alement situ\u00e9e dans le centre de Porto San Paolo, \u00e0 quelques pas de la mer, des caf\u00e9s, des restaurants et supermarch\u00e9s, la villa \u00ab\u00a0Il Borgo di Porto San Paolo\u00a0\u00bb est caract\u00e9ris\u00e9e par son \u00e9l\u00e9gance, son design et ses magnifiques jardins calmes. Non loin de l&rsquo;appartement vous pourrez louer une voiture, un scooter ou meme un bateau ainsi que s\u00e9lectionner des excursions, des sports (golf, tennis et bien plus) ou sports nautiques (windsurf, kitesurf et bien plus) \u00e0 faire.<\/p>\t\t\t\t\t\t<\/div>\n\t\t\t\t<\/div>\n\t\t\t\t\t<\/div>\n\t\t<\/div>\n\t\t\t\t<div class=\"elementor-column elementor-col-50 elementor-top-column elementor-element elementor-element-14db9518\" data-id=\"14db9518\" data-element_type=\"column\">\n\t\t\t<div class=\"elementor-widget-wrap elementor-element-populated\">\n\t\t\t\t\t\t\t\t<div class=\"elementor-element elementor-element-441ce7a elementor-arrows-position-inside elementor-widget elementor-widget-image-carousel\" data-id=\"441ce7a\" data-element_type=\"widget\" data-settings=\"{&quot;slides_to_show&quot;:&quot;1&quot;,&quot;navigation&quot;:&quot;arrows&quot;,&quot;autoplay&quot;:&quot;yes&quot;,&quot;pause_on_hover&quot;:&quot;yes&quot;,&quot;pause_on_interaction&quot;:&quot;yes&quot;,&quot;autoplay_speed&quot;:5000,&quot;infinite&quot;:&quot;yes&quot;,&quot;effect&quot;:&quot;slide&quot;,&quot;speed&quot;:500}\" data-widget_type=\"image-carousel.default\">\n\t\t\t\t<div class=\"elementor-widget-container\">\n\t\t\t<style>\/*! elementor - v3.5.3 - 28-12-2021 *\/\n.elementor-widget-image-carousel .swiper-container{position:static}.elementor-widget-image-carousel .swiper-container .swiper-slide figure{line-height:inherit}.elementor-widget-image-carousel .swiper-slide{text-align:center}.elementor-image-carousel-wrapper:not(.swiper-container-initialized) .swiper-slide{max-width:calc(100% \/ var(--e-image-carousel-slides-to-show, 3))}<\/style>\t\t<div class=\"elementor-image-carousel-wrapper swiper-container\" dir=\"ltr\">\n\t\t\t<div class=\"elementor-image-carousel swiper-wrapper\">\n\t\t\t\t\t\t\t\t<div class=\"swiper-slide\"><a data-elementor-open-lightbox=\"yes\" data-elementor-lightbox-slideshow=\"441ce7a\" data-elementor-lightbox-title=\"IL BORGO PSP1\" href=\"https:\/\/www.sardegnasummer.it\/wp-content\/uploads\/2022\/01\/IL-BORGO-PSP1-scaled.jpg\"><figure class=\"swiper-slide-inner\"><img decoding=\"async\" class=\"swiper-slide-image\" src=\"https:\/\/www.sardegnasummer.it\/wp-content\/uploads\/elementor\/thumbs\/IL-BORGO-PSP1-scaled-pjoneepcn4w6514poieuxlsblallybnckxemfo7s8g.jpg\" alt=\"IL BORGO PSP1\" \/><\/figure><\/a><\/div><div class=\"swiper-slide\"><a data-elementor-open-lightbox=\"yes\" data-elementor-lightbox-slideshow=\"441ce7a\" data-elementor-lightbox-title=\"IL BORGO PSP2\" href=\"https:\/\/www.sardegnasummer.it\/wp-content\/uploads\/2022\/01\/IL-BORGO-PSP2-scaled.jpg\"><figure class=\"swiper-slide-inner\"><img decoding=\"async\" class=\"swiper-slide-image\" src=\"https:\/\/www.sardegnasummer.it\/wp-content\/uploads\/elementor\/thumbs\/IL-BORGO-PSP2-scaled-pjongiua0pse9g24bxbn1kknpi6c9t1lve8yb32w8g.jpg\" alt=\"IL BORGO PSP2\" \/><\/figure><\/a><\/div><div class=\"swiper-slide\"><a data-elementor-open-lightbox=\"yes\" data-elementor-lightbox-slideshow=\"441ce7a\" data-elementor-lightbox-title=\"IL BORGO PSP3\" href=\"https:\/\/www.sardegnasummer.it\/wp-content\/uploads\/2022\/01\/IL-BORGO-PSP3-scaled.jpg\"><figure class=\"swiper-slide-inner\"><img decoding=\"async\" class=\"swiper-slide-image\" src=\"https:\/\/www.sardegnasummer.it\/wp-content\/uploads\/elementor\/thumbs\/IL-BORGO-PSP3-scaled-pjonhduya8yuwkt2asqbtuqvb7xgbtgqznrz57swj4.jpg\" alt=\"IL BORGO PSP3\" \/><\/figure><\/a><\/div><div class=\"swiper-slide\"><a data-elementor-open-lightbox=\"yes\" data-elementor-lightbox-slideshow=\"441ce7a\" data-elementor-lightbox-title=\"IL BORGO PSP4\" href=\"https:\/\/www.sardegnasummer.it\/wp-content\/uploads\/2022\/01\/IL-BORGO-PSP4-scaled.jpg\"><figure class=\"swiper-slide-inner\"><img decoding=\"async\" class=\"swiper-slide-image\" src=\"https:\/\/www.sardegnasummer.it\/wp-content\/uploads\/elementor\/thumbs\/IL-BORGO-PSP4-scaled-pjoni7xscy4183ldf5qe1n5mbjt764s5rsnii2kb00.jpg\" alt=\"IL BORGO PSP4\" \/><\/figure><\/a><\/div><div class=\"swiper-slide\"><a data-elementor-open-lightbox=\"yes\" data-elementor-lightbox-slideshow=\"441ce7a\" data-elementor-lightbox-title=\"IL BORGO PSP5\" href=\"https:\/\/www.sardegnasummer.it\/wp-content\/uploads\/2022\/01\/IL-BORGO-PSP5-scaled.jpg\"><figure class=\"swiper-slide-inner\"><img decoding=\"async\" class=\"swiper-slide-image\" src=\"https:\/\/www.sardegnasummer.it\/wp-content\/uploads\/elementor\/thumbs\/IL-BORGO-PSP5-scaled-pjonixbfhh2rxkkiaypbeyr2cyc3xykwva9mgjioc0.jpg\" alt=\"IL BORGO PSP5\" \/><\/figure><\/a><\/div><div class=\"swiper-slide\"><a data-elementor-open-lightbox=\"yes\" data-elementor-lightbox-slideshow=\"441ce7a\" data-elementor-lightbox-title=\"IL BORGO PSP6\" href=\"https:\/\/www.sardegnasummer.it\/wp-content\/uploads\/2022\/01\/IL-BORGO-PSP6-scaled.jpg\"><figure class=\"swiper-slide-inner\"><img decoding=\"async\" class=\"swiper-slide-image\" src=\"https:\/\/www.sardegnasummer.it\/wp-content\/uploads\/elementor\/thumbs\/IL-BORGO-PSP6-scaled-pjonka71cuxopalidjtx0mf18zn727yye06vexi7cg.jpg\" alt=\"IL BORGO PSP6\" \/><\/figure><\/a><\/div><div class=\"swiper-slide\"><a data-elementor-open-lightbox=\"yes\" data-elementor-lightbox-slideshow=\"441ce7a\" data-elementor-lightbox-title=\"IL BORGO PSP7\" href=\"https:\/\/www.sardegnasummer.it\/wp-content\/uploads\/2022\/01\/IL-BORGO-PSP7-scaled.jpg\"><figure class=\"swiper-slide-inner\"><img decoding=\"async\" class=\"swiper-slide-image\" src=\"https:\/\/www.sardegnasummer.it\/wp-content\/uploads\/elementor\/thumbs\/IL-BORGO-PSP7-scaled-pjonkzkohdwferkn9csudy0hae63u1rphhszdegkog.jpg\" alt=\"IL BORGO PSP7\" \/><\/figure><\/a><\/div><div class=\"swiper-slide\"><a data-elementor-open-lightbox=\"yes\" data-elementor-lightbox-slideshow=\"441ce7a\" data-elementor-lightbox-title=\"IL BORGO PSP8\" href=\"https:\/\/www.sardegnasummer.it\/wp-content\/uploads\/2022\/01\/IL-BORGO-PSP8-scaled.jpg\"><figure class=\"swiper-slide-inner\"><img decoding=\"async\" class=\"swiper-slide-image\" src=\"https:\/\/www.sardegnasummer.it\/wp-content\/uploads\/elementor\/thumbs\/IL-BORGO-PSP8-scaled-pjonlo0hf2tvsml5and56rugqetne6gq8urlulgc6o.jpg\" alt=\"IL BORGO PSP8\" \/><\/figure><\/a><\/div><div class=\"swiper-slide\"><a data-elementor-open-lightbox=\"yes\" data-elementor-lightbox-slideshow=\"441ce7a\" data-elementor-lightbox-title=\"IL BORGO PSP9\" href=\"https:\/\/www.sardegnasummer.it\/wp-content\/uploads\/2022\/01\/IL-BORGO-PSP9-scaled.jpg\"><figure class=\"swiper-slide-inner\"><img decoding=\"async\" class=\"swiper-slide-image\" src=\"https:\/\/www.sardegnasummer.it\/wp-content\/uploads\/elementor\/thumbs\/IL-BORGO-PSP9-scaled-pjonmi3bhrz245dgf0d7ek97qqpe8hs50zn57g7qnk.jpg\" alt=\"IL BORGO PSP9\" \/><\/figure><\/a><\/div><div class=\"swiper-slide\"><a data-elementor-open-lightbox=\"yes\" data-elementor-lightbox-slideshow=\"441ce7a\" data-elementor-lightbox-title=\"IL BORGO PSP10\" href=\"https:\/\/www.sardegnasummer.it\/wp-content\/uploads\/2022\/01\/IL-BORGO-PSP10-scaled.jpg\"><figure class=\"swiper-slide-inner\"><img decoding=\"async\" class=\"swiper-slide-image\" src=\"https:\/\/www.sardegnasummer.it\/wp-content\/uploads\/elementor\/thumbs\/IL-BORGO-PSP10-scaled-pjonnaah6t1nsg8huck0hd51kauenew34v7plr1xgw.jpg\" alt=\"IL BORGO PSP10\" \/><\/figure><\/a><\/div><div class=\"swiper-slide\"><a data-elementor-open-lightbox=\"yes\" data-elementor-lightbox-slideshow=\"441ce7a\" data-elementor-lightbox-title=\"IL BORGO PSP11\" href=\"https:\/\/www.sardegnasummer.it\/wp-content\/uploads\/2022\/01\/IL-BORGO-PSP11-scaled.jpg\"><figure class=\"swiper-slide-inner\"><img decoding=\"async\" class=\"swiper-slide-image\" src=\"https:\/\/www.sardegnasummer.it\/wp-content\/uploads\/elementor\/thumbs\/IL-BORGO-PSP11-scaled-pjono5b5gc84fkzft7yp9nb960lipfb894qqfvrxrk.jpg\" alt=\"IL BORGO PSP11\" \/><\/figure><\/a><\/div><div class=\"swiper-slide\"><a data-elementor-open-lightbox=\"yes\" data-elementor-lightbox-slideshow=\"441ce7a\" data-elementor-lightbox-title=\"IL BORGO PSP12\" href=\"https:\/\/www.sardegnasummer.it\/wp-content\/uploads\/2022\/01\/IL-BORGO-PSP12-scaled.jpg\"><figure class=\"swiper-slide-inner\"><img decoding=\"async\" class=\"swiper-slide-image\" src=\"https:\/\/www.sardegnasummer.it\/wp-content\/uploads\/elementor\/thumbs\/IL-BORGO-PSP12-scaled-pjonovmmrp85gnx7jjc97go5sszsoy7por0bvmowxc.jpg\" alt=\"IL BORGO PSP12\" \/><\/figure><\/a><\/div><div class=\"swiper-slide\"><a data-elementor-open-lightbox=\"yes\" data-elementor-lightbox-slideshow=\"441ce7a\" data-elementor-lightbox-title=\"IL BORGO PSP13\" href=\"https:\/\/www.sardegnasummer.it\/wp-content\/uploads\/2022\/01\/IL-BORGO-PSP13-scaled.jpg\"><figure class=\"swiper-slide-inner\"><img decoding=\"async\" class=\"swiper-slide-image\" src=\"https:\/\/www.sardegnasummer.it\/wp-content\/uploads\/elementor\/thumbs\/IL-BORGO-PSP13-scaled-pjonpmvy9w9gtctm4d4fprsj0z9fw67xghxesnkhww.jpg\" alt=\"IL BORGO PSP13\" \/><\/figure><\/a><\/div><div class=\"swiper-slide\"><a data-elementor-open-lightbox=\"yes\" data-elementor-lightbox-slideshow=\"441ce7a\" data-elementor-lightbox-title=\"IL BORGO PSP14\" href=\"https:\/\/www.sardegnasummer.it\/wp-content\/uploads\/2022\/01\/IL-BORGO-PSP14-scaled.jpg\"><figure class=\"swiper-slide-inner\"><img decoding=\"async\" class=\"swiper-slide-image\" src=\"https:\/\/www.sardegnasummer.it\/wp-content\/uploads\/elementor\/thumbs\/IL-BORGO-PSP14-scaled-pjonqf33yxc2hnonjpb8skocujegb3bvkdhz6yeoq8.jpg\" alt=\"IL BORGO PSP14\" \/><\/figure><\/a><\/div><div class=\"swiper-slide\"><a data-elementor-open-lightbox=\"yes\" data-elementor-lightbox-slideshow=\"441ce7a\" data-elementor-lightbox-title=\"IL BORGO PSP15\" href=\"https:\/\/www.sardegnasummer.it\/wp-content\/uploads\/2022\/01\/IL-BORGO-PSP15-scaled.jpg\"><figure class=\"swiper-slide-inner\"><img decoding=\"async\" class=\"swiper-slide-image\" src=\"https:\/\/www.sardegnasummer.it\/wp-content\/uploads\/elementor\/thumbs\/IL-BORGO-PSP15-scaled-pjonrcxasyme3mbi23xtac4y8ero0727p0zggx0ii8.jpg\" alt=\"IL BORGO PSP15\" \/><\/figure><\/a><\/div>\t\t\t<\/div>\n\t\t\t\t\t\t\t\t\t\t\t\t\t\t\t\t<div class=\"elementor-swiper-button elementor-swiper-button-prev\">\n\t\t\t\t\t\t<i aria-hidden=\"true\" class=\"eicon-chevron-left\"><\/i>\t\t\t\t\t\t<span class=\"elementor-screen-only\">Pr\u00e9c\u00e9dent<\/span>\n\t\t\t\t\t<\/div>\n\t\t\t\t\t<div class=\"elementor-swiper-button elementor-swiper-button-next\">\n\t\t\t\t\t\t<i aria-hidden=\"true\" class=\"eicon-chevron-right\"><\/i>\t\t\t\t\t\t<span class=\"elementor-screen-only\">Suivant<\/span>\n\t\t\t\t\t<\/div>\n\t\t\t\t\t\t\t\t\t<\/div>\n\t\t\t\t<\/div>\n\t\t\t\t<\/div>\n\t\t\t\t\t<\/div>\n\t\t<\/div>\n\t\t\t\t\t\t\t<\/div>\n\t\t<\/div>\n\t\t\t\t<section class=\"elementor-section elementor-top-section elementor-element elementor-element-47e6c47 elementor-section-full_width elementor-section-stretched elementor-section-height-default elementor-section-height-default wpr-particle-no wpr-jarallax-no wpr-parallax-no wpr-sticky-section-no\" data-id=\"47e6c47\" data-element_type=\"section\" data-settings=\"{&quot;stretch_section&quot;:&quot;section-stretched&quot;,&quot;background_background&quot;:&quot;classic&quot;}\">\n\t\t\t\t\t\t<div class=\"elementor-container elementor-column-gap-default\">\n\t\t\t\t\t<div class=\"elementor-column elementor-col-100 elementor-top-column elementor-element elementor-element-54de2f1\" data-id=\"54de2f1\" data-element_type=\"column\">\n\t\t\t<div class=\"elementor-widget-wrap elementor-element-populated\">\n\t\t\t\t\t\t\t\t<div class=\"elementor-element elementor-element-50fcb12 elementor-heading-tablet__align-center animated-fast elementor-heading__align-center elementor-invisible elementor-widget elementor-widget-heading\" data-id=\"50fcb12\" data-element_type=\"widget\" data-settings=\"{&quot;_animation&quot;:&quot;opal-move-up&quot;}\" data-widget_type=\"heading.default\">\n\t\t\t\t<div class=\"elementor-widget-container\">\n\t\t\t<h2 class=\"elementor-heading-title elementor-size-default\">APPARTEMENTS<\/h2>\t\t<\/div>\n\t\t\t\t<\/div>\n\t\t\t\t<div class=\"elementor-element elementor-element-2e6ae32 animated-fast elementor-invisible elementor-widget elementor-widget-text-editor\" data-id=\"2e6ae32\" data-element_type=\"widget\" data-settings=\"{&quot;_animation&quot;:&quot;opal-move-up&quot;}\" data-widget_type=\"text-editor.default\">\n\t\t\t\t<div class=\"elementor-widget-container\">\n\t\t\t\t\t\t\t<p>Chaque appartement est joliment meubl\u00e9 et peut accueillir confortablement jusqu\u2019\u00e0 un maximum de 4 adultes et 2 enfants. Tous les types se composent de deux chambres (une avec un lit double et une avec deux lits simples qui peuvent \u00eatre joints), salle de s\u00e9jour avec canap\u00e9-lit double (compos\u00e9 de 2 lits simples), cuisine semi-s\u00e9par\u00e9e, deux salles de bains compl\u00e8tes avec douche. Elles sont \u00e9galement \u00e9quip\u00e9es de la climatisation, d\u2019une t\u00e9l\u00e9vision \u00e0 \u00e9cran LCD, d\u2019un four \u00e9lectrique et d\u2019un four micro-ondes, d\u2019une machine \u00e0 laver et de deux grandes v\u00e9randas \u00e0 usage exclusif.\u00a0<span style=\"font-size: 16px; letter-spacing: 0.35px;\">Les appartements, tr\u00e8s confortables, sont d\u00e9cor\u00e9s avec go\u00fbt et \u00e9quip\u00e9s de meubles neufs ainsi que d&rsquo;une TV LCD, d&rsquo;un lave-linge et d&rsquo;air conditionn\u00e9.\u00a0<\/span><span style=\"font-size: 16px; letter-spacing: 0.35px;\">Chaque appartement a deux chambres (une avec lit double et une avec lits jumeaux), deux salles de bains (douche), une cuisine \u00e9quip\u00e9e, une salle de s\u00e9jour avec un canap\u00e9-lit double et deux grandes terrasses dont une est accessible par la baie vitr\u00e9e de la cuisine.\u00a0<\/span><span style=\"font-size: 16px; letter-spacing: 0.35px;\">Celle-ci est \u00e9quip\u00e9e d&rsquo;une table et de chaises afin que vous puissiez y manger tout en admirant la belle vue relaxante sur le jardin et la mer. Les appartements sont \u00e0 5 minutes de la plage, des caf\u00e9s, des restaurants, des bars, des supermarch\u00e9s et autres magasins.<\/span><\/p>\t\t\t\t\t\t<\/div>\n\t\t\t\t<\/div>\n\t\t\t\t\t<\/div>\n\t\t<\/div>\n\t\t\t\t\t\t\t<\/div>\n\t\t<\/section>\n\t\t\t\t<section class=\"elementor-section elementor-top-section elementor-element elementor-element-2257ac1 elementor-section-height-min-height elementor-section-full_width elementor-section-stretched elementor-section-height-default elementor-section-items-middle wpr-particle-no wpr-jarallax-no wpr-parallax-no wpr-sticky-section-no\" data-id=\"2257ac1\" data-element_type=\"section\" data-settings=\"{&quot;background_background&quot;:&quot;classic&quot;,&quot;stretch_section&quot;:&quot;section-stretched&quot;}\">\n\t\t\t\t\t\t<div class=\"elementor-container elementor-column-gap-default\">\n\t\t\t\t\t<div class=\"elementor-column elementor-col-100 elementor-top-column elementor-element elementor-element-c5a87e9\" data-id=\"c5a87e9\" data-element_type=\"column\">\n\t\t\t<div class=\"elementor-widget-wrap elementor-element-populated\">\n\t\t\t\t\t\t\t\t<div class=\"elementor-element elementor-element-ba898c6 elementor-widget elementor-widget-slider_revolution\" data-id=\"ba898c6\" data-element_type=\"widget\" data-widget_type=\"slider_revolution.default\">\n\t\t\t\t<div class=\"elementor-widget-container\">\n\t\t\t\n\t\t<div class=\"wp-block-themepunch-revslider\">\n\t\t\t<!-- START FR il borgo  appartamenti REVOLUTION SLIDER 6.5.14 --><p class=\"rs-p-wp-fix\"><\/p>\n\t\t\t<rs-module-wrap id=\"rev_slider_40_1_wrapper\" data-source=\"gallery\" style=\"visibility:hidden;background:transparent;padding:0;margin:0px auto;margin-top:0;margin-bottom:0;\">\n\t\t\t\t<rs-module id=\"rev_slider_40_1\" style=\"\" data-version=\"6.5.14\">\n\t\t\t\t\t<rs-slides>\n\t\t\t\t\t\t<rs-slide style=\"position: absolute;\" data-key=\"rs-250\" data-title=\"trilocale\" data-anim=\"ms:1014;f:nodelay;\" data-filter=\"b:2;\" data-in=\"o:0;sx:1.5;sy:1.2;m:true;col:6;\" data-out=\"a:false;\" data-alttrans=\"slotfade-horizontal,boxslide\" data-iratio=\"1.49795\">\n\t\t\t\t\t\t\t<img loading=\"lazy\" decoding=\"async\" src=\"\/\/www.sardegnasummer.it\/wp-content\/plugins\/revslider\/public\/assets\/assets\/dummy.png\" alt=\"\" title=\"SardegnaSummer PortoSanPaolo 2023-1\" width=\"2560\" height=\"1709\" class=\"rev-slidebg tp-rs-img rs-lazyload\" data-lazyload=\"\/\/www.sardegnasummer.it\/wp-content\/uploads\/2024\/01\/SardegnaSummer-PortoSanPaolo-2023-1-scaled.jpg\" data-parallax=\"off\" data-panzoom=\"d:10000;ss:100;se:105;\" data-no-retina>\n<!--\n\t\t\t\t\t\t\t--><rs-layer\n\t\t\t\t\t\t\t\tid=\"slider-40-slide-250-layer-0\" \n\t\t\t\t\t\t\t\tclass=\"rev-btn\"\n\t\t\t\t\t\t\t\tdata-type=\"button\"\n\t\t\t\t\t\t\t\tdata-rsp_ch=\"on\"\n\t\t\t\t\t\t\t\tdata-xy=\"xo:1598px,1065px,1065px,851px;yo:510px,340px,340px,272px;\"\n\t\t\t\t\t\t\t\tdata-text=\"w:normal;s:17,11,11,8;l:40,26,26,20;fw:500;\"\n\t\t\t\t\t\t\t\tdata-dim=\"minh:0px,none,none,none;\"\n\t\t\t\t\t\t\t\tdata-padding=\"r:25,17,17,14;l:25,17,17,14;\"\n\t\t\t\t\t\t\t\tdata-border=\"bos:solid;boc:rgba(255,255,255,0.35);bow:1px,1px,1px,1px;\"\n\t\t\t\t\t\t\t\tdata-frame_999=\"o:0;st:w;\"\n\t\t\t\t\t\t\t\tdata-frame_hover=\"bgc:rgba(0,0,0,0);boc:rgba(255,255,255,0.75);bor:0px,0px,0px,0px;bos:solid;bow:1px,1px,1px,1px;e:power1.inOut;\"\n\t\t\t\t\t\t\t\tstyle=\"z-index:12;background-color:rgba(0,0,0,0);font-family:'Roboto';\"\n\t\t\t\t\t\t\t>PRENOTA \n\t\t\t\t\t\t\t<\/rs-layer><!--\n\n\t\t\t\t\t\t\t--><rs-layer\n\t\t\t\t\t\t\t\tid=\"slider-40-slide-250-layer-1\" \n\t\t\t\t\t\t\t\tdata-type=\"text\"\n\t\t\t\t\t\t\t\tdata-rsp_ch=\"on\"\n\t\t\t\t\t\t\t\tdata-xy=\"x:l,l,c,c;xo:415px,276px,56px,0;y:m;yo:124px,79px,80px,62px;\"\n\t\t\t\t\t\t\t\tdata-text=\"w:normal;s:40,28,28,24;l:85,85,66,43;a:left,left,center,center;\"\n\t\t\t\t\t\t\t\tdata-dim=\"w:351.98400000000004px,351px,228px,163px;\"\n\t\t\t\t\t\t\t\tdata-frame_0=\"sX:0.9;sY:0.9;\"\n\t\t\t\t\t\t\t\tdata-frame_1=\"x:0,0,0px,0px;y:0,0,0px,0px;e:power2.out;st:310;sp:1110;sR:310;\"\n\t\t\t\t\t\t\t\tdata-frame_999=\"o:0;st:w;sR:7580;\"\n\t\t\t\t\t\t\t\tstyle=\"z-index:11;font-family:'Jura';text-transform:uppercase;\"\n\t\t\t\t\t\t\t>turquoise \n\t\t\t\t\t\t\t<\/rs-layer><!--\n\n\t\t\t\t\t\t\t--><rs-layer\n\t\t\t\t\t\t\t\tid=\"slider-40-slide-250-layer-5\" \n\t\t\t\t\t\t\t\tdata-type=\"shape\"\n\t\t\t\t\t\t\t\tdata-rsp_ch=\"on\"\n\t\t\t\t\t\t\t\tdata-xy=\"xo:1239px,826px,826px,660px;yo:356px,237px,237px,189px;\"\n\t\t\t\t\t\t\t\tdata-text=\"w:normal;s:20,13,13,10;l:0,16,16,12;\"\n\t\t\t\t\t\t\t\tdata-dim=\"w:692px,461px,461px,368px;h:199px,132px,132px,105px;\"\n\t\t\t\t\t\t\t\tdata-basealign=\"slide\"\n\t\t\t\t\t\t\t\tdata-frame_999=\"o:0;st:w;\"\n\t\t\t\t\t\t\t\tstyle=\"z-index:8;background-color:#130093;\"\n\t\t\t\t\t\t\t> \n\t\t\t\t\t\t\t<\/rs-layer><!--\n\n\t\t\t\t\t\t\t--><rs-layer\n\t\t\t\t\t\t\t\tid=\"slider-40-slide-250-layer-6\" \n\t\t\t\t\t\t\t\tdata-type=\"shape\"\n\t\t\t\t\t\t\t\tdata-rsp_ch=\"on\"\n\t\t\t\t\t\t\t\tdata-xy=\"x:l,l,l,c;xo:397px,264px,264px,0;yo:386px,257px,257px,205px;\"\n\t\t\t\t\t\t\t\tdata-text=\"w:normal;s:20,13,13,10;l:0,16,16,12;\"\n\t\t\t\t\t\t\t\tdata-dim=\"w:505.98800000000006px,336px,336px,268px;h:191px,127px,127px,101px;\"\n\t\t\t\t\t\t\t\tdata-frame_999=\"o:0;st:w;\"\n\t\t\t\t\t\t\t\tstyle=\"z-index:9;background-color:#040231;\"\n\t\t\t\t\t\t\t> \n\t\t\t\t\t\t\t<\/rs-layer><!--\n\n\t\t\t\t\t\t\t--><rs-layer\n\t\t\t\t\t\t\t\tid=\"slider-40-slide-250-layer-7\" \n\t\t\t\t\t\t\t\tclass=\"rev-btn\"\n\t\t\t\t\t\t\t\tdata-type=\"button\"\n\t\t\t\t\t\t\t\tdata-rsp_ch=\"on\"\n\t\t\t\t\t\t\t\tdata-xy=\"xo:943px,628px,628px,502px;yo:501px,334px,334px,267px;\"\n\t\t\t\t\t\t\t\tdata-text=\"w:normal;s:17,11,11,8;l:40,26,26,20;fw:500;\"\n\t\t\t\t\t\t\t\tdata-dim=\"minh:0px,none,none,none;\"\n\t\t\t\t\t\t\t\tdata-padding=\"r:25,17,17,14;l:25,17,17,14;\"\n\t\t\t\t\t\t\t\tdata-border=\"bos:solid;boc:rgba(255,255,255,0.35);bow:1px,1px,1px,1px;\"\n\t\t\t\t\t\t\t\tdata-frame_999=\"o:0;st:w;\"\n\t\t\t\t\t\t\t\tdata-frame_hover=\"bgc:rgba(0,0,0,0);boc:rgba(255,255,255,0.75);bor:0px,0px,0px,0px;bos:solid;bow:1px,1px,1px,1px;e:power1.inOut;\"\n\t\t\t\t\t\t\t\tstyle=\"z-index:13;background-color:rgba(0,0,0,0);font-family:'Jura';\"\n\t\t\t\t\t\t\t>PRENOTA \n\t\t\t\t\t\t\t<\/rs-layer><!--\n\n\t\t\t\t\t\t\t--><rs-layer\n\t\t\t\t\t\t\t\tid=\"slider-40-slide-250-layer-8\" \n\t\t\t\t\t\t\t\tdata-type=\"text\"\n\t\t\t\t\t\t\t\tdata-rsp_ch=\"on\"\n\t\t\t\t\t\t\t\tdata-xy=\"x:c,c,c,r;xo:192px,128px,128px,0;y:m;yo:161px,107px,107px,0;\"\n\t\t\t\t\t\t\t\tdata-text=\"w:normal;s:22,14,14,22;l:19,12,12,9;a:left,left,left,center;\"\n\t\t\t\t\t\t\t\tdata-dim=\"w:449px,299px,299px,30px;h:21px,14px,14px,30px;\"\n\t\t\t\t\t\t\t\tdata-vbility=\"f,f,f,t\"\n\t\t\t\t\t\t\t\tdata-frame_999=\"o:0;st:w;\"\n\t\t\t\t\t\t\t\tstyle=\"z-index:16;font-family:'Jura';\"\n\t\t\t\t\t\t\t><i class=\"fa-chevron-right\"><\/i> \n\t\t\t\t\t\t\t<\/rs-layer><!--\n\n\t\t\t\t\t\t\t--><a\n\t\t\t\t\t\t\t\tid=\"slider-40-slide-250-layer-9\" \n\t\t\t\t\t\t\t\tclass=\"rs-layer rev-btn\"\n\t\t\t\t\t\t\t\thref=\"https:\/\/www.sardegnasummer.it\/fr\/residence-case-affitto-porto-san-paolo-sardegna\/appartamento-turquoise-residence-il-borgo\/\" target=\"_self\"\n\t\t\t\t\t\t\t\tdata-type=\"button\"\n\t\t\t\t\t\t\t\tdata-rsp_ch=\"on\"\n\t\t\t\t\t\t\t\tdata-xy=\"x:c;xo:359px,239px,239px,0;y:m;yo:239px,159px,159px,127px;\"\n\t\t\t\t\t\t\t\tdata-text=\"w:normal;s:12,8,8,6;l:28,18,18,14;fw:500;a:left,left,left,center;\"\n\t\t\t\t\t\t\t\tdata-dim=\"w:121px,80px,80px,63px;h:30px,20px,20px,15px;minh:0,none,none,none;\"\n\t\t\t\t\t\t\t\tdata-padding=\"r:18,12,12,10;l:18,12,12,10;\"\n\t\t\t\t\t\t\t\tdata-border=\"bos:solid;boc:rgba(255,255,255,0.35);bow:1px,1px,1px,1px;\"\n\t\t\t\t\t\t\t\tdata-frame_999=\"o:0;st:w;\"\n\t\t\t\t\t\t\t\tdata-frame_hover=\"bgc:rgba(0,0,0,0);boc:rgba(255,255,255,0.75);bor:0px,0px,0px,0px;bos:solid;bow:1px,1px,1px,1px;e:power1.inOut;\"\n\t\t\t\t\t\t\t\tstyle=\"z-index:14;background-color:rgba(0,0,0,0);font-family:'Jura';\"\n\t\t\t\t\t\t\t>INFORMATION \n\t\t\t\t\t\t\t<\/a><!--\n\n\t\t\t\t\t\t\t--><rs-layer\n\t\t\t\t\t\t\t\tid=\"slider-40-slide-250-layer-10\" \n\t\t\t\t\t\t\t\tdata-type=\"text\"\n\t\t\t\t\t\t\t\tdata-rsp_ch=\"on\"\n\t\t\t\t\t\t\t\tdata-xy=\"xo:419px,279px,279px,223px;yo:492px,328px,328px,262px;\"\n\t\t\t\t\t\t\t\tdata-text=\"w:normal;s:20,13,13,10;l:25,16,16,12;\"\n\t\t\t\t\t\t\t\tdata-frame_999=\"o:0;st:w;\"\n\t\t\t\t\t\t\t\tstyle=\"z-index:15;font-family:'Roboto';\"\n\t\t\t\t\t\t\t> \n\t\t\t\t\t\t\t<\/rs-layer><!--\n\n\t\t\t\t\t\t\t--><rs-layer\n\t\t\t\t\t\t\t\tid=\"slider-40-slide-250-layer-11\" \n\t\t\t\t\t\t\t\tdata-type=\"text\"\n\t\t\t\t\t\t\t\tdata-rsp_ch=\"on\"\n\t\t\t\t\t\t\t\tdata-xy=\"x:c;xo:192px,128px,128px,0;y:m;yo:162px,108px,108px,86px;\"\n\t\t\t\t\t\t\t\tdata-text=\"w:normal;s:22,14,14,11;l:19,12,12,9;a:left,left,left,center;\"\n\t\t\t\t\t\t\t\tdata-dim=\"w:449px,299px,299px,239px;h:21px,14px,14px,11px;\"\n\t\t\t\t\t\t\t\tdata-frame_999=\"o:0;st:w;\"\n\t\t\t\t\t\t\t\tstyle=\"z-index:16;font-family:'Jura';\"\n\t\t\t\t\t\t\t>Confort et luxe au centre de Porto San Paolo \n\t\t\t\t\t\t\t<\/rs-layer><!--\n-->\t\t\t\t\t\t<\/rs-slide>\n\t\t\t\t\t\t<rs-slide style=\"position: absolute;\" data-key=\"rs-186\" data-title=\"trilocale\" data-anim=\"ms:1014;f:nodelay;\" data-filter=\"b:2;\" data-in=\"o:0;sx:1.5;sy:1.2;m:true;col:6;\" data-out=\"a:false;\" data-alttrans=\"slotfade-horizontal,boxslide\" data-iratio=\"1.49795\">\n\t\t\t\t\t\t\t<img loading=\"lazy\" decoding=\"async\" src=\"\/\/www.sardegnasummer.it\/wp-content\/plugins\/revslider\/public\/assets\/assets\/dummy.png\" alt=\"\" title=\"IL BORGO PSP10\" width=\"2560\" height=\"1709\" class=\"rev-slidebg tp-rs-img rs-lazyload\" data-lazyload=\"\/\/www.sardegnasummer.it\/wp-content\/uploads\/2022\/01\/IL-BORGO-PSP10-scaled.jpg\" data-parallax=\"off\" data-panzoom=\"d:10000;ss:100;se:105;\" data-no-retina>\n<!--\n\t\t\t\t\t\t\t--><rs-layer\n\t\t\t\t\t\t\t\tid=\"slider-40-slide-186-layer-0\" \n\t\t\t\t\t\t\t\tclass=\"rev-btn\"\n\t\t\t\t\t\t\t\tdata-type=\"button\"\n\t\t\t\t\t\t\t\tdata-rsp_ch=\"on\"\n\t\t\t\t\t\t\t\tdata-xy=\"xo:1598px,1065px,1065px,851px;yo:510px,340px,340px,272px;\"\n\t\t\t\t\t\t\t\tdata-text=\"w:normal;s:17,11,11,8;l:40,26,26,20;fw:500;\"\n\t\t\t\t\t\t\t\tdata-dim=\"minh:0px,none,none,none;\"\n\t\t\t\t\t\t\t\tdata-padding=\"r:25,17,17,14;l:25,17,17,14;\"\n\t\t\t\t\t\t\t\tdata-border=\"bos:solid;boc:rgba(255,255,255,0.35);bow:1px,1px,1px,1px;\"\n\t\t\t\t\t\t\t\tdata-frame_999=\"o:0;st:w;\"\n\t\t\t\t\t\t\t\tdata-frame_hover=\"bgc:rgba(0,0,0,0);boc:rgba(255,255,255,0.75);bor:0px,0px,0px,0px;bos:solid;bow:1px,1px,1px,1px;e:power1.inOut;\"\n\t\t\t\t\t\t\t\tstyle=\"z-index:11;background-color:rgba(0,0,0,0);font-family:'Roboto';\"\n\t\t\t\t\t\t\t>PRENOTA \n\t\t\t\t\t\t\t<\/rs-layer><!--\n\n\t\t\t\t\t\t\t--><rs-layer\n\t\t\t\t\t\t\t\tid=\"slider-40-slide-186-layer-1\" \n\t\t\t\t\t\t\t\tdata-type=\"text\"\n\t\t\t\t\t\t\t\tdata-rsp_ch=\"on\"\n\t\t\t\t\t\t\t\tdata-xy=\"x:l,l,c,c;xo:415px,276px,35px,0;y:m;yo:124px,79px,80px,62px;\"\n\t\t\t\t\t\t\t\tdata-text=\"w:normal;s:40,28,28,24;l:85,85,66,43;a:left,left,center,center;\"\n\t\t\t\t\t\t\t\tdata-dim=\"w:351.98400000000004px,351px,228px,163px;\"\n\t\t\t\t\t\t\t\tdata-frame_0=\"sX:0.9;sY:0.9;\"\n\t\t\t\t\t\t\t\tdata-frame_1=\"x:0,0,0px,0px;y:0,0,0px,0px;e:power2.out;st:310;sp:1110;sR:310;\"\n\t\t\t\t\t\t\t\tdata-frame_999=\"o:0;st:w;sR:7580;\"\n\t\t\t\t\t\t\t\tstyle=\"z-index:10;font-family:'Jura';text-transform:uppercase;\"\n\t\t\t\t\t\t\t>bluette \n\t\t\t\t\t\t\t<\/rs-layer><!--\n\n\t\t\t\t\t\t\t--><rs-layer\n\t\t\t\t\t\t\t\tid=\"slider-40-slide-186-layer-2\" \n\t\t\t\t\t\t\t\tdata-type=\"text\"\n\t\t\t\t\t\t\t\tdata-rsp_ch=\"on\"\n\t\t\t\t\t\t\t\tdata-xy=\"x:c,c,c,r;xo:192px,128px,128px,0;y:m;yo:161px,107px,107px,0;\"\n\t\t\t\t\t\t\t\tdata-text=\"w:normal;s:22,14,14,22;l:19,12,12,9;a:left,left,left,center;\"\n\t\t\t\t\t\t\t\tdata-dim=\"w:449px,299px,299px,30px;h:21px,14px,14px,30px;\"\n\t\t\t\t\t\t\t\tdata-vbility=\"f,f,f,t\"\n\t\t\t\t\t\t\t\tdata-frame_999=\"o:0;st:w;\"\n\t\t\t\t\t\t\t\tstyle=\"z-index:16;font-family:'Jura';\"\n\t\t\t\t\t\t\t><i class=\"fa-chevron-right\"><\/i> \n\t\t\t\t\t\t\t<\/rs-layer><!--\n\n\t\t\t\t\t\t\t--><rs-layer\n\t\t\t\t\t\t\t\tid=\"slider-40-slide-186-layer-5\" \n\t\t\t\t\t\t\t\tdata-type=\"shape\"\n\t\t\t\t\t\t\t\tdata-rsp_ch=\"on\"\n\t\t\t\t\t\t\t\tdata-xy=\"xo:1239px,826px,826px,660px;yo:356px,237px,237px,189px;\"\n\t\t\t\t\t\t\t\tdata-text=\"w:normal;s:20,13,13,10;l:0,16,16,12;\"\n\t\t\t\t\t\t\t\tdata-dim=\"w:692px,461px,461px,368px;h:199px,132px,132px,105px;\"\n\t\t\t\t\t\t\t\tdata-basealign=\"slide\"\n\t\t\t\t\t\t\t\tdata-frame_999=\"o:0;st:w;\"\n\t\t\t\t\t\t\t\tstyle=\"z-index:8;background-color:#130093;\"\n\t\t\t\t\t\t\t> \n\t\t\t\t\t\t\t<\/rs-layer><!--\n\n\t\t\t\t\t\t\t--><rs-layer\n\t\t\t\t\t\t\t\tid=\"slider-40-slide-186-layer-6\" \n\t\t\t\t\t\t\t\tdata-type=\"shape\"\n\t\t\t\t\t\t\t\tdata-rsp_ch=\"on\"\n\t\t\t\t\t\t\t\tdata-xy=\"x:l,l,l,c;xo:397px,264px,264px,0;yo:386px,257px,257px,204px;\"\n\t\t\t\t\t\t\t\tdata-text=\"w:normal;s:20,13,13,10;l:0,16,16,12;\"\n\t\t\t\t\t\t\t\tdata-dim=\"w:505.98800000000006px,336px,336px,268px;h:191px,127px,127px,101px;\"\n\t\t\t\t\t\t\t\tdata-frame_999=\"o:0;st:w;\"\n\t\t\t\t\t\t\t\tstyle=\"z-index:9;background-color:#040231;\"\n\t\t\t\t\t\t\t> \n\t\t\t\t\t\t\t<\/rs-layer><!--\n\n\t\t\t\t\t\t\t--><rs-layer\n\t\t\t\t\t\t\t\tid=\"slider-40-slide-186-layer-7\" \n\t\t\t\t\t\t\t\tclass=\"rev-btn\"\n\t\t\t\t\t\t\t\tdata-type=\"button\"\n\t\t\t\t\t\t\t\tdata-rsp_ch=\"on\"\n\t\t\t\t\t\t\t\tdata-xy=\"xo:943px,628px,628px,502px;yo:501px,334px,334px,267px;\"\n\t\t\t\t\t\t\t\tdata-text=\"w:normal;s:17,11,11,8;l:40,26,26,20;fw:500;\"\n\t\t\t\t\t\t\t\tdata-dim=\"minh:0px,none,none,none;\"\n\t\t\t\t\t\t\t\tdata-padding=\"r:25,17,17,14;l:25,17,17,14;\"\n\t\t\t\t\t\t\t\tdata-border=\"bos:solid;boc:rgba(255,255,255,0.35);bow:1px,1px,1px,1px;\"\n\t\t\t\t\t\t\t\tdata-frame_999=\"o:0;st:w;\"\n\t\t\t\t\t\t\t\tdata-frame_hover=\"bgc:rgba(0,0,0,0);boc:rgba(255,255,255,0.75);bor:0px,0px,0px,0px;bos:solid;bow:1px,1px,1px,1px;e:power1.inOut;\"\n\t\t\t\t\t\t\t\tstyle=\"z-index:12;background-color:rgba(0,0,0,0);font-family:'Jura';\"\n\t\t\t\t\t\t\t>PRENOTA \n\t\t\t\t\t\t\t<\/rs-layer><!--\n\n\t\t\t\t\t\t\t--><a\n\t\t\t\t\t\t\t\tid=\"slider-40-slide-186-layer-9\" \n\t\t\t\t\t\t\t\tclass=\"rs-layer rev-btn\"\n\t\t\t\t\t\t\t\thref=\"https:\/\/www.sardegnasummer.it\/fr\/residence-case-affitto-porto-san-paolo-sardegna\/appartamento-bluette-residence-il-borgo\/\" target=\"_self\"\n\t\t\t\t\t\t\t\tdata-type=\"button\"\n\t\t\t\t\t\t\t\tdata-rsp_ch=\"on\"\n\t\t\t\t\t\t\t\tdata-xy=\"x:c;xo:359px,239px,239px,0;y:m;yo:239px,159px,159px,127px;\"\n\t\t\t\t\t\t\t\tdata-text=\"w:normal;s:12,8,8,6;l:28,18,18,14;fw:500;a:left,left,left,center;\"\n\t\t\t\t\t\t\t\tdata-dim=\"w:121px,80px,80px,63px;h:30px,20px,20px,15px;minh:0,none,none,none;\"\n\t\t\t\t\t\t\t\tdata-padding=\"r:18,12,12,10;l:18,12,12,10;\"\n\t\t\t\t\t\t\t\tdata-border=\"bos:solid;boc:rgba(255,255,255,0.35);bow:1px,1px,1px,1px;\"\n\t\t\t\t\t\t\t\tdata-frame_999=\"o:0;st:w;\"\n\t\t\t\t\t\t\t\tdata-frame_hover=\"bgc:rgba(0,0,0,0);boc:rgba(255,255,255,0.75);bor:0px,0px,0px,0px;bos:solid;bow:1px,1px,1px,1px;e:power1.inOut;\"\n\t\t\t\t\t\t\t\tstyle=\"z-index:13;background-color:rgba(0,0,0,0);font-family:'Jura';\"\n\t\t\t\t\t\t\t>INFORMATION<br \/>\n \n\t\t\t\t\t\t\t<\/a><!--\n\n\t\t\t\t\t\t\t--><rs-layer\n\t\t\t\t\t\t\t\tid=\"slider-40-slide-186-layer-10\" \n\t\t\t\t\t\t\t\tdata-type=\"text\"\n\t\t\t\t\t\t\t\tdata-rsp_ch=\"on\"\n\t\t\t\t\t\t\t\tdata-xy=\"xo:419px,279px,279px,223px;yo:492px,328px,328px,262px;\"\n\t\t\t\t\t\t\t\tdata-text=\"w:normal;s:20,13,13,10;l:25,16,16,12;\"\n\t\t\t\t\t\t\t\tdata-frame_999=\"o:0;st:w;\"\n\t\t\t\t\t\t\t\tstyle=\"z-index:14;font-family:'Roboto';\"\n\t\t\t\t\t\t\t> \n\t\t\t\t\t\t\t<\/rs-layer><!--\n\n\t\t\t\t\t\t\t--><rs-layer\n\t\t\t\t\t\t\t\tid=\"slider-40-slide-186-layer-11\" \n\t\t\t\t\t\t\t\tdata-type=\"text\"\n\t\t\t\t\t\t\t\tdata-rsp_ch=\"on\"\n\t\t\t\t\t\t\t\tdata-xy=\"x:c;xo:192px,128px,128px,0;y:m;yo:161px,107px,107px,85px;\"\n\t\t\t\t\t\t\t\tdata-text=\"w:normal;s:22,14,14,11;l:19,12,12,9;a:left,left,left,center;\"\n\t\t\t\t\t\t\t\tdata-dim=\"w:449px,299px,299px,239px;h:21px,14px,14px,11px;\"\n\t\t\t\t\t\t\t\tdata-frame_999=\"o:0;st:w;\"\n\t\t\t\t\t\t\t\tstyle=\"z-index:15;font-family:'Jura';\"\n\t\t\t\t\t\t\t>Confort et luxe au centre de Porto San Paolo \n\t\t\t\t\t\t\t<\/rs-layer><!--\n-->\t\t\t\t\t\t<\/rs-slide>\n\t\t\t\t\t\t<rs-slide style=\"position: absolute;\" data-key=\"rs-260\" data-title=\"trilocale\" data-anim=\"ms:1014;f:nodelay;\" data-filter=\"b:2;\" data-in=\"o:0;sx:1.5;sy:1.2;m:true;col:6;\" data-out=\"a:false;\" data-alttrans=\"slotfade-horizontal,boxslide\" data-iratio=\"1.49795\">\n\t\t\t\t\t\t\t<img loading=\"lazy\" decoding=\"async\" src=\"\/\/www.sardegnasummer.it\/wp-content\/plugins\/revslider\/public\/assets\/assets\/dummy.png\" alt=\"\" title=\"SardegnaSummer PortoSanPaolo 2023-1\" width=\"2560\" height=\"1709\" class=\"rev-slidebg tp-rs-img rs-lazyload\" data-lazyload=\"\/\/www.sardegnasummer.it\/wp-content\/uploads\/2024\/01\/SardegnaSummer-PortoSanPaolo-2023-1-scaled.jpg\" data-parallax=\"off\" data-panzoom=\"d:10000;ss:100;se:105;\" data-no-retina>\n<!--\n\t\t\t\t\t\t\t--><rs-layer\n\t\t\t\t\t\t\t\tid=\"slider-40-slide-260-layer-0\" \n\t\t\t\t\t\t\t\tclass=\"rev-btn\"\n\t\t\t\t\t\t\t\tdata-type=\"button\"\n\t\t\t\t\t\t\t\tdata-rsp_ch=\"on\"\n\t\t\t\t\t\t\t\tdata-xy=\"xo:1598px,1065px,1065px,851px;yo:510px,340px,340px,272px;\"\n\t\t\t\t\t\t\t\tdata-text=\"w:normal;s:17,11,11,8;l:40,26,26,20;fw:500;\"\n\t\t\t\t\t\t\t\tdata-dim=\"minh:0px,none,none,none;\"\n\t\t\t\t\t\t\t\tdata-padding=\"r:25,17,17,14;l:25,17,17,14;\"\n\t\t\t\t\t\t\t\tdata-border=\"bos:solid;boc:rgba(255,255,255,0.35);bow:1px,1px,1px,1px;\"\n\t\t\t\t\t\t\t\tdata-frame_999=\"o:0;st:w;\"\n\t\t\t\t\t\t\t\tdata-frame_hover=\"bgc:rgba(0,0,0,0);boc:rgba(255,255,255,0.75);bor:0px,0px,0px,0px;bos:solid;bow:1px,1px,1px,1px;e:power1.inOut;\"\n\t\t\t\t\t\t\t\tstyle=\"z-index:12;background-color:rgba(0,0,0,0);font-family:'Roboto';\"\n\t\t\t\t\t\t\t>PRENOTA \n\t\t\t\t\t\t\t<\/rs-layer><!--\n\n\t\t\t\t\t\t\t--><rs-layer\n\t\t\t\t\t\t\t\tid=\"slider-40-slide-260-layer-1\" \n\t\t\t\t\t\t\t\tdata-type=\"text\"\n\t\t\t\t\t\t\t\tdata-rsp_ch=\"on\"\n\t\t\t\t\t\t\t\tdata-xy=\"x:l,l,c,c;xo:415px,276px,56px,0;y:m;yo:124px,79px,80px,62px;\"\n\t\t\t\t\t\t\t\tdata-text=\"w:normal;s:40,28,28,24;l:85,85,66,43;a:left,left,center,center;\"\n\t\t\t\t\t\t\t\tdata-dim=\"w:351.98400000000004px,351px,228px,163px;\"\n\t\t\t\t\t\t\t\tdata-frame_0=\"sX:0.9;sY:0.9;\"\n\t\t\t\t\t\t\t\tdata-frame_1=\"x:0,0,0px,0px;y:0,0,0px,0px;e:power2.out;st:310;sp:1110;sR:310;\"\n\t\t\t\t\t\t\t\tdata-frame_999=\"o:0;st:w;sR:7580;\"\n\t\t\t\t\t\t\t\tstyle=\"z-index:11;font-family:'Jura';text-transform:uppercase;\"\n\t\t\t\t\t\t\t>turquoise \n\t\t\t\t\t\t\t<\/rs-layer><!--\n\n\t\t\t\t\t\t\t--><rs-layer\n\t\t\t\t\t\t\t\tid=\"slider-40-slide-260-layer-5\" \n\t\t\t\t\t\t\t\tdata-type=\"shape\"\n\t\t\t\t\t\t\t\tdata-rsp_ch=\"on\"\n\t\t\t\t\t\t\t\tdata-xy=\"xo:1239px,826px,826px,660px;yo:356px,237px,237px,189px;\"\n\t\t\t\t\t\t\t\tdata-text=\"w:normal;s:20,13,13,10;l:0,16,16,12;\"\n\t\t\t\t\t\t\t\tdata-dim=\"w:692px,461px,461px,368px;h:199px,132px,132px,105px;\"\n\t\t\t\t\t\t\t\tdata-basealign=\"slide\"\n\t\t\t\t\t\t\t\tdata-frame_999=\"o:0;st:w;\"\n\t\t\t\t\t\t\t\tstyle=\"z-index:8;background-color:#130093;\"\n\t\t\t\t\t\t\t> \n\t\t\t\t\t\t\t<\/rs-layer><!--\n\n\t\t\t\t\t\t\t--><rs-layer\n\t\t\t\t\t\t\t\tid=\"slider-40-slide-260-layer-6\" \n\t\t\t\t\t\t\t\tdata-type=\"shape\"\n\t\t\t\t\t\t\t\tdata-rsp_ch=\"on\"\n\t\t\t\t\t\t\t\tdata-xy=\"x:l,l,l,c;xo:397px,264px,264px,0;yo:386px,257px,257px,205px;\"\n\t\t\t\t\t\t\t\tdata-text=\"w:normal;s:20,13,13,10;l:0,16,16,12;\"\n\t\t\t\t\t\t\t\tdata-dim=\"w:505.98800000000006px,336px,336px,268px;h:191px,127px,127px,101px;\"\n\t\t\t\t\t\t\t\tdata-frame_999=\"o:0;st:w;\"\n\t\t\t\t\t\t\t\tstyle=\"z-index:9;background-color:#040231;\"\n\t\t\t\t\t\t\t> \n\t\t\t\t\t\t\t<\/rs-layer><!--\n\n\t\t\t\t\t\t\t--><rs-layer\n\t\t\t\t\t\t\t\tid=\"slider-40-slide-260-layer-7\" \n\t\t\t\t\t\t\t\tclass=\"rev-btn\"\n\t\t\t\t\t\t\t\tdata-type=\"button\"\n\t\t\t\t\t\t\t\tdata-rsp_ch=\"on\"\n\t\t\t\t\t\t\t\tdata-xy=\"xo:943px,628px,628px,502px;yo:501px,334px,334px,267px;\"\n\t\t\t\t\t\t\t\tdata-text=\"w:normal;s:17,11,11,8;l:40,26,26,20;fw:500;\"\n\t\t\t\t\t\t\t\tdata-dim=\"minh:0px,none,none,none;\"\n\t\t\t\t\t\t\t\tdata-padding=\"r:25,17,17,14;l:25,17,17,14;\"\n\t\t\t\t\t\t\t\tdata-border=\"bos:solid;boc:rgba(255,255,255,0.35);bow:1px,1px,1px,1px;\"\n\t\t\t\t\t\t\t\tdata-frame_999=\"o:0;st:w;\"\n\t\t\t\t\t\t\t\tdata-frame_hover=\"bgc:rgba(0,0,0,0);boc:rgba(255,255,255,0.75);bor:0px,0px,0px,0px;bos:solid;bow:1px,1px,1px,1px;e:power1.inOut;\"\n\t\t\t\t\t\t\t\tstyle=\"z-index:13;background-color:rgba(0,0,0,0);font-family:'Jura';\"\n\t\t\t\t\t\t\t>PRENOTA \n\t\t\t\t\t\t\t<\/rs-layer><!--\n\n\t\t\t\t\t\t\t--><rs-layer\n\t\t\t\t\t\t\t\tid=\"slider-40-slide-260-layer-8\" \n\t\t\t\t\t\t\t\tdata-type=\"text\"\n\t\t\t\t\t\t\t\tdata-rsp_ch=\"on\"\n\t\t\t\t\t\t\t\tdata-xy=\"x:c,c,c,r;xo:192px,128px,128px,0;y:m;yo:161px,107px,107px,0;\"\n\t\t\t\t\t\t\t\tdata-text=\"w:normal;s:22,14,14,22;l:19,12,12,9;a:left,left,left,center;\"\n\t\t\t\t\t\t\t\tdata-dim=\"w:449px,299px,299px,30px;h:21px,14px,14px,30px;\"\n\t\t\t\t\t\t\t\tdata-vbility=\"f,f,f,t\"\n\t\t\t\t\t\t\t\tdata-frame_999=\"o:0;st:w;\"\n\t\t\t\t\t\t\t\tstyle=\"z-index:16;font-family:'Jura';\"\n\t\t\t\t\t\t\t><i class=\"fa-chevron-right\"><\/i> \n\t\t\t\t\t\t\t<\/rs-layer><!--\n\n\t\t\t\t\t\t\t--><a\n\t\t\t\t\t\t\t\tid=\"slider-40-slide-260-layer-9\" \n\t\t\t\t\t\t\t\tclass=\"rs-layer rev-btn\"\n\t\t\t\t\t\t\t\thref=\"https:\/\/www.sardegnasummer.it\/fr\/residence-case-affitto-porto-san-paolo-sardegna\/appartamento-turquoise-residence-il-borgo\/\" target=\"_self\"\n\t\t\t\t\t\t\t\tdata-type=\"button\"\n\t\t\t\t\t\t\t\tdata-rsp_ch=\"on\"\n\t\t\t\t\t\t\t\tdata-xy=\"x:c;xo:359px,239px,239px,0;y:m;yo:239px,159px,159px,127px;\"\n\t\t\t\t\t\t\t\tdata-text=\"w:normal;s:12,8,8,6;l:28,18,18,14;fw:500;a:left,left,left,center;\"\n\t\t\t\t\t\t\t\tdata-dim=\"w:121px,80px,80px,63px;h:30px,20px,20px,15px;minh:0,none,none,none;\"\n\t\t\t\t\t\t\t\tdata-padding=\"r:18,12,12,10;l:18,12,12,10;\"\n\t\t\t\t\t\t\t\tdata-border=\"bos:solid;boc:rgba(255,255,255,0.35);bow:1px,1px,1px,1px;\"\n\t\t\t\t\t\t\t\tdata-frame_999=\"o:0;st:w;\"\n\t\t\t\t\t\t\t\tdata-frame_hover=\"bgc:rgba(0,0,0,0);boc:rgba(255,255,255,0.75);bor:0px,0px,0px,0px;bos:solid;bow:1px,1px,1px,1px;e:power1.inOut;\"\n\t\t\t\t\t\t\t\tstyle=\"z-index:14;background-color:rgba(0,0,0,0);font-family:'Jura';\"\n\t\t\t\t\t\t\t>INFORMATION \n\t\t\t\t\t\t\t<\/a><!--\n\n\t\t\t\t\t\t\t--><rs-layer\n\t\t\t\t\t\t\t\tid=\"slider-40-slide-260-layer-10\" \n\t\t\t\t\t\t\t\tdata-type=\"text\"\n\t\t\t\t\t\t\t\tdata-rsp_ch=\"on\"\n\t\t\t\t\t\t\t\tdata-xy=\"xo:419px,279px,279px,223px;yo:492px,328px,328px,262px;\"\n\t\t\t\t\t\t\t\tdata-text=\"w:normal;s:20,13,13,10;l:25,16,16,12;\"\n\t\t\t\t\t\t\t\tdata-frame_999=\"o:0;st:w;\"\n\t\t\t\t\t\t\t\tstyle=\"z-index:15;font-family:'Roboto';\"\n\t\t\t\t\t\t\t> \n\t\t\t\t\t\t\t<\/rs-layer><!--\n\n\t\t\t\t\t\t\t--><rs-layer\n\t\t\t\t\t\t\t\tid=\"slider-40-slide-260-layer-11\" \n\t\t\t\t\t\t\t\tdata-type=\"text\"\n\t\t\t\t\t\t\t\tdata-rsp_ch=\"on\"\n\t\t\t\t\t\t\t\tdata-xy=\"x:c;xo:192px,128px,128px,0;y:m;yo:162px,108px,108px,86px;\"\n\t\t\t\t\t\t\t\tdata-text=\"w:normal;s:22,14,14,11;l:19,12,12,9;a:left,left,left,center;\"\n\t\t\t\t\t\t\t\tdata-dim=\"w:449px,299px,299px,239px;h:21px,14px,14px,11px;\"\n\t\t\t\t\t\t\t\tdata-frame_999=\"o:0;st:w;\"\n\t\t\t\t\t\t\t\tstyle=\"z-index:16;font-family:'Jura';\"\n\t\t\t\t\t\t\t>Confort et luxe au centre de Porto San Paolo \n\t\t\t\t\t\t\t<\/rs-layer><!--\n-->\t\t\t\t\t\t<\/rs-slide>\n\t\t\t\t\t\t<rs-slide style=\"position: absolute;\" data-key=\"rs-261\" data-title=\"trilocale\" data-anim=\"ms:1014;f:nodelay;\" data-filter=\"b:2;\" data-in=\"o:0;sx:1.5;sy:1.2;m:true;col:6;\" data-out=\"a:false;\" data-alttrans=\"slotfade-horizontal,boxslide\" data-iratio=\"1.49795\">\n\t\t\t\t\t\t\t<img loading=\"lazy\" decoding=\"async\" src=\"\/\/www.sardegnasummer.it\/wp-content\/plugins\/revslider\/public\/assets\/assets\/dummy.png\" alt=\"\" title=\"IL BORGO PSP10\" width=\"2560\" height=\"1709\" class=\"rev-slidebg tp-rs-img rs-lazyload\" data-lazyload=\"\/\/www.sardegnasummer.it\/wp-content\/uploads\/2022\/01\/IL-BORGO-PSP10-scaled.jpg\" data-parallax=\"off\" data-panzoom=\"d:10000;ss:100;se:105;\" data-no-retina>\n<!--\n\t\t\t\t\t\t\t--><rs-layer\n\t\t\t\t\t\t\t\tid=\"slider-40-slide-261-layer-0\" \n\t\t\t\t\t\t\t\tclass=\"rev-btn\"\n\t\t\t\t\t\t\t\tdata-type=\"button\"\n\t\t\t\t\t\t\t\tdata-rsp_ch=\"on\"\n\t\t\t\t\t\t\t\tdata-xy=\"xo:1598px,1065px,1065px,851px;yo:510px,340px,340px,272px;\"\n\t\t\t\t\t\t\t\tdata-text=\"w:normal;s:17,11,11,8;l:40,26,26,20;fw:500;\"\n\t\t\t\t\t\t\t\tdata-dim=\"minh:0px,none,none,none;\"\n\t\t\t\t\t\t\t\tdata-padding=\"r:25,17,17,14;l:25,17,17,14;\"\n\t\t\t\t\t\t\t\tdata-border=\"bos:solid;boc:rgba(255,255,255,0.35);bow:1px,1px,1px,1px;\"\n\t\t\t\t\t\t\t\tdata-frame_999=\"o:0;st:w;\"\n\t\t\t\t\t\t\t\tdata-frame_hover=\"bgc:rgba(0,0,0,0);boc:rgba(255,255,255,0.75);bor:0px,0px,0px,0px;bos:solid;bow:1px,1px,1px,1px;e:power1.inOut;\"\n\t\t\t\t\t\t\t\tstyle=\"z-index:11;background-color:rgba(0,0,0,0);font-family:'Roboto';\"\n\t\t\t\t\t\t\t>PRENOTA \n\t\t\t\t\t\t\t<\/rs-layer><!--\n\n\t\t\t\t\t\t\t--><rs-layer\n\t\t\t\t\t\t\t\tid=\"slider-40-slide-261-layer-1\" \n\t\t\t\t\t\t\t\tdata-type=\"text\"\n\t\t\t\t\t\t\t\tdata-rsp_ch=\"on\"\n\t\t\t\t\t\t\t\tdata-xy=\"x:l,l,c,c;xo:415px,276px,35px,0;y:m;yo:124px,79px,80px,62px;\"\n\t\t\t\t\t\t\t\tdata-text=\"w:normal;s:40,28,28,24;l:85,85,66,43;a:left,left,center,center;\"\n\t\t\t\t\t\t\t\tdata-dim=\"w:351.98400000000004px,351px,228px,163px;\"\n\t\t\t\t\t\t\t\tdata-frame_0=\"sX:0.9;sY:0.9;\"\n\t\t\t\t\t\t\t\tdata-frame_1=\"x:0,0,0px,0px;y:0,0,0px,0px;e:power2.out;st:310;sp:1110;sR:310;\"\n\t\t\t\t\t\t\t\tdata-frame_999=\"o:0;st:w;sR:7580;\"\n\t\t\t\t\t\t\t\tstyle=\"z-index:10;font-family:'Jura';text-transform:uppercase;\"\n\t\t\t\t\t\t\t>bluette \n\t\t\t\t\t\t\t<\/rs-layer><!--\n\n\t\t\t\t\t\t\t--><rs-layer\n\t\t\t\t\t\t\t\tid=\"slider-40-slide-261-layer-2\" \n\t\t\t\t\t\t\t\tdata-type=\"text\"\n\t\t\t\t\t\t\t\tdata-rsp_ch=\"on\"\n\t\t\t\t\t\t\t\tdata-xy=\"x:c,c,c,r;xo:192px,128px,128px,0;y:m;yo:161px,107px,107px,0;\"\n\t\t\t\t\t\t\t\tdata-text=\"w:normal;s:22,14,14,22;l:19,12,12,9;a:left,left,left,center;\"\n\t\t\t\t\t\t\t\tdata-dim=\"w:449px,299px,299px,30px;h:21px,14px,14px,30px;\"\n\t\t\t\t\t\t\t\tdata-vbility=\"f,f,f,t\"\n\t\t\t\t\t\t\t\tdata-frame_999=\"o:0;st:w;\"\n\t\t\t\t\t\t\t\tstyle=\"z-index:16;font-family:'Jura';\"\n\t\t\t\t\t\t\t><i class=\"fa-chevron-right\"><\/i> \n\t\t\t\t\t\t\t<\/rs-layer><!--\n\n\t\t\t\t\t\t\t--><rs-layer\n\t\t\t\t\t\t\t\tid=\"slider-40-slide-261-layer-5\" \n\t\t\t\t\t\t\t\tdata-type=\"shape\"\n\t\t\t\t\t\t\t\tdata-rsp_ch=\"on\"\n\t\t\t\t\t\t\t\tdata-xy=\"xo:1239px,826px,826px,660px;yo:356px,237px,237px,189px;\"\n\t\t\t\t\t\t\t\tdata-text=\"w:normal;s:20,13,13,10;l:0,16,16,12;\"\n\t\t\t\t\t\t\t\tdata-dim=\"w:692px,461px,461px,368px;h:199px,132px,132px,105px;\"\n\t\t\t\t\t\t\t\tdata-basealign=\"slide\"\n\t\t\t\t\t\t\t\tdata-frame_999=\"o:0;st:w;\"\n\t\t\t\t\t\t\t\tstyle=\"z-index:8;background-color:#130093;\"\n\t\t\t\t\t\t\t> \n\t\t\t\t\t\t\t<\/rs-layer><!--\n\n\t\t\t\t\t\t\t--><rs-layer\n\t\t\t\t\t\t\t\tid=\"slider-40-slide-261-layer-6\" \n\t\t\t\t\t\t\t\tdata-type=\"shape\"\n\t\t\t\t\t\t\t\tdata-rsp_ch=\"on\"\n\t\t\t\t\t\t\t\tdata-xy=\"x:l,l,l,c;xo:397px,264px,264px,0;yo:386px,257px,257px,204px;\"\n\t\t\t\t\t\t\t\tdata-text=\"w:normal;s:20,13,13,10;l:0,16,16,12;\"\n\t\t\t\t\t\t\t\tdata-dim=\"w:505.98800000000006px,336px,336px,268px;h:191px,127px,127px,101px;\"\n\t\t\t\t\t\t\t\tdata-frame_999=\"o:0;st:w;\"\n\t\t\t\t\t\t\t\tstyle=\"z-index:9;background-color:#040231;\"\n\t\t\t\t\t\t\t> \n\t\t\t\t\t\t\t<\/rs-layer><!--\n\n\t\t\t\t\t\t\t--><rs-layer\n\t\t\t\t\t\t\t\tid=\"slider-40-slide-261-layer-7\" \n\t\t\t\t\t\t\t\tclass=\"rev-btn\"\n\t\t\t\t\t\t\t\tdata-type=\"button\"\n\t\t\t\t\t\t\t\tdata-rsp_ch=\"on\"\n\t\t\t\t\t\t\t\tdata-xy=\"xo:943px,628px,628px,502px;yo:501px,334px,334px,267px;\"\n\t\t\t\t\t\t\t\tdata-text=\"w:normal;s:17,11,11,8;l:40,26,26,20;fw:500;\"\n\t\t\t\t\t\t\t\tdata-dim=\"minh:0px,none,none,none;\"\n\t\t\t\t\t\t\t\tdata-padding=\"r:25,17,17,14;l:25,17,17,14;\"\n\t\t\t\t\t\t\t\tdata-border=\"bos:solid;boc:rgba(255,255,255,0.35);bow:1px,1px,1px,1px;\"\n\t\t\t\t\t\t\t\tdata-frame_999=\"o:0;st:w;\"\n\t\t\t\t\t\t\t\tdata-frame_hover=\"bgc:rgba(0,0,0,0);boc:rgba(255,255,255,0.75);bor:0px,0px,0px,0px;bos:solid;bow:1px,1px,1px,1px;e:power1.inOut;\"\n\t\t\t\t\t\t\t\tstyle=\"z-index:12;background-color:rgba(0,0,0,0);font-family:'Jura';\"\n\t\t\t\t\t\t\t>PRENOTA \n\t\t\t\t\t\t\t<\/rs-layer><!--\n\n\t\t\t\t\t\t\t--><a\n\t\t\t\t\t\t\t\tid=\"slider-40-slide-261-layer-9\" \n\t\t\t\t\t\t\t\tclass=\"rs-layer rev-btn\"\n\t\t\t\t\t\t\t\thref=\"https:\/\/www.sardegnasummer.it\/fr\/residence-case-affitto-porto-san-paolo-sardegna\/appartamento-bluette-residence-il-borgo\/\" target=\"_self\"\n\t\t\t\t\t\t\t\tdata-type=\"button\"\n\t\t\t\t\t\t\t\tdata-rsp_ch=\"on\"\n\t\t\t\t\t\t\t\tdata-xy=\"x:c;xo:359px,239px,239px,0;y:m;yo:239px,159px,159px,127px;\"\n\t\t\t\t\t\t\t\tdata-text=\"w:normal;s:12,8,8,6;l:28,18,18,14;fw:500;a:left,left,left,center;\"\n\t\t\t\t\t\t\t\tdata-dim=\"w:121px,80px,80px,63px;h:30px,20px,20px,15px;minh:0,none,none,none;\"\n\t\t\t\t\t\t\t\tdata-padding=\"r:18,12,12,10;l:18,12,12,10;\"\n\t\t\t\t\t\t\t\tdata-border=\"bos:solid;boc:rgba(255,255,255,0.35);bow:1px,1px,1px,1px;\"\n\t\t\t\t\t\t\t\tdata-frame_999=\"o:0;st:w;\"\n\t\t\t\t\t\t\t\tdata-frame_hover=\"bgc:rgba(0,0,0,0);boc:rgba(255,255,255,0.75);bor:0px,0px,0px,0px;bos:solid;bow:1px,1px,1px,1px;e:power1.inOut;\"\n\t\t\t\t\t\t\t\tstyle=\"z-index:13;background-color:rgba(0,0,0,0);font-family:'Jura';\"\n\t\t\t\t\t\t\t>INFORMATION<br \/>\n \n\t\t\t\t\t\t\t<\/a><!--\n\n\t\t\t\t\t\t\t--><rs-layer\n\t\t\t\t\t\t\t\tid=\"slider-40-slide-261-layer-10\" \n\t\t\t\t\t\t\t\tdata-type=\"text\"\n\t\t\t\t\t\t\t\tdata-rsp_ch=\"on\"\n\t\t\t\t\t\t\t\tdata-xy=\"xo:419px,279px,279px,223px;yo:492px,328px,328px,262px;\"\n\t\t\t\t\t\t\t\tdata-text=\"w:normal;s:20,13,13,10;l:25,16,16,12;\"\n\t\t\t\t\t\t\t\tdata-frame_999=\"o:0;st:w;\"\n\t\t\t\t\t\t\t\tstyle=\"z-index:14;font-family:'Roboto';\"\n\t\t\t\t\t\t\t> \n\t\t\t\t\t\t\t<\/rs-layer><!--\n\n\t\t\t\t\t\t\t--><rs-layer\n\t\t\t\t\t\t\t\tid=\"slider-40-slide-261-layer-11\" \n\t\t\t\t\t\t\t\tdata-type=\"text\"\n\t\t\t\t\t\t\t\tdata-rsp_ch=\"on\"\n\t\t\t\t\t\t\t\tdata-xy=\"x:c;xo:192px,128px,128px,0;y:m;yo:161px,107px,107px,85px;\"\n\t\t\t\t\t\t\t\tdata-text=\"w:normal;s:22,14,14,11;l:19,12,12,9;a:left,left,left,center;\"\n\t\t\t\t\t\t\t\tdata-dim=\"w:449px,299px,299px,239px;h:21px,14px,14px,11px;\"\n\t\t\t\t\t\t\t\tdata-frame_999=\"o:0;st:w;\"\n\t\t\t\t\t\t\t\tstyle=\"z-index:15;font-family:'Jura';\"\n\t\t\t\t\t\t\t>Confort et luxe au centre de Porto San Paolo \n\t\t\t\t\t\t\t<\/rs-layer><!--\n-->\t\t\t\t\t\t<\/rs-slide>\n\t\t\t\t\t<\/rs-slides>\n\t\t\t\t\t<rs-static-layers class=\"rs-stl-visible\"><!--\n\n\t\t\t\t\t\t\t--><rs-layer\n\t\t\t\t\t\t\t\tid=\"slider-40-slide-40-layer-3\" \n\t\t\t\t\t\t\t\tclass=\"rs-layer-static\"\n\t\t\t\t\t\t\t\tdata-type=\"text\"\n\t\t\t\t\t\t\t\tdata-rsp_ch=\"on\"\n\t\t\t\t\t\t\t\tdata-xy=\"x:l,l,c,c;xo:58px,58px,-1px,-1px;y:b;yo:66px;\"\n\t\t\t\t\t\t\t\tdata-text=\"s:16;l:28;ls:1px;a:inherit,inherit,center,center;\"\n\t\t\t\t\t\t\t\tdata-onslides=\"s:1;\"\n\t\t\t\t\t\t\t\tdata-frame_0=\"y:50px;\"\n\t\t\t\t\t\t\t\tdata-frame_1=\"e:power4.inOut;st:290;sp:970;sR:290;\"\n\t\t\t\t\t\t\t\tdata-frame_999=\"o:0;st:w;sR:7740;\"\n\t\t\t\t\t\t\t\tstyle=\"z-index:8;font-family:'Marcellus SC';text-transform:uppercase;\"\n\t\t\t\t\t\t\t> \n\t\t\t\t\t\t\t<\/rs-layer><!--\n\n\t\t\t\t\t\t\t--><rs-layer\n\t\t\t\t\t\t\t\tid=\"slider-40-slide-40-layer-4\" \n\t\t\t\t\t\t\t\tclass=\"rs-layer-static\"\n\t\t\t\t\t\t\t\tdata-type=\"text\"\n\t\t\t\t\t\t\t\tdata-rsp_ch=\"on\"\n\t\t\t\t\t\t\t\tdata-xy=\"x:l,l,c,c;xo:59px,59px,0,0;y:b;yo:41px;\"\n\t\t\t\t\t\t\t\tdata-text=\"s:13;l:28;ls:1px;fw:500,500,300,300;a:inherit,inherit,center,center;\"\n\t\t\t\t\t\t\t\tdata-onslides=\"s:1;\"\n\t\t\t\t\t\t\t\tdata-frame_0=\"y:100%;\"\n\t\t\t\t\t\t\t\tdata-frame_0_mask=\"u:t;y:100%;\"\n\t\t\t\t\t\t\t\tdata-frame_1=\"e:power2.inOut;st:440;sp:970;sR:440;\"\n\t\t\t\t\t\t\t\tdata-frame_1_mask=\"u:t;\"\n\t\t\t\t\t\t\t\tdata-frame_999=\"o:0;st:w;sR:7590;\"\n\t\t\t\t\t\t\t\tstyle=\"z-index:9;font-family:'Montserrat';text-transform:uppercase;\"\n\t\t\t\t\t\t\t> \n\t\t\t\t\t\t\t<\/rs-layer><!--\n\t\t\t\t\t--><\/rs-static-layers>\n\t\t\t\t<\/rs-module>\n\t\t\t\t<script>\n\t\t\t\t\tsetREVStartSize({c: 'rev_slider_40_1',rl:[1240,1024,778,480],el:[600,400,400,320],gw:[1200,800,600,480],gh:[600,400,400,320],type:'carousel',justify:'true',layout:'fullwidth',mh:\"0\"});if (window.RS_MODULES!==undefined && window.RS_MODULES.modules!==undefined && window.RS_MODULES.modules[\"revslider401\"]!==undefined) {window.RS_MODULES.modules[\"revslider401\"].once = false;window.revapi40 = undefined;if (window.RS_MODULES.checkMinimal!==undefined) window.RS_MODULES.checkMinimal()}\n\t\t\t\t<\/script>\n\t\t\t<\/rs-module-wrap>\n\t\t\t<!-- END REVOLUTION SLIDER -->\n<\/div>\n\n\t\t\t\t<\/div>\n\t\t\t\t<\/div>\n\t\t\t\t\t<\/div>\n\t\t<\/div>\n\t\t\t\t\t\t\t<\/div>\n\t\t<\/section>\n\t\t\t\t<section class=\"elementor-section elementor-top-section elementor-element elementor-element-1e5e57f elementor-section-full_width elementor-section-stretched elementor-section-height-default elementor-section-height-default wpr-particle-no wpr-jarallax-no wpr-parallax-no wpr-sticky-section-no\" data-id=\"1e5e57f\" data-element_type=\"section\" data-settings=\"{&quot;stretch_section&quot;:&quot;section-stretched&quot;,&quot;background_background&quot;:&quot;classic&quot;}\">\n\t\t\t\t\t\t<div class=\"elementor-container elementor-column-gap-default\">\n\t\t\t\t\t<div class=\"elementor-column elementor-col-100 elementor-top-column elementor-element elementor-element-1d69259\" data-id=\"1d69259\" data-element_type=\"column\">\n\t\t\t<div class=\"elementor-widget-wrap elementor-element-populated\">\n\t\t\t\t\t\t\t\t<div class=\"elementor-element elementor-element-34c2d46 elementor-heading-tablet__align-center animated-fast elementor-heading__align-center elementor-invisible elementor-widget elementor-widget-heading\" data-id=\"34c2d46\" data-element_type=\"widget\" data-settings=\"{&quot;_animation&quot;:&quot;opal-move-up&quot;}\" data-widget_type=\"heading.default\">\n\t\t\t\t<div class=\"elementor-widget-container\">\n\t\t\t<h2 class=\"elementor-heading-title elementor-size-default\">LES CARACT\u00c9RISTIQUES DE LA R\u00c9SIDENCE<\/h2>\t\t<\/div>\n\t\t\t\t<\/div>\n\t\t\t\t\t<\/div>\n\t\t<\/div>\n\t\t\t\t\t\t\t<\/div>\n\t\t<\/section>\n\t\t\t\t<section class=\"elementor-section elementor-top-section elementor-element elementor-element-f833851 elementor-section-boxed elementor-section-height-default elementor-section-height-default wpr-particle-no wpr-jarallax-no wpr-parallax-no wpr-sticky-section-no\" data-id=\"f833851\" data-element_type=\"section\">\n\t\t\t\t\t\t<div class=\"elementor-container elementor-column-gap-default\">\n\t\t\t\t\t<div class=\"elementor-column elementor-col-25 elementor-top-column elementor-element elementor-element-6e24d7a\" data-id=\"6e24d7a\" data-element_type=\"column\">\n\t\t\t<div class=\"elementor-widget-wrap elementor-element-populated\">\n\t\t\t\t\t\t\t\t<div class=\"elementor-element elementor-element-49a10fb elementor-widget elementor-widget-image\" data-id=\"49a10fb\" data-element_type=\"widget\" data-widget_type=\"image.default\">\n\t\t\t\t<div class=\"elementor-widget-container\">\n\t\t\t<style>\/*! elementor - v3.5.3 - 28-12-2021 *\/\n.elementor-widget-image{text-align:center}.elementor-widget-image a{display:inline-block}.elementor-widget-image a img[src$=\".svg\"]{width:48px}.elementor-widget-image img{vertical-align:middle;display:inline-block}<\/style>\t\t\t\t\t\t\t\t\t\t\t\t<img decoding=\"async\" src=\"https:\/\/www.sardegnasummer.it\/wp-content\/uploads\/elementor\/thumbs\/terrace-2-pklc3eq5c92629pfoocd1g4tmp15n36hydaxop8tx0.png\" title=\"\" alt=\"\" \/>\t\t\t\t\t\t\t\t\t\t\t\t\t\t\t<\/div>\n\t\t\t\t<\/div>\n\t\t\t\t<div class=\"elementor-element elementor-element-69890a9 elementor-widget elementor-widget-text-editor\" data-id=\"69890a9\" data-element_type=\"widget\" data-widget_type=\"text-editor.default\">\n\t\t\t\t<div class=\"elementor-widget-container\">\n\t\t\t\t\t\t\t<p>TERRASSE COUVERTE ET MEUBL\u00c9E AVEC VUE SUR LE JARDIN<\/p>\t\t\t\t\t\t<\/div>\n\t\t\t\t<\/div>\n\t\t\t\t\t<\/div>\n\t\t<\/div>\n\t\t\t\t<div class=\"elementor-column elementor-col-25 elementor-top-column elementor-element elementor-element-1a6d287\" data-id=\"1a6d287\" data-element_type=\"column\">\n\t\t\t<div class=\"elementor-widget-wrap elementor-element-populated\">\n\t\t\t\t\t\t\t\t<div class=\"elementor-element elementor-element-fd35c51 elementor-widget elementor-widget-image\" data-id=\"fd35c51\" data-element_type=\"widget\" data-widget_type=\"image.default\">\n\t\t\t\t<div class=\"elementor-widget-container\">\n\t\t\t\t\t\t\t\t\t\t\t\t\t\t\t<img decoding=\"async\" src=\"https:\/\/www.sardegnasummer.it\/wp-content\/uploads\/elementor\/thumbs\/2-1-pk8xnsl6w48bd2mgmmrda2b7yrz5ilzeb9ejqyseic.png\" title=\"2\" alt=\"2\" \/>\t\t\t\t\t\t\t\t\t\t\t\t\t\t\t<\/div>\n\t\t\t\t<\/div>\n\t\t\t\t<div class=\"elementor-element elementor-element-22f6fb8 elementor-widget elementor-widget-text-editor\" data-id=\"22f6fb8\" data-element_type=\"widget\" data-widget_type=\"text-editor.default\">\n\t\t\t\t<div class=\"elementor-widget-container\">\n\t\t\t\t\t\t\t<p>LAVE-LINGE<\/p>\t\t\t\t\t\t<\/div>\n\t\t\t\t<\/div>\n\t\t\t\t\t<\/div>\n\t\t<\/div>\n\t\t\t\t<div class=\"elementor-column elementor-col-25 elementor-top-column elementor-element elementor-element-6ef5c11\" data-id=\"6ef5c11\" data-element_type=\"column\">\n\t\t\t<div class=\"elementor-widget-wrap elementor-element-populated\">\n\t\t\t\t\t\t\t\t<div class=\"elementor-element elementor-element-53ff204 elementor-widget elementor-widget-image\" data-id=\"53ff204\" data-element_type=\"widget\" data-widget_type=\"image.default\">\n\t\t\t\t<div class=\"elementor-widget-container\">\n\t\t\t\t\t\t\t\t\t\t\t\t\t\t\t<img decoding=\"async\" src=\"https:\/\/www.sardegnasummer.it\/wp-content\/uploads\/elementor\/thumbs\/Progetto-senza-titolo-2-pm1fhctzqokblvxing9121e5qfdmyvvdxdt6e3n4ok.png\" title=\"Progetto senza titolo (2)\" alt=\"Progetto senza titolo (2)\" \/>\t\t\t\t\t\t\t\t\t\t\t\t\t\t\t<\/div>\n\t\t\t\t<\/div>\n\t\t\t\t<div class=\"elementor-element elementor-element-8455937 elementor-widget elementor-widget-text-editor\" data-id=\"8455937\" data-element_type=\"widget\" data-widget_type=\"text-editor.default\">\n\t\t\t\t<div class=\"elementor-widget-container\">\n\t\t\t\t\t\t\t<p>ANIMAUX DE COMPAGNIE BIENVENUS*<\/p>\t\t\t\t\t\t<\/div>\n\t\t\t\t<\/div>\n\t\t\t\t\t<\/div>\n\t\t<\/div>\n\t\t\t\t<div class=\"elementor-column elementor-col-25 elementor-top-column elementor-element elementor-element-db2e8b6\" data-id=\"db2e8b6\" data-element_type=\"column\">\n\t\t\t<div class=\"elementor-widget-wrap elementor-element-populated\">\n\t\t\t\t\t\t\t\t<div class=\"elementor-element elementor-element-065f344 elementor-widget elementor-widget-image\" data-id=\"065f344\" data-element_type=\"widget\" data-widget_type=\"image.default\">\n\t\t\t\t<div class=\"elementor-widget-container\">\n\t\t\t\t\t\t\t\t\t\t\t\t\t\t\t<img decoding=\"async\" src=\"https:\/\/www.sardegnasummer.it\/wp-content\/uploads\/elementor\/thumbs\/9-pk8xqicemvy4wiogrt0khdn5qulbr4rhcp91nqrgj8.png\" title=\"9\" alt=\"9\" \/>\t\t\t\t\t\t\t\t\t\t\t\t\t\t\t<\/div>\n\t\t\t\t<\/div>\n\t\t\t\t<div class=\"elementor-element elementor-element-3a9516e elementor-widget elementor-widget-text-editor\" data-id=\"3a9516e\" data-element_type=\"widget\" data-widget_type=\"text-editor.default\">\n\t\t\t\t<div class=\"elementor-widget-container\">\n\t\t\t\t\t\t\t<p>PARKING PRIV\u00c9 GRATUIT<\/p>\t\t\t\t\t\t<\/div>\n\t\t\t\t<\/div>\n\t\t\t\t\t<\/div>\n\t\t<\/div>\n\t\t\t\t\t\t\t<\/div>\n\t\t<\/section>\n\t\t\t\t<section class=\"elementor-section elementor-top-section elementor-element elementor-element-6cc28b3 elementor-section-boxed elementor-section-height-default elementor-section-height-default wpr-particle-no wpr-jarallax-no wpr-parallax-no wpr-sticky-section-no\" data-id=\"6cc28b3\" data-element_type=\"section\">\n\t\t\t\t\t\t<div class=\"elementor-container elementor-column-gap-default\">\n\t\t\t\t\t<div class=\"elementor-column elementor-col-20 elementor-top-column elementor-element elementor-element-9100075\" data-id=\"9100075\" data-element_type=\"column\">\n\t\t\t<div class=\"elementor-widget-wrap elementor-element-populated\">\n\t\t\t\t\t\t\t\t<div class=\"elementor-element elementor-element-36aeab3 elementor-widget elementor-widget-image\" data-id=\"36aeab3\" data-element_type=\"widget\" data-widget_type=\"image.default\">\n\t\t\t\t<div class=\"elementor-widget-container\">\n\t\t\t\t\t\t\t\t\t\t\t\t\t\t\t<img decoding=\"async\" src=\"https:\/\/www.sardegnasummer.it\/wp-content\/uploads\/elementor\/thumbs\/sea-pk97fwwn3u98mb5ehu62c7hj54f70pvi23cpskp3lg.png\" title=\"sea\" alt=\"sea\" \/>\t\t\t\t\t\t\t\t\t\t\t\t\t\t\t<\/div>\n\t\t\t\t<\/div>\n\t\t\t\t<div class=\"elementor-element elementor-element-d3a310e elementor-widget elementor-widget-text-editor\" data-id=\"d3a310e\" data-element_type=\"widget\" data-widget_type=\"text-editor.default\">\n\t\t\t\t<div class=\"elementor-widget-container\">\n\t\t\t\t\t\t\t<p>PR\u00c8S DE LA PLAGE<\/p>\t\t\t\t\t\t<\/div>\n\t\t\t\t<\/div>\n\t\t\t\t\t<\/div>\n\t\t<\/div>\n\t\t\t\t<div class=\"elementor-column elementor-col-20 elementor-top-column elementor-element elementor-element-4cae735\" data-id=\"4cae735\" data-element_type=\"column\">\n\t\t\t<div class=\"elementor-widget-wrap elementor-element-populated\">\n\t\t\t\t\t\t\t\t<div class=\"elementor-element elementor-element-d1687c9 elementor-widget elementor-widget-image\" data-id=\"d1687c9\" data-element_type=\"widget\" data-widget_type=\"image.default\">\n\t\t\t\t<div class=\"elementor-widget-container\">\n\t\t\t\t\t\t\t\t\t\t\t\t\t\t\t<img decoding=\"async\" src=\"https:\/\/www.sardegnasummer.it\/wp-content\/uploads\/elementor\/thumbs\/121-pm1fgxskpbzqg4jd39qzy56s89frjq7ojbdepo9fg4.png\" title=\"121\" alt=\"121\" \/>\t\t\t\t\t\t\t\t\t\t\t\t\t\t\t<\/div>\n\t\t\t\t<\/div>\n\t\t\t\t<div class=\"elementor-element elementor-element-861fe23 elementor-widget elementor-widget-text-editor\" data-id=\"861fe23\" data-element_type=\"widget\" data-widget_type=\"text-editor.default\">\n\t\t\t\t<div class=\"elementor-widget-container\">\n\t\t\t\t\t\t\t<p>PROCHE DES SUPERMARCH\u00c9S<\/p>\t\t\t\t\t\t<\/div>\n\t\t\t\t<\/div>\n\t\t\t\t\t<\/div>\n\t\t<\/div>\n\t\t\t\t<div class=\"elementor-column elementor-col-20 elementor-top-column elementor-element elementor-element-06b9f6a\" data-id=\"06b9f6a\" data-element_type=\"column\">\n\t\t\t<div class=\"elementor-widget-wrap elementor-element-populated\">\n\t\t\t\t\t\t\t\t<div class=\"elementor-element elementor-element-024fbb0 elementor-widget elementor-widget-image\" data-id=\"024fbb0\" data-element_type=\"widget\" data-widget_type=\"image.default\">\n\t\t\t\t<div class=\"elementor-widget-container\">\n\t\t\t\t\t\t\t\t\t\t\t\t\t\t\t<img decoding=\"async\" src=\"https:\/\/www.sardegnasummer.it\/wp-content\/uploads\/elementor\/thumbs\/21-pm1fgzo9302b3cgmsak934ppf16hz4f57kodo86n3o.png\" title=\"21\" alt=\"21\" \/>\t\t\t\t\t\t\t\t\t\t\t\t\t\t\t<\/div>\n\t\t\t\t<\/div>\n\t\t\t\t<div class=\"elementor-element elementor-element-cddde39 elementor-widget elementor-widget-text-editor\" data-id=\"cddde39\" data-element_type=\"widget\" data-widget_type=\"text-editor.default\">\n\t\t\t\t<div class=\"elementor-widget-container\">\n\t\t\t\t\t\t\t<p>PROCHE DES RESTAURANTS ET BARS<\/p>\t\t\t\t\t\t<\/div>\n\t\t\t\t<\/div>\n\t\t\t\t\t<\/div>\n\t\t<\/div>\n\t\t\t\t<div class=\"elementor-column elementor-col-20 elementor-top-column elementor-element elementor-element-3ba25be\" data-id=\"3ba25be\" data-element_type=\"column\">\n\t\t\t<div class=\"elementor-widget-wrap elementor-element-populated\">\n\t\t\t\t\t\t\t\t<div class=\"elementor-element elementor-element-efa2923 elementor-widget elementor-widget-image\" data-id=\"efa2923\" data-element_type=\"widget\" data-widget_type=\"image.default\">\n\t\t\t\t<div class=\"elementor-widget-container\">\n\t\t\t\t\t\t\t\t\t\t\t\t\t\t\t<img decoding=\"async\" src=\"https:\/\/www.sardegnasummer.it\/wp-content\/uploads\/elementor\/thumbs\/boat-rif6pojctjdgah5tc3sunjmep0tqgkxhj1qdizwfp0.png\" title=\"boat\" alt=\"boat\" \/>\t\t\t\t\t\t\t\t\t\t\t\t\t\t\t<\/div>\n\t\t\t\t<\/div>\n\t\t\t\t<div class=\"elementor-element elementor-element-f5e93c4 elementor-widget elementor-widget-text-editor\" data-id=\"f5e93c4\" data-element_type=\"widget\" data-widget_type=\"text-editor.default\">\n\t\t\t\t<div class=\"elementor-widget-container\">\n\t\t\t\t\t\t\t<p>15 MINUTES DU PORT ET DE L\u2019A\u00c9ROPORT<\/p>\t\t\t\t\t\t<\/div>\n\t\t\t\t<\/div>\n\t\t\t\t\t<\/div>\n\t\t<\/div>\n\t\t\t\t<div class=\"elementor-column elementor-col-20 elementor-top-column elementor-element elementor-element-1fc1500\" data-id=\"1fc1500\" data-element_type=\"column\">\n\t\t\t<div class=\"elementor-widget-wrap elementor-element-populated\">\n\t\t\t\t\t\t\t\t<div class=\"elementor-element elementor-element-4073895 elementor-widget elementor-widget-image\" data-id=\"4073895\" data-element_type=\"widget\" data-widget_type=\"image.default\">\n\t\t\t\t<div class=\"elementor-widget-container\">\n\t\t\t\t\t\t\t\t\t\t\t\t\t\t\t<img decoding=\"async\" src=\"https:\/\/www.sardegnasummer.it\/wp-content\/uploads\/elementor\/thumbs\/park-pkophu5c3xuhzreygbg0v336fhqvzmh7tzc85j616c.png\" title=\"\" alt=\"\" \/>\t\t\t\t\t\t\t\t\t\t\t\t\t\t\t<\/div>\n\t\t\t\t<\/div>\n\t\t\t\t<div class=\"elementor-element elementor-element-ef1b816 elementor-widget elementor-widget-text-editor\" data-id=\"ef1b816\" data-element_type=\"widget\" data-widget_type=\"text-editor.default\">\n\t\t\t\t<div class=\"elementor-widget-container\">\n\t\t\t\t\t\t\t<p>JARDINS AVEC PELOUSE<\/p>\t\t\t\t\t\t<\/div>\n\t\t\t\t<\/div>\n\t\t\t\t\t<\/div>\n\t\t<\/div>\n\t\t\t\t\t\t\t<\/div>\n\t\t<\/section>\n\t\t\t\t<section class=\"elementor-section elementor-top-section elementor-element elementor-element-10e8aab6 elementor-section-full_width elementor-section-stretched elementor-section-height-default elementor-section-height-default wpr-particle-no wpr-jarallax-no wpr-parallax-no wpr-sticky-section-no\" data-id=\"10e8aab6\" data-element_type=\"section\" data-settings=\"{&quot;stretch_section&quot;:&quot;section-stretched&quot;,&quot;background_background&quot;:&quot;classic&quot;}\">\n\t\t\t\t\t\t<div class=\"elementor-container elementor-column-gap-default\">\n\t\t\t\t\t<div class=\"elementor-column elementor-col-100 elementor-top-column elementor-element elementor-element-223ec0a0\" data-id=\"223ec0a0\" data-element_type=\"column\">\n\t\t\t<div class=\"elementor-widget-wrap elementor-element-populated\">\n\t\t\t\t\t\t\t\t<div class=\"elementor-element elementor-element-23063b2 elementor-heading-tablet__align-center animated-fast elementor-heading__align-center elementor-invisible elementor-widget elementor-widget-heading\" data-id=\"23063b2\" data-element_type=\"widget\" data-settings=\"{&quot;_animation&quot;:&quot;opal-move-up&quot;}\" data-widget_type=\"heading.default\">\n\t\t\t\t<div class=\"elementor-widget-container\">\n\t\t\t<p class=\"elementor-heading-title elementor-size-default\">*Frais de service suppl\u00e9mentaires<\/p>\t\t<\/div>\n\t\t\t\t<\/div>\n\t\t\t\t\t<\/div>\n\t\t<\/div>\n\t\t\t\t\t\t\t<\/div>\n\t\t<\/section>\n\t\t\t\t<section class=\"elementor-section elementor-top-section elementor-element elementor-element-621014b elementor-section-full_width elementor-section-stretched elementor-section-height-min-height elementor-section-height-default elementor-section-items-middle wpr-particle-no wpr-jarallax-no wpr-parallax-no wpr-sticky-section-no\" data-id=\"621014b\" data-element_type=\"section\" data-settings=\"{&quot;stretch_section&quot;:&quot;section-stretched&quot;,&quot;background_background&quot;:&quot;classic&quot;}\">\n\t\t\t\t\t\t<div class=\"elementor-container elementor-column-gap-default\">\n\t\t\t\t\t<div class=\"elementor-column elementor-col-100 elementor-top-column elementor-element elementor-element-b54d6c5\" data-id=\"b54d6c5\" data-element_type=\"column\">\n\t\t\t<div class=\"elementor-widget-wrap\">\n\t\t\t\t\t\t\t\t\t<\/div>\n\t\t<\/div>\n\t\t\t\t\t\t\t<\/div>\n\t\t<\/section>\n\t\t\t\t<section class=\"elementor-section elementor-top-section elementor-element elementor-element-fe5fa5e elementor-section-boxed elementor-section-height-default elementor-section-height-default wpr-particle-no wpr-jarallax-no wpr-parallax-no wpr-sticky-section-no\" data-id=\"fe5fa5e\" data-element_type=\"section\" data-settings=\"{&quot;background_background&quot;:&quot;slideshow&quot;,&quot;background_slideshow_gallery&quot;:[],&quot;background_slideshow_loop&quot;:&quot;yes&quot;,&quot;background_slideshow_slide_duration&quot;:5000,&quot;background_slideshow_slide_transition&quot;:&quot;fade&quot;,&quot;background_slideshow_transition_duration&quot;:500}\">\n\t\t\t\t\t\t<div class=\"elementor-container elementor-column-gap-default\">\n\t\t\t\t\t<div class=\"elementor-column elementor-col-50 elementor-top-column elementor-element elementor-element-10fe9b1\" data-id=\"10fe9b1\" data-element_type=\"column\" data-settings=\"{&quot;background_background&quot;:&quot;classic&quot;}\">\n\t\t\t<div class=\"elementor-widget-wrap elementor-element-populated\">\n\t\t\t\t\t\t\t\t<div class=\"elementor-element elementor-element-c63fa85 elementor-heading__align-center elementor-widget elementor-widget-heading\" data-id=\"c63fa85\" data-element_type=\"widget\" data-widget_type=\"heading.default\">\n\t\t\t\t<div class=\"elementor-widget-container\">\n\t\t\t<h2 class=\"elementor-heading-title elementor-size-default\">porto san paolo<\/h2>\t\t<\/div>\n\t\t\t\t<\/div>\n\t\t\t\t\t<\/div>\n\t\t<\/div>\n\t\t\t\t<div class=\"elementor-column elementor-col-50 elementor-top-column elementor-element elementor-element-d576be0\" data-id=\"d576be0\" data-element_type=\"column\" data-settings=\"{&quot;background_background&quot;:&quot;classic&quot;}\">\n\t\t\t<div class=\"elementor-widget-wrap elementor-element-populated\">\n\t\t\t\t\t\t\t\t<div class=\"elementor-element elementor-element-17953e0 elementor-widget elementor-widget-text-editor\" data-id=\"17953e0\" data-element_type=\"widget\" data-widget_type=\"text-editor.default\">\n\t\t\t\t<div class=\"elementor-widget-container\">\n\t\t\t\t\t\t\t<p>Loiri Porto San Paolo (en dialecte galicien L\u00f2iri-Poltu Santu Paulu) est une commune de 2 508 habitants de la province d&rsquo;Olbia-Tempio, situ\u00e9e dans la r\u00e9gion historique de la Gallura. La capitale municipale, Loiri, est situ\u00e9e \u00e0 l&rsquo;int\u00e9rieur des terres, tandis que l&rsquo;extension de Porto S.Paolo fait face \u00e0 la mer et dispose d&rsquo;un port de plaisance bien \u00e9quip\u00e9. N\u00e9 comme un village de p\u00eacheurs au d\u00e9but du XXe si\u00e8cle, c&rsquo;est aujourd&rsquo;hui une station touristique renomm\u00e9e, \u00e0 quelques pas des charmantes plages de Porto Taverna, Cala Brandichi, Lu Impostu, La Corallina, Don Diego, Le Farfalle et Molara. Porto San Paolo domine la c\u00f4te nord-est de l&rsquo;\u00eele. Construit dans le style architectural typique de la Costa Smeralda, il est encadr\u00e9 par une riche v\u00e9g\u00e9tation m\u00e9diterran\u00e9enne dont les couleurs prennent de si belles teintes que le paysage est beau toute l&rsquo;ann\u00e9e. Elle est situ\u00e9e \u00e0 mi-chemin entre San Teodoro et la Costa Smeralda et a pour toile de fond la belle et majestueuse \u00eele de Tavolara.<\/p>\t\t\t\t\t\t<\/div>\n\t\t\t\t<\/div>\n\t\t\t\t\t<\/div>\n\t\t<\/div>\n\t\t\t\t\t\t\t<\/div>\n\t\t<\/section>\n\t\t\t\t<section class=\"elementor-section elementor-top-section elementor-element elementor-element-3dd3520 elementor-section-full_width elementor-reverse-mobile elementor-section-height-default elementor-section-height-default wpr-particle-no wpr-jarallax-no wpr-parallax-no wpr-sticky-section-no\" data-id=\"3dd3520\" data-element_type=\"section\">\n\t\t\t\t\t\t<div class=\"elementor-container elementor-column-gap-default\">\n\t\t\t\t\t<div class=\"elementor-column elementor-col-50 elementor-top-column elementor-element elementor-element-fe4d75d\" data-id=\"fe4d75d\" data-element_type=\"column\">\n\t\t\t<div class=\"elementor-widget-wrap elementor-element-populated\">\n\t\t\t\t\t\t\t\t<div class=\"elementor-element elementor-element-d84ebaa elementor-widget elementor-widget-text-editor\" data-id=\"d84ebaa\" data-element_type=\"widget\" data-widget_type=\"text-editor.default\">\n\t\t\t\t<div class=\"elementor-widget-container\">\n\t\t\t\t\t\t\t<h1>CURIOSITES<\/h1><p>\u00c0 Loiri Porto San Paolo, les cl\u00f4tures et certaines habitations sont encore construites en pierre et en \u00ab\u00a0lozzu\u00a0\u00bb, une sorte de m\u00e9lange fait d&rsquo;eau et de boue pil\u00e9e \u00e0 sec, utilis\u00e9 dans les anciennes habitations de Gallura. \u00c0 l&rsquo;origine, ces localit\u00e9s \u00e9taient peupl\u00e9es de groupes de bergers et de petits agriculteurs qui, en raison de la pr\u00e9sence de ruisseaux, de rivi\u00e8res et de terres cultivables, ont d\u00e9cid\u00e9 d&rsquo;y \u00e9tablir de petites communaut\u00e9s. Apr\u00e8s le d\u00e9veloppement de Loiri, il y eut celui de Porto San Paolo gr\u00e2ce \u00e0 une colonie de Ponziens.<\/p>\t\t\t\t\t\t<\/div>\n\t\t\t\t<\/div>\n\t\t\t\t\t<\/div>\n\t\t<\/div>\n\t\t\t\t<div class=\"elementor-column elementor-col-50 elementor-top-column elementor-element elementor-element-42ba005\" data-id=\"42ba005\" data-element_type=\"column\">\n\t\t\t<div class=\"elementor-widget-wrap elementor-element-populated\">\n\t\t\t\t\t\t\t\t<div class=\"elementor-element elementor-element-93d51a8 elementor-widget elementor-widget-image\" data-id=\"93d51a8\" data-element_type=\"widget\" data-widget_type=\"image.default\">\n\t\t\t\t<div class=\"elementor-widget-container\">\n\t\t\t\t\t\t\t\t\t\t\t\t\t\t\t<img loading=\"lazy\" decoding=\"async\" width=\"300\" height=\"200\" src=\"https:\/\/www.sardegnasummer.it\/wp-content\/uploads\/2022\/01\/pic4-borgo.jpg\" class=\"attachment-large size-large\" alt=\"\" \/>\t\t\t\t\t\t\t\t\t\t\t\t\t\t\t<\/div>\n\t\t\t\t<\/div>\n\t\t\t\t\t<\/div>\n\t\t<\/div>\n\t\t\t\t\t\t\t<\/div>\n\t\t<\/section>\n\t\t\t\t<section class=\"elementor-section elementor-top-section elementor-element elementor-element-917575b elementor-section-full_width elementor-section-height-default elementor-section-height-default wpr-particle-no wpr-jarallax-no wpr-parallax-no wpr-sticky-section-no\" data-id=\"917575b\" data-element_type=\"section\">\n\t\t\t\t\t\t<div class=\"elementor-container elementor-column-gap-default\">\n\t\t\t\t\t<div class=\"elementor-column elementor-col-50 elementor-top-column elementor-element elementor-element-ae72abc\" data-id=\"ae72abc\" data-element_type=\"column\">\n\t\t\t<div class=\"elementor-widget-wrap elementor-element-populated\">\n\t\t\t\t\t\t\t\t<div class=\"elementor-element elementor-element-08e8906 elementor-widget elementor-widget-image\" data-id=\"08e8906\" data-element_type=\"widget\" data-widget_type=\"image.default\">\n\t\t\t\t<div class=\"elementor-widget-container\">\n\t\t\t\t\t\t\t\t\t\t\t\t\t\t\t<img loading=\"lazy\" decoding=\"async\" width=\"300\" height=\"200\" src=\"https:\/\/www.sardegnasummer.it\/wp-content\/uploads\/2022\/01\/pic5-borgo.jpg\" class=\"attachment-large size-large\" alt=\"\" \/>\t\t\t\t\t\t\t\t\t\t\t\t\t\t\t<\/div>\n\t\t\t\t<\/div>\n\t\t\t\t\t<\/div>\n\t\t<\/div>\n\t\t\t\t<div class=\"elementor-column elementor-col-50 elementor-top-column elementor-element elementor-element-a92cd81\" data-id=\"a92cd81\" data-element_type=\"column\">\n\t\t\t<div class=\"elementor-widget-wrap elementor-element-populated\">\n\t\t\t\t\t\t\t\t<div class=\"elementor-element elementor-element-deb396c elementor-widget elementor-widget-text-editor\" data-id=\"deb396c\" data-element_type=\"widget\" data-widget_type=\"text-editor.default\">\n\t\t\t\t<div class=\"elementor-widget-container\">\n\t\t\t\t\t\t\t<h1>TRADITIONS<\/h1><p>Le nom de Porto San Paolo trouve son origine dans une l\u00e9gende selon laquelle Saint Paul, en p\u00e8lerinage, s&rsquo;est arr\u00eat\u00e9 pour m\u00e9diter dans cette localit\u00e9 apr\u00e8s une temp\u00eate de mer. Dans toutes les localit\u00e9s de la municipalit\u00e9, les anciennes traditions sont bien vivantes : de nombreuses f\u00eates rurales et religieuses dont les chants et les danses traditionnels sardes constituent la bande sonore, rappelant le folklore de chaque petit village. Toutes les f\u00eates sont accompagn\u00e9es de bon vin et de sucreries traditionnelles de Gallura.<\/p>\t\t\t\t\t\t<\/div>\n\t\t\t\t<\/div>\n\t\t\t\t\t<\/div>\n\t\t<\/div>\n\t\t\t\t\t\t\t<\/div>\n\t\t<\/section>\n\t\t\t\t<section class=\"elementor-section elementor-top-section elementor-element elementor-element-920d914 elementor-section-full_width elementor-reverse-mobile elementor-section-height-default elementor-section-height-default wpr-particle-no wpr-jarallax-no wpr-parallax-no wpr-sticky-section-no\" data-id=\"920d914\" data-element_type=\"section\">\n\t\t\t\t\t\t<div class=\"elementor-container elementor-column-gap-default\">\n\t\t\t\t\t<div class=\"elementor-column elementor-col-50 elementor-top-column elementor-element elementor-element-75d7542\" data-id=\"75d7542\" data-element_type=\"column\">\n\t\t\t<div class=\"elementor-widget-wrap elementor-element-populated\">\n\t\t\t\t\t\t\t\t<div class=\"elementor-element elementor-element-3033872 elementor-widget elementor-widget-text-editor\" data-id=\"3033872\" data-element_type=\"widget\" data-widget_type=\"text-editor.default\">\n\t\t\t\t<div class=\"elementor-widget-container\">\n\t\t\t\t\t\t\t<h1>TEMPS LIBRE<\/h1><p>Tous les sports nautiques peuvent \u00eatre pratiqu\u00e9s \u00e0 Porto San Paolo en toute s\u00e9curit\u00e9, dans des \u00e9coles et des centres \u00e9quip\u00e9s g\u00e9r\u00e9s par un personnel qualifi\u00e9 et form\u00e9. Le centre de plong\u00e9e de Porto San Paolo organise des plong\u00e9es guid\u00e9es ainsi que des s\u00e9ances de plong\u00e9e libre dans le merveilleux parc marin de Tavolara-Molara et la r\u00e9serve marine de l&rsquo;Asinara. Des canots pneumatiques et des bateaux peuvent \u00eatre lou\u00e9s pour des excursions d&rsquo;une journ\u00e9e. Les environs se pr\u00eatent \u00e0 des randonn\u00e9es et des excursions \u00e0 pied, en VTT et en jeep, le long d&rsquo;itin\u00e9raires permettant de d\u00e9couvrir une nature sauvage et pr\u00e9serv\u00e9e.<\/p>\t\t\t\t\t\t<\/div>\n\t\t\t\t<\/div>\n\t\t\t\t\t<\/div>\n\t\t<\/div>\n\t\t\t\t<div class=\"elementor-column elementor-col-50 elementor-top-column elementor-element elementor-element-47072ca\" data-id=\"47072ca\" data-element_type=\"column\">\n\t\t\t<div class=\"elementor-widget-wrap elementor-element-populated\">\n\t\t\t\t\t\t\t\t<div class=\"elementor-element elementor-element-8d096b5 elementor-widget elementor-widget-image\" data-id=\"8d096b5\" data-element_type=\"widget\" data-widget_type=\"image.default\">\n\t\t\t\t<div class=\"elementor-widget-container\">\n\t\t\t\t\t\t\t\t\t\t\t\t\t\t\t<img loading=\"lazy\" decoding=\"async\" width=\"300\" height=\"200\" src=\"https:\/\/www.sardegnasummer.it\/wp-content\/uploads\/2022\/01\/pic6-borgo.jpg\" class=\"attachment-large size-large\" alt=\"\" \/>\t\t\t\t\t\t\t\t\t\t\t\t\t\t\t<\/div>\n\t\t\t\t<\/div>\n\t\t\t\t\t<\/div>\n\t\t<\/div>\n\t\t\t\t\t\t\t<\/div>\n\t\t<\/section>\n\t\t\t\t<section class=\"elementor-section elementor-top-section elementor-element elementor-element-a4a71cd elementor-section-boxed elementor-section-height-default elementor-section-height-default wpr-particle-no wpr-jarallax-no wpr-parallax-no wpr-sticky-section-no\" data-id=\"a4a71cd\" data-element_type=\"section\">\n\t\t\t\t\t\t<div class=\"elementor-container elementor-column-gap-default\">\n\t\t\t\t\t<div class=\"elementor-column elementor-col-100 elementor-top-column elementor-element elementor-element-07703c5\" data-id=\"07703c5\" data-element_type=\"column\">\n\t\t\t<div class=\"elementor-widget-wrap elementor-element-populated\">\n\t\t\t\t\t\t\t\t<div class=\"elementor-element elementor-element-5173dea elementor-widget elementor-widget-spacer\" data-id=\"5173dea\" data-element_type=\"widget\" data-widget_type=\"spacer.default\">\n\t\t\t\t<div class=\"elementor-widget-container\">\n\t\t\t\t\t<div class=\"elementor-spacer\">\n\t\t\t<div class=\"elementor-spacer-inner\"><\/div>\n\t\t<\/div>\n\t\t\t\t<\/div>\n\t\t\t\t<\/div>\n\t\t\t\t\t<\/div>\n\t\t<\/div>\n\t\t\t\t\t\t\t<\/div>\n\t\t<\/section>\n\t\t\t\t<section class=\"elementor-section elementor-top-section elementor-element elementor-element-e25070f elementor-section-full_width elementor-section-stretched elementor-section-height-default elementor-section-height-default wpr-particle-no wpr-jarallax-no wpr-parallax-no wpr-sticky-section-no\" data-id=\"e25070f\" data-element_type=\"section\" data-settings=\"{&quot;stretch_section&quot;:&quot;section-stretched&quot;,&quot;background_background&quot;:&quot;classic&quot;}\">\n\t\t\t\t\t\t<div class=\"elementor-container elementor-column-gap-default\">\n\t\t\t\t\t<div class=\"elementor-column elementor-col-100 elementor-top-column elementor-element elementor-element-bab9625\" data-id=\"bab9625\" data-element_type=\"column\">\n\t\t\t<div class=\"elementor-widget-wrap elementor-element-populated\">\n\t\t\t\t\t\t\t\t<div class=\"elementor-element elementor-element-755eb87 elementor-heading__align-center animated-fast elementor-invisible elementor-widget elementor-widget-heading\" data-id=\"755eb87\" data-element_type=\"widget\" data-settings=\"{&quot;_animation&quot;:&quot;opal-move-up&quot;}\" data-widget_type=\"heading.default\">\n\t\t\t\t<div class=\"elementor-widget-container\">\n\t\t\t<h2 class=\"elementor-heading-title elementor-size-default\">LES AUTRES R\u00c9SIDENCES<\/h2>\t\t<\/div>\n\t\t\t\t<\/div>\n\t\t\t\t\t<\/div>\n\t\t<\/div>\n\t\t\t\t\t\t\t<\/div>\n\t\t<\/section>\n\t\t\t\t<section class=\"elementor-section elementor-top-section elementor-element elementor-element-ce8e613 elementor-section-stretched elementor-section-full_width elementor-section-height-default elementor-section-height-default wpr-particle-no wpr-jarallax-no wpr-parallax-no wpr-sticky-section-no\" data-id=\"ce8e613\" data-element_type=\"section\" data-settings=\"{&quot;background_background&quot;:&quot;classic&quot;,&quot;stretch_section&quot;:&quot;section-stretched&quot;}\">\n\t\t\t\t\t\t<div class=\"elementor-container elementor-column-gap-custom\">\n\t\t\t\t\t<div class=\"elementor-column elementor-col-50 elementor-top-column elementor-element elementor-element-699e2a2\" data-id=\"699e2a2\" data-element_type=\"column\">\n\t\t\t<div class=\"elementor-widget-wrap elementor-element-populated\">\n\t\t\t\t\t\t\t\t<div class=\"elementor-section elementor-inner-section elementor-element elementor-element-ba536a3 elementor-section-full_width elementor-section-height-min-height elementor-section-content-bottom elementor-section-height-default wpr-particle-no wpr-jarallax-no wpr-parallax-no wpr-sticky-section-no\" data-id=\"ba536a3\" data-element_type=\"section\" data-settings=\"{&quot;background_background&quot;:&quot;classic&quot;}\">\n\t\t\t\t\t\t\t<div class=\"elementor-background-overlay\"><\/div>\n\t\t\t\t\t\t\t<div class=\"elementor-container elementor-column-gap-no\">\n\t\t\t\t\t<div class=\"elementor-column elementor-col-100 elementor-inner-column elementor-element elementor-element-12addb8\" data-id=\"12addb8\" data-element_type=\"column\">\n\t\t\t<div class=\"elementor-widget-wrap elementor-element-populated\">\n\t\t\t\t\t\t\t\t<div class=\"elementor-element elementor-element-f1f2aeb animated-fast elementor-heading__align-left elementor-invisible elementor-widget elementor-widget-heading\" data-id=\"f1f2aeb\" data-element_type=\"widget\" data-settings=\"{&quot;_animation&quot;:&quot;opal-move-up&quot;}\" data-widget_type=\"heading.default\">\n\t\t\t\t<div class=\"elementor-widget-container\">\n\t\t\t<h1 class=\"elementor-heading-title elementor-size-xxl\"><a href=\"https:\/\/www.sardegnasummer.it\/fr\/residence-case-affitto-a-san-teodoro-sardegna\/\">RESIDENCE <BR>\nLI CUPPULATI<\/a><\/h1>\t\t<\/div>\n\t\t\t\t<\/div>\n\t\t\t\t<div class=\"elementor-element elementor-element-ada0809 animated-fast elementor-heading__align-left elementor-invisible elementor-widget elementor-widget-heading\" data-id=\"ada0809\" data-element_type=\"widget\" data-settings=\"{&quot;_animation&quot;:&quot;opal-move-up&quot;}\" data-widget_type=\"heading.default\">\n\t\t\t\t<div class=\"elementor-widget-container\">\n\t\t\t<h2 class=\"elementor-heading-title elementor-size-default\"><a href=\"https:\/\/www.sardegnasummer.it\/fr\/residence-case-affitto-a-san-teodoro-sardegna\/\">SAN TEODORO<\/a><\/h2>\t\t<\/div>\n\t\t\t\t<\/div>\n\t\t\t\t\t<\/div>\n\t\t<\/div>\n\t\t\t\t\t\t\t<\/div>\n\t\t<\/div>\n\t\t\t\t\t<\/div>\n\t\t<\/div>\n\t\t\t\t<div class=\"elementor-column elementor-col-50 elementor-top-column elementor-element elementor-element-5510541\" data-id=\"5510541\" data-element_type=\"column\">\n\t\t\t<div class=\"elementor-widget-wrap elementor-element-populated\">\n\t\t\t\t\t\t\t\t<div class=\"elementor-section elementor-inner-section elementor-element elementor-element-953e42d elementor-section-full_width elementor-section-height-min-height elementor-section-content-bottom elementor-section-height-default wpr-particle-no wpr-jarallax-no wpr-parallax-no wpr-sticky-section-no\" data-id=\"953e42d\" data-element_type=\"section\" data-settings=\"{&quot;background_background&quot;:&quot;classic&quot;}\">\n\t\t\t\t\t\t\t<div class=\"elementor-background-overlay\"><\/div>\n\t\t\t\t\t\t\t<div class=\"elementor-container elementor-column-gap-no\">\n\t\t\t\t\t<div class=\"elementor-column elementor-col-100 elementor-inner-column elementor-element elementor-element-fee5fe7\" data-id=\"fee5fe7\" data-element_type=\"column\">\n\t\t\t<div class=\"elementor-widget-wrap elementor-element-populated\">\n\t\t\t\t\t\t\t\t<div class=\"elementor-element elementor-element-e71f091 animated-fast elementor-heading__align-left elementor-invisible elementor-widget elementor-widget-heading\" data-id=\"e71f091\" data-element_type=\"widget\" data-settings=\"{&quot;_animation&quot;:&quot;opal-move-up&quot;}\" data-widget_type=\"heading.default\">\n\t\t\t\t<div class=\"elementor-widget-container\">\n\t\t\t<h1 class=\"elementor-heading-title elementor-size-xxl\"><a href=\"https:\/\/www.sardegnasummer.it\/fr\/residence-case-affitto-a-budoni-sardegna\/\">RESIDENCE <BR>\nLI MORI <\/a><\/h1>\t\t<\/div>\n\t\t\t\t<\/div>\n\t\t\t\t<div class=\"elementor-element elementor-element-39327a4 animated-fast elementor-heading__align-left elementor-invisible elementor-widget elementor-widget-heading\" data-id=\"39327a4\" data-element_type=\"widget\" data-settings=\"{&quot;_animation&quot;:&quot;opal-move-up&quot;}\" data-widget_type=\"heading.default\">\n\t\t\t\t<div class=\"elementor-widget-container\">\n\t\t\t<h2 class=\"elementor-heading-title elementor-size-default\"><a href=\"https:\/\/www.sardegnasummer.it\/fr\/residence-case-affitto-a-budoni-sardegna\/\">BUDONI<\/a><\/h2>\t\t<\/div>\n\t\t\t\t<\/div>\n\t\t\t\t\t<\/div>\n\t\t<\/div>\n\t\t\t\t\t\t\t<\/div>\n\t\t<\/div>\n\t\t\t\t\t<\/div>\n\t\t<\/div>\n\t\t\t\t\t\t\t<\/div>\n\t\t<\/section>\n\t\t\t\t\t\t<\/div>\n\t\t\t\t\t<\/div>\n\t\t","protected":false},"excerpt":{"rendered":"<p>R\u00c9SIDENCE IL BORGO PORTO SAN PAOLO R\u00e9servez maintenant R\u00e9sidence Borgo Porto San Paolo Id\u00e9alement situ\u00e9e dans le centre de Porto San Paolo, \u00e0 quelques pas de la mer, des caf\u00e9s, des restaurants et supermarch\u00e9s, la villa \u00ab\u00a0Il Borgo di Porto San Paolo\u00a0\u00bb est caract\u00e9ris\u00e9e par son \u00e9l\u00e9gance, son design et ses magnifiques jardins calmes. Non &hellip; <\/p>\n<p class=\"link-more\"><a href=\"https:\/\/www.sardegnasummer.it\/fr\/residence-case-affitto-porto-san-paolo-sardegna\/\" class=\"more-link\">Read More <span class=\"screen-reader-text\"> \u00ab\u00a0IL BORGO Porto San Paolo\u00a0\u00bb<\/span><\/a><\/p>\n","protected":false},"author":1,"featured_media":0,"parent":0,"menu_order":0,"comment_status":"closed","ping_status":"closed","template":"","meta":{"footnotes":""},"class_list":["post-72647","page","type-page","status-publish","hentry"],"yoast_head":"<!-- This site is optimized with the Yoast SEO plugin v18.2 - https:\/\/yoast.com\/wordpress\/plugins\/seo\/ -->\n<title>Residence e case in affitto a Porto San Paolo in Sardegna - SardegnaSummer.it<\/title>\n<meta name=\"description\" content=\"SardegnaSummer.it - Residence per affitti estivi in localit\u00e0 Porto San Paolo nella costa nord orientale della Sardegna\" \/>\n<meta name=\"robots\" content=\"index, follow, max-snippet:-1, max-image-preview:large, max-video-preview:-1\" \/>\n<link rel=\"canonical\" href=\"https:\/\/www.sardegnasummer.it\/residence-case-affitto-porto-san-paolo-sardegna\/\" \/>\n<meta property=\"og:locale\" content=\"fr_FR\" \/>\n<meta property=\"og:type\" content=\"article\" \/>\n<meta property=\"og:title\" content=\"Residence e case in affitto a Porto San Paolo in Sardegna - SardegnaSummer.it\" \/>\n<meta property=\"og:description\" content=\"SardegnaSummer.it - Residence per affitti estivi in localit\u00e0 Porto San Paolo nella costa nord orientale della Sardegna\" \/>\n<meta property=\"og:url\" content=\"https:\/\/www.sardegnasummer.it\/residence-case-affitto-porto-san-paolo-sardegna\/\" \/>\n<meta property=\"og:site_name\" content=\"SardegnaSummer.it\" \/>\n<meta property=\"article:modified_time\" content=\"2026-01-30T14:50:56+00:00\" \/>\n<meta property=\"og:image\" content=\"https:\/\/www.sardegnasummer.it\/wp-content\/uploads\/elementor\/thumbs\/IL-BORGO-PSP1-scaled-pjoneepcn4w6514poieuxlsblallybnckxemfo7s8g.jpg\" \/>\n<meta name=\"twitter:card\" content=\"summary_large_image\" \/>\n<meta name=\"twitter:label1\" content=\"Dur\u00e9e de lecture estim\u00e9e\" \/>\n\t<meta name=\"twitter:data1\" content=\"12 minutes\" \/>\n<script type=\"application\/ld+json\" class=\"yoast-schema-graph\">{\"@context\":\"https:\/\/schema.org\",\"@graph\":[{\"@type\":\"Organization\",\"@id\":\"https:\/\/www.sardegnasummer.it\/#organization\",\"name\":\"Sardegna Summer\",\"url\":\"https:\/\/www.sardegnasummer.it\/\",\"sameAs\":[],\"logo\":{\"@type\":\"ImageObject\",\"@id\":\"https:\/\/www.sardegnasummer.it\/#logo\",\"inLanguage\":\"fr-FR\",\"url\":\"https:\/\/www.sardegnasummer.it\/wp-content\/uploads\/2018\/12\/logo3-1.png\",\"contentUrl\":\"https:\/\/www.sardegnasummer.it\/wp-content\/uploads\/2018\/12\/logo3-1.png\",\"width\":261,\"height\":135,\"caption\":\"Sardegna Summer\"},\"image\":{\"@id\":\"https:\/\/www.sardegnasummer.it\/#logo\"}},{\"@type\":\"WebSite\",\"@id\":\"https:\/\/www.sardegnasummer.it\/#website\",\"url\":\"https:\/\/www.sardegnasummer.it\/\",\"name\":\"SardegnaSummer.it\",\"description\":\"\",\"publisher\":{\"@id\":\"https:\/\/www.sardegnasummer.it\/#organization\"},\"potentialAction\":[{\"@type\":\"SearchAction\",\"target\":{\"@type\":\"EntryPoint\",\"urlTemplate\":\"https:\/\/www.sardegnasummer.it\/?s={search_term_string}\"},\"query-input\":\"required name=search_term_string\"}],\"inLanguage\":\"fr-FR\"},{\"@type\":\"ImageObject\",\"@id\":\"https:\/\/www.sardegnasummer.it\/residence-case-affitto-porto-san-paolo-sardegna\/#primaryimage\",\"inLanguage\":\"fr-FR\",\"url\":\"https:\/\/www.sardegnasummer.it\/wp-content\/uploads\/elementor\/thumbs\/IL-BORGO-PSP1-scaled-pjoneepcn4w6514poieuxlsblallybnckxemfo7s8g.jpg\",\"contentUrl\":\"https:\/\/www.sardegnasummer.it\/wp-content\/uploads\/elementor\/thumbs\/IL-BORGO-PSP1-scaled-pjoneepcn4w6514poieuxlsblallybnckxemfo7s8g.jpg\"},{\"@type\":\"WebPage\",\"@id\":\"https:\/\/www.sardegnasummer.it\/residence-case-affitto-porto-san-paolo-sardegna\/#webpage\",\"url\":\"https:\/\/www.sardegnasummer.it\/residence-case-affitto-porto-san-paolo-sardegna\/\",\"name\":\"Residence e case in affitto a Porto San Paolo in Sardegna - SardegnaSummer.it\",\"isPartOf\":{\"@id\":\"https:\/\/www.sardegnasummer.it\/#website\"},\"primaryImageOfPage\":{\"@id\":\"https:\/\/www.sardegnasummer.it\/residence-case-affitto-porto-san-paolo-sardegna\/#primaryimage\"},\"datePublished\":\"2022-01-28T10:59:30+00:00\",\"dateModified\":\"2026-01-30T14:50:56+00:00\",\"description\":\"SardegnaSummer.it - Residence per affitti estivi in localit\u00e0 Porto San Paolo nella costa nord orientale della Sardegna\",\"breadcrumb\":{\"@id\":\"https:\/\/www.sardegnasummer.it\/residence-case-affitto-porto-san-paolo-sardegna\/#breadcrumb\"},\"inLanguage\":\"fr-FR\",\"potentialAction\":[{\"@type\":\"ReadAction\",\"target\":[\"https:\/\/www.sardegnasummer.it\/residence-case-affitto-porto-san-paolo-sardegna\/\"]}]},{\"@type\":\"BreadcrumbList\",\"@id\":\"https:\/\/www.sardegnasummer.it\/residence-case-affitto-porto-san-paolo-sardegna\/#breadcrumb\",\"itemListElement\":[{\"@type\":\"ListItem\",\"position\":1,\"name\":\"Home\",\"item\":\"https:\/\/www.sardegnasummer.it\/\"},{\"@type\":\"ListItem\",\"position\":2,\"name\":\"IL BORGO Porto San Paolo\"}]}]}<\/script>\n<!-- \/ Yoast SEO plugin. -->","yoast_head_json":{"title":"Residence e case in affitto a Porto San Paolo in Sardegna - SardegnaSummer.it","description":"SardegnaSummer.it - Residence per affitti estivi in localit\u00e0 Porto San Paolo nella costa nord orientale della Sardegna","robots":{"index":"index","follow":"follow","max-snippet":"max-snippet:-1","max-image-preview":"max-image-preview:large","max-video-preview":"max-video-preview:-1"},"canonical":"https:\/\/www.sardegnasummer.it\/residence-case-affitto-porto-san-paolo-sardegna\/","og_locale":"fr_FR","og_type":"article","og_title":"Residence e case in affitto a Porto San Paolo in Sardegna - SardegnaSummer.it","og_description":"SardegnaSummer.it - Residence per affitti estivi in localit\u00e0 Porto San Paolo nella costa nord orientale della Sardegna","og_url":"https:\/\/www.sardegnasummer.it\/residence-case-affitto-porto-san-paolo-sardegna\/","og_site_name":"SardegnaSummer.it","article_modified_time":"2026-01-30T14:50:56+00:00","og_image":[{"url":"https:\/\/www.sardegnasummer.it\/wp-content\/uploads\/elementor\/thumbs\/IL-BORGO-PSP1-scaled-pjoneepcn4w6514poieuxlsblallybnckxemfo7s8g.jpg"}],"twitter_card":"summary_large_image","twitter_misc":{"Dur\u00e9e de lecture estim\u00e9e":"12 minutes"},"schema":{"@context":"https:\/\/schema.org","@graph":[{"@type":"Organization","@id":"https:\/\/www.sardegnasummer.it\/#organization","name":"Sardegna Summer","url":"https:\/\/www.sardegnasummer.it\/","sameAs":[],"logo":{"@type":"ImageObject","@id":"https:\/\/www.sardegnasummer.it\/#logo","inLanguage":"fr-FR","url":"https:\/\/www.sardegnasummer.it\/wp-content\/uploads\/2018\/12\/logo3-1.png","contentUrl":"https:\/\/www.sardegnasummer.it\/wp-content\/uploads\/2018\/12\/logo3-1.png","width":261,"height":135,"caption":"Sardegna Summer"},"image":{"@id":"https:\/\/www.sardegnasummer.it\/#logo"}},{"@type":"WebSite","@id":"https:\/\/www.sardegnasummer.it\/#website","url":"https:\/\/www.sardegnasummer.it\/","name":"SardegnaSummer.it","description":"","publisher":{"@id":"https:\/\/www.sardegnasummer.it\/#organization"},"potentialAction":[{"@type":"SearchAction","target":{"@type":"EntryPoint","urlTemplate":"https:\/\/www.sardegnasummer.it\/?s={search_term_string}"},"query-input":"required name=search_term_string"}],"inLanguage":"fr-FR"},{"@type":"ImageObject","@id":"https:\/\/www.sardegnasummer.it\/residence-case-affitto-porto-san-paolo-sardegna\/#primaryimage","inLanguage":"fr-FR","url":"https:\/\/www.sardegnasummer.it\/wp-content\/uploads\/elementor\/thumbs\/IL-BORGO-PSP1-scaled-pjoneepcn4w6514poieuxlsblallybnckxemfo7s8g.jpg","contentUrl":"https:\/\/www.sardegnasummer.it\/wp-content\/uploads\/elementor\/thumbs\/IL-BORGO-PSP1-scaled-pjoneepcn4w6514poieuxlsblallybnckxemfo7s8g.jpg"},{"@type":"WebPage","@id":"https:\/\/www.sardegnasummer.it\/residence-case-affitto-porto-san-paolo-sardegna\/#webpage","url":"https:\/\/www.sardegnasummer.it\/residence-case-affitto-porto-san-paolo-sardegna\/","name":"Residence e case in affitto a Porto San Paolo in Sardegna - SardegnaSummer.it","isPartOf":{"@id":"https:\/\/www.sardegnasummer.it\/#website"},"primaryImageOfPage":{"@id":"https:\/\/www.sardegnasummer.it\/residence-case-affitto-porto-san-paolo-sardegna\/#primaryimage"},"datePublished":"2022-01-28T10:59:30+00:00","dateModified":"2026-01-30T14:50:56+00:00","description":"SardegnaSummer.it - Residence per affitti estivi in localit\u00e0 Porto San Paolo nella costa nord orientale della Sardegna","breadcrumb":{"@id":"https:\/\/www.sardegnasummer.it\/residence-case-affitto-porto-san-paolo-sardegna\/#breadcrumb"},"inLanguage":"fr-FR","potentialAction":[{"@type":"ReadAction","target":["https:\/\/www.sardegnasummer.it\/residence-case-affitto-porto-san-paolo-sardegna\/"]}]},{"@type":"BreadcrumbList","@id":"https:\/\/www.sardegnasummer.it\/residence-case-affitto-porto-san-paolo-sardegna\/#breadcrumb","itemListElement":[{"@type":"ListItem","position":1,"name":"Home","item":"https:\/\/www.sardegnasummer.it\/"},{"@type":"ListItem","position":2,"name":"IL BORGO Porto San Paolo"}]}]}},"_links":{"self":[{"href":"https:\/\/www.sardegnasummer.it\/fr\/wp-json\/wp\/v2\/pages\/72647","targetHints":{"allow":["GET"]}}],"collection":[{"href":"https:\/\/www.sardegnasummer.it\/fr\/wp-json\/wp\/v2\/pages"}],"about":[{"href":"https:\/\/www.sardegnasummer.it\/fr\/wp-json\/wp\/v2\/types\/page"}],"author":[{"embeddable":true,"href":"https:\/\/www.sardegnasummer.it\/fr\/wp-json\/wp\/v2\/users\/1"}],"replies":[{"embeddable":true,"href":"https:\/\/www.sardegnasummer.it\/fr\/wp-json\/wp\/v2\/comments?post=72647"}],"version-history":[{"count":37,"href":"https:\/\/www.sardegnasummer.it\/fr\/wp-json\/wp\/v2\/pages\/72647\/revisions"}],"predecessor-version":[{"id":535241,"href":"https:\/\/www.sardegnasummer.it\/fr\/wp-json\/wp\/v2\/pages\/72647\/revisions\/535241"}],"wp:attachment":[{"href":"https:\/\/www.sardegnasummer.it\/fr\/wp-json\/wp\/v2\/media?parent=72647"}],"curies":[{"name":"wp","href":"https:\/\/api.w.org\/{rel}","templated":true}]}}